{"id":1601,"date":"2016-03-17T09:09:00","date_gmt":"2016-03-17T08:09:00","guid":{"rendered":"http:\/\/blogs.univ-jfc.fr\/campsdusudouest\/?page_id=1601"},"modified":"2016-03-31T09:33:28","modified_gmt":"2016-03-31T08:33:28","slug":"le-phenomene-concentrationaire-pendant-lentre-deux-guerres","status":"publish","type":"page","link":"https:\/\/blogs.univ-jfc.fr\/campsdusudouest\/le-phenomene-concentrationnaire\/les-camps-dinternement-de-1919-a-1945\/le-phenomene-concentrationaire-pendant-lentre-deux-guerres\/","title":{"rendered":"Le ph\u00e9nom\u00e8ne concentrationnaire pendant l&rsquo;entre-deux guerres"},"content":{"rendered":"<p align=\"justify\"><a title=\"Les camps d\u2019internement de 1919 \u00e0 1945\" href=\"http:\/\/blogs.univ-jfc.fr\/campsdusudouest\/le-phenomene-concentrationnaire\/les-camps-dinternement-de-1919-a-1945\/\">&#8230; Page pr\u00e9c\u00e9dente<\/a><\/p>\n<p align=\"justify\">\u00a0\u00a0\u00a0\u00a0\u00a0\u00a0\u00a0\u00a0<em>\u00a0 Les camps sovi\u00e9tiques<br \/>\n<\/em><\/p>\n<p lang=\"fr-FR\" align=\"justify\"><span style=\"font-family: Arial,sans-serif\"><a href=\"http:\/\/blogs.univ-jfc.fr\/campsdusudouest\/wp-content\/uploads\/sites\/48\/2016\/03\/I-A.png\"><img loading=\"lazy\" class=\" wp-image-1721 alignright\" title=\"Principaux camps de l'URSS avant 1939 - Source : KOTEK J. RIGOULOT P. Le si\u00e8cle des camps : d\u00e9tention, concentration, extermination : cent ans de mal radical, Paris, JC Latt\u00e8s, 2000, p. 90\" alt=\"\" src=\"http:\/\/blogs.univ-jfc.fr\/campsdusudouest\/wp-content\/uploads\/sites\/48\/2016\/03\/I-A-300x180.png\" width=\"300\" height=\"180\" srcset=\"https:\/\/blogs.univ-jfc.fr\/campsdusudouest\/wp-content\/uploads\/sites\/48\/2016\/03\/I-A-300x180.png 300w, https:\/\/blogs.univ-jfc.fr\/campsdusudouest\/wp-content\/uploads\/sites\/48\/2016\/03\/I-A-497x300.png 497w, https:\/\/blogs.univ-jfc.fr\/campsdusudouest\/wp-content\/uploads\/sites\/48\/2016\/03\/I-A.png 878w\" sizes=\"(max-width: 300px) 100vw, 300px\" \/><\/a>Pour comprendre la cr\u00e9ation du Goulag, il faut remonter en 1917 o\u00f9 deux r\u00e9volutions \u00e9clatent en Russie. Le Tsar Nicolas II abdique et les \u00e9v\u00e9nements sont difficiles \u00e0 contr\u00f4ler. Un gouvernement provisoire est mis en place avec comme chef Alexandre Kerenski. Peu avant la fin de la Premi\u00e8re Guerre mondiale un mouvement Bolchevik voit le jour avec comme meneur, L\u00e9nine. Suite au coup d\u2019\u00c9tat qui eut lieu le 25 Octobre 1917, L\u00e9nine se retrouve \u00e0 diriger la Russie. Une guerre civile \u00e9clate suite \u00e0 son coup d\u2019\u00c9tat et l\u2019arm\u00e9e Blanche se bat contre l\u2019arm\u00e9e Rouge de L\u00e9nine dirig\u00e9e par Trotski. <\/span><\/p>\n<p lang=\"fr-FR\" align=\"justify\"><span style=\"font-family: Arial,sans-serif\">En 1921 une paix relative voit le jour, c\u2019est dans ce contexte que les premiers camps de travail sovi\u00e9tiques apparaissent \u00e0 la h\u00e2te pour pouvoir enfermer tous les opposants \u00e0 la politique de L\u00e9nine. Leur but est de leur faire faire des travaux forc\u00e9s les plus durs et d\u00e9sagr\u00e9ables possibles et de confisquer tous leurs biens, mais aussi de les transformer en bons Sovi\u00e9tiques. Les premiers camps sont des prisons d\u00e9j\u00e0 utilis\u00e9es pour les prisonniers judiciaires et une libert\u00e9 de mouvement se cr\u00e9e gr\u00e2ce aux gardiens qui ne sont souvent pas exp\u00e9riment\u00e9s en raison du mouvement communiste. Par exemple, un bourgeois Russe pouvait se trouver prisonnier et son chauffeur devenir son gardien de prison<a href=\"#sdfootnote1sym\" name=\"sdfootnote1anc\"><sup>1<\/sup><\/a>. Le 4 juin 1918 une solution au surpeuplement des prisons fut trouv\u00e9e par Trotski\u00a0: un camp de concentration ; prisons ext\u00e9rieures o\u00f9 la \u00ab\u00a0bourgeoisie\u00a0\u00bb serait mobilis\u00e9e et organis\u00e9e en bataillons arri\u00e8res pour accomplir des t\u00e2ches subalternes (nettoyage des casernes, des camps, des <span style=\"font-size: medium\">rues, creuser des tranch\u00e9es, etc..). Ceux qui refus<\/span><span style=\"font-size: medium\">e<\/span><span style=\"font-size: medium\">nt sont mis \u00e0 l\u2019amende et plac\u00e9s en \u00e9tat d\u2019arrestation jusqu\u2019\u00e0 ce qu\u2019ils versent l\u2019amende <\/span><span style=\"font-size: medium\">en question<\/span><span style=\"font-size: medium\">. C\u2019est en <\/span><span style=\"font-size: medium\">ao\u00fbt<\/span><span style=\"font-size: medium\"> que L\u00e9nine utilis<\/span><span style=\"font-size: medium\">e<\/span><span style=\"font-size: medium\"> le<\/span><span style=\"font-size: medium\">s<\/span><span style=\"font-size: medium\"> mot<\/span><span style=\"font-size: medium\">s<\/span><span style=\"font-size: medium\"> \u00ab camps de concentration\u00a0\u00bb, \u00e0 son tour il pr\u00f4n<\/span><span style=\"font-size: medium\">e<\/span><span style=\"font-size: medium\"> la \u00ab\u00a0terreur de masse contre les koulak<a href=\"#sdfootnote2sym\" name=\"sdfootnote2anc\"><sup>2<\/sup><\/a>, pr\u00eatres et les gardes blancs\u00a0\u00bb <\/span><span style=\"font-size: medium\">qui <\/span><span style=\"font-size: medium\">ser<\/span><span style=\"font-size: medium\">o<\/span><span style=\"font-size: medium\">nt intern\u00e9s dans un camp de concentration hors de la ville. <\/span><\/span><\/p>\n<p lang=\"fr-FR\" align=\"justify\"><span style=\"font-family: Arial,sans-serif\"><span style=\"font-size: medium\">Entre 1920 et 1923 on compte 84 camps avec 25\u00a0000 prisonniers environ, mais la place commence \u00e0 manquer et les camps sp\u00e9cifiquement sovi\u00e9tiques sont cr\u00e9\u00e9s. En 1923, les camps des \u00eeles Solovki sont des mod\u00e8les pour le r\u00e9gime Sovi\u00e9tique. <span style=\"color: #252525\">A partir de 1927 le pouvoir de Staline <\/span><span style=\"color: #252525\">s\u2019accro\u00eet<\/span><span style=\"color: #252525\"> et un grand tournant de la planification de l\u2019\u00e9conomie et la collectivisation s\u2019effectue. Le r\u00e9gime <\/span><span style=\"color: #252525\">est<\/span><span style=\"color: #252525\"> une r\u00e9pression organis\u00e9e et syst\u00e9matique. En 1928 la commission Lanson <\/span><span style=\"color: #252525\">est<\/span><span style=\"color: #252525\"> charg\u00e9e par le politburo<\/span><a href=\"#sdfootnote3sym\" name=\"sdfootnote3anc\"><sup>3<\/sup><\/a> de<span style=\"color: #252525\"> r\u00e9fl\u00e9chi<\/span><span style=\"color: #252525\">r<\/span><span style=\"color: #252525\"> \u00e0 l\u2019organisation g\u00e9n\u00e9rale des camps de travail. Naftaly Frenkel, chef de camp, trouve un moyen de faire des camps une institution \u00e9conomique rentable pour attirer l\u2019attention de Staline. <\/span><\/span><\/span><span style=\"color: #252525\"><span style=\"font-family: Arial,sans-serif\"><span style=\"font-size: medium\">Le syst\u00e8me de Frenkel consiste \u00e0 payer le travail fourni par les d\u00e9tenus en nourriture selon trois groupes :<\/span><\/span><\/span><\/p>\n<p lang=\"fr-FR\" align=\"justify\"><span style=\"color: #252525\"><span style=\"font-family: Arial,sans-serif\"><span style=\"font-size: medium\">\u00a0\u00a0\u00a0\u00a0\u00a0\u00a0\u00a0\u00a0\u00a0 &#8211; Capable d\u2019un travail lourd\u00a0: 800g de pain et 80 g de viande<\/span><\/span><\/span><\/p>\n<p lang=\"fr-FR\" align=\"justify\"><span style=\"color: #252525\"><span style=\"font-family: Arial,sans-serif\"><span style=\"font-size: medium\">\u00a0\u00a0\u00a0\u00a0\u00a0\u00a0\u00a0\u00a0\u00a0 &#8211; Capable d\u2019un travail l\u00e9ger\u00a0: 500 g de pain et 40 g de viande<\/span><\/span><\/span><\/p>\n<p lang=\"fr-FR\" align=\"justify\"><span style=\"color: #252525\"><span style=\"font-family: Arial,sans-serif\"><span style=\"font-size: medium\">\u00a0\u00a0\u00a0\u00a0\u00a0\u00a0\u00a0\u00a0\u00a0 &#8211; Les invalides\u00a0: 400 g de pain et 40 g de viande<\/span><\/span><\/span><\/p>\n<p align=\"justify\"><span style=\"font-family: Arial,sans-serif\"><span style=\"font-size: medium\"><span style=\"color: #252525\">Ce syst\u00e8me partageait rapidement les d\u00e9tenus entre eux, selon leurs t<\/span><span style=\"color: #252525\">\u00e2<\/span><span style=\"color: #252525\">ches accompli<\/span><span style=\"color: #252525\">es<\/span><span style=\"color: #252525\"> et si le quota de travail <\/span><span style=\"color: #252525\">\u00e9tait<\/span><span style=\"color: #252525\"> atteint. Gr\u00e2ce \u00e0 Frenkel, le travail des prisonniers changea ; ils pratiquaient l\u2019\u00e9levage des b\u00eates \u00e0 fourrures, la culture des plantes tropicales, la construction de routes et l\u2019abattage des arbres. Ensuite, les camps \u00e9volu\u00e8rent vers une rentabilit\u00e9 \u00e9conomique du travail. <\/span><span style=\"color: #252525\">C&rsquo;est ainsi que <\/span><span style=\"color: #252525\">se d\u00e9veloppa l\u2019archipel des Iles Solovik, jusqu\u2019<\/span><span style=\"color: #252525\">\u00e0<\/span><span style=\"color: #252525\"> Arkhangelsk. <\/span><\/span><\/span><\/p>\n<p align=\"justify\"><span style=\"font-family: Arial,sans-serif\"><span style=\"font-size: medium\"><span style=\"color: #252525\">Par un <\/span><span style=\"color: #252525\">d\u00e9cret officiel du 7 avril 1930, Staline et son gouvernement fond\u00e8rent l\u2019instruction connu<\/span><span style=\"color: #252525\">e<\/span><span style=\"color: #252525\"> sous le nom de Goulag, confiant la gestion \u00e0 la Gu\u00e9p\u00e9ou<\/span><a href=\"#sdfootnote4sym\" name=\"sdfootnote4anc\"><sup>4<\/sup><\/a><span style=\"color: #252525\">, au NKVD<\/span><a href=\"#sdfootnote5sym\" name=\"sdfootnote5anc\"><sup>5<\/sup><\/a><span style=\"color: #252525\"> et au MVD<\/span><a href=\"#sdfootnote6sym\" name=\"sdfootnote6anc\"><sup>6<\/sup><\/a><span style=\"color: #252525\">. Le nombre de camps augmente et <\/span><span style=\"color: #252525\">ces derniers sont<\/span><span style=\"color: #252525\"> ouverts en Russie d\u2019Europe, en Sib\u00e9rie, en Bi\u00e9lorussie, Ukraine, Kazakhstan, Mongolie et plus tard en Hongrie, Pologne et Tch\u00e9coslovaquie. <\/span><\/span><\/span><span style=\"color: #252525\"><span style=\"font-family: Arial,sans-serif\"><span style=\"font-size: medium\">Face au boycott des produits sovi\u00e9tiques \u00e0 l\u2019\u00e9tranger, Staline renomme les camps de concentration en camps de redressement par le travail<a href=\"#sdfootnote7sym\" name=\"sdfootnote7anc\"><sup>7<\/sup><\/a>. <\/span><\/span><\/span><span style=\"font-family: Arial,sans-serif\"><span style=\"color: #252525\"><span style=\"font-size: medium\">Avec l\u2019instauration du Goulag, la r\u00e9pression est encore plus f\u00e9roce. Le 7 juillet 1932 la loi pr\u00e9voit la peine de mort ou le Goulag. Entre 1930 et 1932, 2 millions de koulak<\/span><\/span><span style=\"color: #252525\"><span style=\"font-size: medium\">s<\/span><\/span><span style=\"color: #252525\"><span style=\"font-size: medium\"> sont d\u00e9port\u00e9s dans des villages o\u00f9 ils sont exil\u00e9s puis 100\u00a0000 sont intern\u00e9s dans le Goula<\/span><\/span><span style=\"color: #252525\">g. Un quota par r\u00e9gion et cat\u00e9gories <\/span><span style=\"color: #252525\">est<\/span><span style=\"color: #252525\"> \u00e9tabli aupr\u00e8s des dirigeants par Staline. Ils furent d\u00e9pass\u00e9s tr\u00e8s vite ; 380\u00a0000 d\u00e9port\u00e9es et 387 000 personnes furent fusill\u00e9es. <\/span><\/span><span style=\"color: #252525\"><span style=\"font-family: Arial,sans-serif\">Les koulaks constituent, \u00e0 la fin de l\u2019ann\u00e9e 1940, pr\u00e8s 90 % des d\u00e9placements sp\u00e9ciaux. <\/span><\/span><span style=\"font-family: Arial,sans-serif\"><span style=\"color: #252525\">Au m\u00eame moment, le<\/span><span style=\"color: #252525\"> ph\u00e9nom\u00e8ne des camps visible dans les pays autoritaires commence \u00e0 <\/span><span style=\"color: #252525\">na\u00eetre<\/span><span style=\"color: #252525\"> dans les pays d\u00e9mocratiques.<\/span><\/span><\/p>\n<p>\u00a0\u00a0\u00a0\u00a0\u00a0\u00a0\u00a0<em>\u00a0\u00a0 Le cas des d\u00e9mocraties : la France<\/em><\/p>\n<p lang=\"fr-FR\" align=\"justify\"><span style=\"font-family: Arial,sans-serif\"> Pendant l&rsquo;entre-deux-guerres, des centaines de milliers d&rsquo;hommes et de femmes se r\u00e9fugient en France. Cela commence par les russes apr\u00e8s le coup d\u2019\u00c9tat des Bolch\u00e9viks en 1917, puis des Italiens qui fuient le fascisme en 1920, les allemands apr\u00e8s la mont\u00e9e au pouvoir d&rsquo;Hitler en 1933 et enfin les espagnols r\u00e9publicains qui fuient la dictature de Franco. Comme l&rsquo;arriv\u00e9e des \u00e9trangers ne s&rsquo;arr\u00eatait pas, le 2 mai 1938 est mis en place un d\u00e9cret qui limite l&rsquo;entr\u00e9e des \u00e9trangers en France et les oblige \u00e0 rester chez eux (assignation \u00e0 domicile). Le 18 novembre 1938, un autre d\u00e9cret renforce les dispositions misent en place dans le d\u00e9cret pr\u00e9c\u00e9dent. Il pr\u00e9cise que les \u00e9trangers jouissent d&rsquo;une trop grande libert\u00e9 avec l&rsquo;assignation \u00e0 r\u00e9sidence, par cons\u00e9quent ils seront surveill\u00e9s en permanence. Donc, dans le cadre du durcissement de la politique fran\u00e7aise d&rsquo;immigration li\u00e9e \u00e0 la crise \u00e9conomique, politique et sociale, le gouvernement fran\u00e7ais cr\u00e9e pour la premi\u00e8re fois des camps pour les \u00e9trangers sous le pr\u00e9texte qu&rsquo;ils repr\u00e9sentent un danger pour l&#8217;emploi et pour la paix.<\/span><\/p>\n<p lang=\"fr-FR\" align=\"justify\"><span style=\"font-family: Arial,sans-serif\"> Le 26 janvier 1939, Barcelone tombe aux mains de Franco, ainsi des milliers d&rsquo;espagnols (hommes, femmes, enfants, vieillards) \u00e9migrent en France. La France ne voulait accueillir que 3000 enfants espagnols mais devant cette \u00ab\u00a0ru\u00e9e folle\u00a0\u00bb, le gouvernement fran\u00e7ais accueille tout le monde et place les r\u00e9fugi\u00e9s dans des camps. Dans cinq camps pr\u00e9cis\u00e9ment ; Argel\u00e8s qui accueille 77\u00a0000 personnes, Saint Cyprien qui en accueille 90\u00a0000, Barcar\u00e8s en prend 13\u00a0000, Arles sur Tech et Prats-De-Mollo qui accueillent \u00e0 tous les deux 46\u00a0000 r\u00e9fugi\u00e9s, soit au total 226\u00a0000 espagnols sont intern\u00e9s<a href=\"#sdfootnote8sym\" name=\"sdfootnote8anc\"><sup>8<\/sup><\/a>.<\/span><\/p>\n<p lang=\"fr-FR\" align=\"justify\"><span style=\"font-family: Arial,sans-serif\"> Les camps fran\u00e7ais sont d&rsquo;abord des camps d\u2019accueil et non pas des camps de concentration ni de travail. Les premiers camps donnaient \u00e0 ces d\u00e9tenus des occupations sportives et culturelles comme par exemple des cours de langues. A partir de 1939, des aides humanitaires peuvent p\u00e9n\u00e9trer dans les camps afin d&rsquo;apporter du soutien m\u00e9dical et alimentaire aux d\u00e9tenus. De plus des comit\u00e9s participent \u00e0 l&rsquo;aide aux r\u00e9fugi\u00e9s, comme le comit\u00e9 international de coordination et d&rsquo;information pour l&rsquo;aide \u00e0 l&rsquo;Espagne. Mais cela reste quand m\u00eame des camps avec des probl\u00e8mes d&rsquo;hygi\u00e8nes, de maladies, de nourriture. De plus, les r\u00e9fugi\u00e9s sont quand m\u00eame contr\u00f4l\u00e9s et isol\u00e9s par l&rsquo;arm\u00e9e car la r\u00e9publique se m\u00e9fie d&rsquo;eux. Mais comme c&rsquo;est un camp d\u2019accueil on cherche en permanence \u00e0 am\u00e9liorer les conditions de vie des d\u00e9tenus, avec la mise en place de latrines ou encore le traitement des d\u00e9jections. Enfin, les camps se videront progressivement ; de nombreux espagnols repartiront en Espagne entre avril et octobre 1939, d&rsquo;autres s&rsquo;engageront dans la l\u00e9gion \u00e9trang\u00e8re ou dans le groupe des travailleurs \u00e9trangers en 1940.<\/span><\/p>\n<p lang=\"fr-FR\" align=\"justify\"><a title=\"L\u2019engrenage des camps dans la Seconde guerre Mondiale\" href=\"http:\/\/blogs.univ-jfc.fr\/campsdusudouest\/le-phenomene-concentrationnaire\/les-camps-dinternement-de-1919-a-1945\/le-phenomene-concentrationaire-pendant-lentre-deux-guerres\/lengrenage-des-camps-dans-la-seconde-guerre-mondiale\/\">Lire la suite &#8230;<\/a><\/p>\n<p lang=\"fr-FR\" style=\"text-align: center\" align=\"justify\">_______<\/p>\n<div id=\"sdfootnote1\">\n<p lang=\"fr-FR\"><span style=\"font-size: small\"><a href=\"#sdfootnote1anc\" name=\"sdfootnote1sym\">1<\/a><span style=\"font-family: Times New Roman,serif\">APPLEBAUM A. <\/span><span style=\"font-family: Times New Roman,serif\"><i>Goulag, une histoire,<\/i><\/span><span style=\"font-family: Times New Roman,serif\">Grassert, 2003<\/span><\/span><\/p>\n<\/div>\n<div id=\"sdfootnote2\">\n<p lang=\"fr-FR\"><span style=\"font-family: Calibri,serif\"><span style=\"font-size: small\"><a href=\"#sdfootnote2anc\" name=\"sdfootnote2sym\">2<\/a> Paysans riches <\/span><\/span><\/p>\n<\/div>\n<div id=\"sdfootnote3\">\n<p lang=\"fr-FR\"><span style=\"font-family: Calibri,serif\"><span style=\"font-size: small\"><a href=\"#sdfootnote3anc\" name=\"sdfootnote3sym\">3<\/a> Bureau politique cr\u00e9\u00e9 en 1919<\/span><\/span><\/p>\n<\/div>\n<div id=\"sdfootnote4\">\n<p lang=\"fr-FR\"><span style=\"font-family: Calibri,serif\"><span style=\"font-size: small\"><a href=\"#sdfootnote4anc\" name=\"sdfootnote4sym\">4<\/a> Police d\u2019Etat Sovi\u00e9tique<\/span><\/span><\/p>\n<\/div>\n<div id=\"sdfootnote5\">\n<p lang=\"fr-FR\"><span style=\"font-family: Calibri,serif\"><span style=\"font-size: small\"><a href=\"#sdfootnote5anc\" name=\"sdfootnote5sym\">5<\/a> Commissariat du peuple aux affaires int\u00e9rieures <\/span><\/span><\/p>\n<\/div>\n<div id=\"sdfootnote6\">\n<p lang=\"fr-FR\"><span style=\"font-family: Calibri,serif\"><span style=\"font-size: small\"><a href=\"#sdfootnote6anc\" name=\"sdfootnote6sym\">6<\/a> Minist\u00e8re des affaires int\u00e9rieures<\/span><\/span><\/p>\n<\/div>\n<div id=\"sdfootnote7\">\n<p lang=\"fr-FR\"><span style=\"font-size: small\"><a href=\"#sdfootnote7anc\" name=\"sdfootnote7sym\">7<\/a> <span style=\"font-family: Times New Roman,serif\">APPLEBAUM A. <\/span><span style=\"font-family: Times New Roman,serif\"><i>Goulag, une histoire,<\/i><\/span><span style=\"font-family: Times New Roman,serif\">Grassert, 2003<\/span><\/span><\/p>\n<\/div>\n<div id=\"sdfootnote8\">\n<p lang=\"fr-FR\"><a href=\"#sdfootnote8anc\" name=\"sdfootnote8sym\">8<\/a> <span style=\"font-family: Times New Roman,serif\"><span style=\"font-size: small\">KOTEK J. RIGOULOT P. <\/span><\/span><span style=\"font-family: Times New Roman,serif\"><span style=\"font-size: small\"><i>Le si\u00e8cle des camps : d\u00e9tention, concentration, extermination : cent ans de mal radical,<\/i><\/span><\/span><span style=\"font-family: Times New Roman,serif\"><span style=\"font-size: small\"> Paris , JC Latt\u00e8s, 2000<\/span><\/span><\/p>\n<\/div>\n","protected":false},"excerpt":{"rendered":"<p>&#8230; Page pr\u00e9c\u00e9dente \u00a0\u00a0\u00a0\u00a0\u00a0\u00a0\u00a0\u00a0\u00a0 Les camps sovi\u00e9tiques Pour comprendre la cr\u00e9ation du Goulag, il faut remonter en 1917 o\u00f9 deux r\u00e9volutions \u00e9clatent en Russie. Le Tsar Nicolas II abdique et les \u00e9v\u00e9nements sont difficiles \u00e0 contr\u00f4ler. Un gouvernement provisoire est &hellip; <a href=\"https:\/\/blogs.univ-jfc.fr\/campsdusudouest\/le-phenomene-concentrationnaire\/les-camps-dinternement-de-1919-a-1945\/le-phenomene-concentrationaire-pendant-lentre-deux-guerres\/\">Lire la suite <span class=\"meta-nav\">&rarr;<\/span><\/a><\/p>\n","protected":false},"author":132,"featured_media":0,"parent":951,"menu_order":0,"comment_status":"closed","ping_status":"open","template":"","meta":[],"_links":{"self":[{"href":"https:\/\/blogs.univ-jfc.fr\/campsdusudouest\/wp-json\/wp\/v2\/pages\/1601"}],"collection":[{"href":"https:\/\/blogs.univ-jfc.fr\/campsdusudouest\/wp-json\/wp\/v2\/pages"}],"about":[{"href":"https:\/\/blogs.univ-jfc.fr\/campsdusudouest\/wp-json\/wp\/v2\/types\/page"}],"author":[{"embeddable":true,"href":"https:\/\/blogs.univ-jfc.fr\/campsdusudouest\/wp-json\/wp\/v2\/users\/132"}],"replies":[{"embeddable":true,"href":"https:\/\/blogs.univ-jfc.fr\/campsdusudouest\/wp-json\/wp\/v2\/comments?post=1601"}],"version-history":[{"count":26,"href":"https:\/\/blogs.univ-jfc.fr\/campsdusudouest\/wp-json\/wp\/v2\/pages\/1601\/revisions"}],"predecessor-version":[{"id":4304,"href":"https:\/\/blogs.univ-jfc.fr\/campsdusudouest\/wp-json\/wp\/v2\/pages\/1601\/revisions\/4304"}],"up":[{"embeddable":true,"href":"https:\/\/blogs.univ-jfc.fr\/campsdusudouest\/wp-json\/wp\/v2\/pages\/951"}],"wp:attachment":[{"href":"https:\/\/blogs.univ-jfc.fr\/campsdusudouest\/wp-json\/wp\/v2\/media?parent=1601"}],"curies":[{"name":"wp","href":"https:\/\/api.w.org\/{rel}","templated":true}]}}