{"id":1691,"date":"2016-03-17T09:12:52","date_gmt":"2016-03-17T08:12:52","guid":{"rendered":"http:\/\/blogs.univ-jfc.fr\/campsdusudouest\/?page_id=1691"},"modified":"2016-03-24T09:13:47","modified_gmt":"2016-03-24T08:13:47","slug":"les-origines-coloniales-du-phenomene","status":"publish","type":"page","link":"https:\/\/blogs.univ-jfc.fr\/campsdusudouest\/les-origines-coloniales-du-phenomene\/","title":{"rendered":"Les origines coloniales du ph\u00e9nom\u00e8ne"},"content":{"rendered":"<h1 style=\"text-align: justify\"><span style=\"font-family: Arial,sans-serif\">L&rsquo;exp\u00e9rimentation espagnole \u00e0 Cuba <\/span><\/h1>\n<p style=\"text-align: justify\" align=\"justify\"><span style=\"font-family: Arial,sans-serif\">L&rsquo;apparition d&rsquo;un premier syst\u00e8me concentrationnaire, dans le sens de regrouper massivement une partie de la population civile, en des lieux limit\u00e9s et gard\u00e9s, est initi\u00e9 par les Espagnols, et ce durant la guerre d&rsquo;ind\u00e9pendance cubaine, de 1895 \u00e0 1898. A la fin du XIX\u00e8 si\u00e8cle, Cuba, derni\u00e8re colonie espagnole des Am\u00e9riques, cherche \u00e0 acc\u00e9der \u00e0 l&rsquo;ind\u00e9pendance. En 1868, une premi\u00e8re guerre d&rsquo;ind\u00e9pendance<a href=\"#sdfootnote1sym\" name=\"sdfootnote1anc\"><sup>1<\/sup><\/a> touche l&rsquo;\u00eele, qui durera pr\u00e8s de dix ans. De cette premi\u00e8re tentative d&rsquo;insurrection, Arsenio Martinez Campos<a href=\"#sdfootnote2sym\" name=\"sdfootnote2anc\"><sup>2<\/sup><\/a>, commandant en chef de l&rsquo;arm\u00e9e espagnole, r\u00e9ussira difficilement \u00e0 pacifier l&rsquo;\u00eele.<\/span><\/p>\n<p style=\"text-align: justify\" align=\"justify\"><span style=\"font-family: Arial,sans-serif\"><a href=\"http:\/\/blogs.univ-jfc.fr\/campsdusudouest\/wp-content\/uploads\/sites\/48\/2016\/03\/Independencia_de_Cuba_revista_la_flaca_1873..jpg\"><img loading=\"lazy\" class=\"size-medium wp-image-2732 alignleft\" title=\"Le d\u00e9sir d'ind\u00e9pendance de Cuba. Caricature de la revue r\u00e9publicaine espagnole La Flaca publi\u00e9e le 16 janvier 1873. Source : https:\/\/fr.wikipedia.org\/wiki\/Guerre_d'ind%C3%A9pendance_cubaine\" alt=\"\" src=\"http:\/\/blogs.univ-jfc.fr\/campsdusudouest\/wp-content\/uploads\/sites\/48\/2016\/03\/Independencia_de_Cuba_revista_la_flaca_1873.-300x178.jpg\" width=\"300\" height=\"178\" srcset=\"https:\/\/blogs.univ-jfc.fr\/campsdusudouest\/wp-content\/uploads\/sites\/48\/2016\/03\/Independencia_de_Cuba_revista_la_flaca_1873.-300x178.jpg 300w, https:\/\/blogs.univ-jfc.fr\/campsdusudouest\/wp-content\/uploads\/sites\/48\/2016\/03\/Independencia_de_Cuba_revista_la_flaca_1873.-500x296.jpg 500w, https:\/\/blogs.univ-jfc.fr\/campsdusudouest\/wp-content\/uploads\/sites\/48\/2016\/03\/Independencia_de_Cuba_revista_la_flaca_1873..jpg 667w\" sizes=\"(max-width: 300px) 100vw, 300px\" \/><\/a>En f\u00e9vrier 1895, l&rsquo;insurrection \u00e9clate de nouveau, avec le d\u00e9barquement d&rsquo;insurg\u00e9s ou <i>mambises<\/i>, dirig\u00e9s par Jos\u00e9 Marti<a href=\"#sdfootnote3sym\" name=\"sdfootnote3anc\"><sup>3<\/sup><\/a>, dans les environs de Santiago de Cuba, dans le sud-est de l&rsquo;\u00eele. Mais cette fois-ci, les Espagnols n&rsquo;arrive pas \u00e0 conclure, et cela se fera tout particuli\u00e8rement voir apr\u00e8s la bataille de Palajero (13 juillet 1895), o\u00f9 ces derniers subissent une cuisante d\u00e9faite face aux insurg\u00e9s. Suite \u00e0 cette d\u00e9faite, Martinez Campos va commencer \u00e0 imaginer une nouvelle politique, dans la guerre contre les insurg\u00e9s, qu&rsquo;il nomme <i>\u00ab\u00a0reconcentracion\u00a0\u00bb<\/i>. Cette m\u00e9thode radicale, pr\u00e9sent\u00e9e au gouvernement espagnol m\u00e9tropolitain, consiste \u00e0 <i>reconcentrer<\/i> les populations rurales dans un lieu donn\u00e9, contr\u00f4l\u00e9 par l&rsquo;arm\u00e9e, le plus souvent dans une ville ou \u00e0 ses limites imm\u00e9diates. Cela, permettrait de les s\u00e9parer des insurg\u00e9s, qui b\u00e9n\u00e9ficient de leurs soutiens.<\/span><\/p>\n<p style=\"text-align: justify\" align=\"left\"><span style=\"font-family: Arial,sans-serif\">Mais, pourquoi parler de <i>\u00ab\u00a0<\/i><i>reconcentracion\u00a0\u00bb<\/i> alors que le terme <i>concentration<\/i> semble plus logique\u00a0? L&rsquo;historien contemporain cubain Francisco P\u00e9rez Guzman, sp\u00e9cialiste de ce ph\u00e9nom\u00e8ne, et cit\u00e9 dans <i>Le Si\u00e8cle des camps <\/i>de Jo\u00ebl Kotek et Pierre Rigoulot, celui-ci \u00e9met l&rsquo;hypoth\u00e8se d&rsquo;une r\u00e9f\u00e9rence \u00e0 de pr\u00e9c\u00e9dentes concentrations de populations durant la Guerre de Dix ans, mais \u00e0 des \u00e9chelles plus locales. De plus, les termes <i>reconcentrations<\/i> et concentrations vont \u00eatre utilis\u00e9s indiff\u00e9remment par les Espagnols, mais aussi par les insurg\u00e9s.<\/span><\/p>\n<p style=\"text-align: justify\" align=\"justify\"><span style=\"font-family: Arial,sans-serif\">Avec l&rsquo;arriv\u00e9e de Valeriano Weyler<a href=\"#sdfootnote4sym\" name=\"sdfootnote4anc\"><sup>4<\/sup><\/a> le 17 janvier 1896 comme nouveau Capitaine g\u00e9n\u00e9ral de Cuba, de nouveaux objectifs apparaissent, par la construction d&rsquo;une ligne militaire dans la partie la plus \u00e9troite de l&rsquo;\u00eele, allant de Mariel au nord \u00e0 la baie de Magna au sud. De plus, voyant l&rsquo;enlisement du conflit, Weyler va reprendre l&rsquo;id\u00e9e de <i>reconcentracion<\/i> de son pr\u00e9d\u00e9cesseur. Pour ce dernier, cette politique est avant tout un moyen pour gagner la guerre. D\u00e8s le 16 f\u00e9vrier 1896, la signature d&rsquo;un premier d\u00e9cret oblige les populations des environs de Puerto Principe, de Sancti Spiritus et de Santiago de Cuba \u00e0 se \u00ab\u00a0<i>reconcentrer\u00a0\u00bb<\/i> dans un d\u00e9lai de huit jours.<\/span><\/p>\n<p style=\"text-align: justify\" align=\"justify\"><span style=\"font-family: Arial,sans-serif\">Par la suite, cette politique va s\u00a0&lsquo;\u00e9largir sur de nouvelles r\u00e9gions durant toute l&rsquo;ann\u00e9e 1897. Cela va s&rsquo;\u00e9largir en premier lieu \u00e0 la r\u00e9gion de La Havane et Matanzas (au centre de l&rsquo;\u00eele), et jusqu&rsquo;en juin 1897, o\u00f9 la <i>reconcentration<\/i> \u00e9tait appliqu\u00e9 de mani\u00e8res syst\u00e9matiques de Pinar del Rio (ouest de l&rsquo;\u00eele) \u00e0 Sancti Spiritus (centre de l&rsquo;\u00eele). En agissant ainsi, Weyler vide une importante partie de la campagne cubaine, en la transf\u00e9rant dans ces lieux de regroupements localis\u00e9s \u00e0 la limite des agglom\u00e9rations, o\u00f9 la population concentr\u00e9e \u00e0 le droit de circuler. On pourrait parler de camps, mais l&rsquo;espace en question n&rsquo;est pas r\u00e9serv\u00e9 \u00e0 une cat\u00e9gorie de la population d\u00e9plac\u00e9es, puisque les <i>\u00ab\u00a0reconcentr\u00e9s\u00a0\u00bb<\/i> y croisent les citadins, et il n&rsquo;y a pas de syst\u00e8mes disciplinaires mis en place, bien qu&rsquo;il soit \u00e9videmment interdit d&rsquo;aller chercher des vivres dans les alentours et de se d\u00e9placer sans l&rsquo;autorisation des autorit\u00e9s militaires. Ce qui est clos, c&rsquo;est la ville dans son ensemble, comme si celle-ci se trouvait en \u00e9tat de si\u00e8ge. <\/span><\/p>\n<p style=\"text-align: justify\" align=\"justify\"><span style=\"font-family: Arial,sans-serif\">En th\u00e9orie, les zones avaient \u00e9t\u00e9 choisies pour assurer le bien-\u00eatre des personnes d\u00e9plac\u00e9es, c&rsquo;est-\u00e0-dire des conditions sanitaires et des logements convenables, l&rsquo;existence de points d&rsquo;eau, des espaces cultivables dans l&rsquo;imm\u00e9diate proximit\u00e9 des zones gard\u00e9es pour permettre aux d\u00e9plac\u00e9s de subvenir \u00e0 leurs besoins. Mais dans la r\u00e9alit\u00e9 des faits, celle-ci fut tout autre. En effet, les baraquements construits furent plus des logements d&rsquo;urgence, et la plupart du temps, on utilisa de vieux hangars, des maisons abandonn\u00e9es ou des abris improvis\u00e9s. Les nouveaux arrivants, en plus d&rsquo;\u00eatre en surnombre, accroissent la promiscuit\u00e9 avec les malades et les sans-abris, et le peu de nourriture pr\u00e9sent dans les villes avant leur arriv\u00e9e va de fait, devenir plus rare, voire quasi nulle. Dans ces conditions de promiscuit\u00e9s, de sous-alimentation et les insuffisances m\u00e9dicales de l&rsquo;\u00e9poque, vont voir l&rsquo;apparition de maladies qui feront des ravages au sein de la population, comme la typho\u00efde, la dysenterie, ou le paludisme. La question du nombre de morts demeure controvers\u00e9e, mais ce qui est clair, c&rsquo;est que le taux de mortalit\u00e9 dans les centres de <i>\u00ab\u00a0reconcentration\u00a0\u00bb<\/i> fut tr\u00e8s important, et ce d\u00e8s la mis en place de cette politique en 1896. <\/span><\/p>\n<p style=\"text-align: justify\" align=\"justify\"><span style=\"font-family: Arial,sans-serif\">Concernant la dimension militaire du conflit, Weyler r\u00e9ussit \u00e0 redresser la situation, cons\u00e9quence ou non de la <i>\u00ab\u00a0reconcentration\u00a0\u00bb<\/i>, en pacifiant tout l&rsquo;ouest de l&rsquo;\u00eele d\u00e8s la fin de l&rsquo;ann\u00e9e 1896. Au d\u00e9but de l&rsquo;\u00e9t\u00e9 1897, les troupes espagnoles ont certes marqu\u00e9 des avantages d\u00e9cisifs dans la poursuite de la guerre, mais paradoxalement, les m\u00e9thodes appliqu\u00e9es se r\u00e9v\u00e8lent \u00e0 double tranchant. En effet, la reconcentration est d\u00e9cri\u00e9e \u00e0 l&rsquo;\u00e9tranger, et en particulier par les \u00c9tats-Unis, qualifiant la politique de l&rsquo;Espagne, selon les mots du pr\u00e9sident Mac Kinley<a href=\"#sdfootnote5sym\" name=\"sdfootnote5anc\"><sup>5<\/sup><\/a>, \u00ab\u00a0d&rsquo;inhumaine\u00a0\u00bb. L&rsquo;envoie un ultimatum l&rsquo;enjoint d&rsquo;arr\u00eater la guerre avant la fin du mois d&rsquo;octobre 1897. Malgr\u00e9 le d\u00e9part du g\u00e9n\u00e9ral Weyler de Cuba le 8 octobre, et l&rsquo;abandon de la politique de <i>reconcentration<\/i> d\u00e8s le 10 novembre, mais sa fin effective ne se fera que 30 mai 1898, \u00e0 la fin de la guerre hispano-am\u00e9ricaine<a href=\"#sdfootnote6sym\" name=\"sdfootnote6anc\"><sup>6<\/sup><\/a>.<\/span><\/p>\n<h1 style=\"text-align: justify\"><span style=\"font-family: Arial,sans-serif\">Les camps d&rsquo;internement durant la seconde guerre des Boers<\/span><\/h1>\n<p style=\"text-align: justify\">\u00a0<span style=\"font-family: Arial,sans-serif\">L&rsquo;Afrique du Sud, \u00e0 la fin du XIX\u00e8 si\u00e8cle, est constitu\u00e9e de deux entit\u00e9s politiques bien distinctes. Au sud, la Colonie du Cap, plus ancienne implantation europ\u00e9enne dans la r\u00e9gion, est sous l&rsquo;autorit\u00e9 de la Couronne britannique, depuis 1815, qui y constitue un gouvernement autonome et binational puisque la majorit\u00e9 de la population est d&rsquo;origine hollandaise. Au nord de cette colonie, s&rsquo;organise deux R\u00e9publiques, celle du Traansval et celle de l\u2019\u00c9tat Libre d&rsquo;Orange, fond\u00e9es au milieu du XIX\u00e8 si\u00e8cle par les colons d&rsquo;origine hollandaise, appel\u00e9s Boers<a href=\"#sdfootnote7sym\" name=\"sdfootnote7anc\"><sup>7<\/sup><\/a>, que le gouvernement britannique reconna\u00eet respectivement en 1852 et 1854. Bien que les Etats Boers soit reconnus par les Britanniques, ceux-ci convoitaient les riches zones diamantif\u00e8res mais aussi aurif\u00e8re de ces terres, qu&rsquo;ils vont tenter d&rsquo;annexer une premi\u00e8re fois en 1877<a href=\"#sdfootnote8sym\" name=\"sdfootnote8anc\"><sup>8<\/sup><\/a>, puis une deuxi\u00e8me fois en 1895, avec \u00e0 chaque fois des d\u00e9faites britanniques. Malgr\u00e9 tout, les Britanniques esp\u00e8rent toutefois annexer \u00e0 terme les deux R\u00e9publiques, voulant mettre \u00e0 profit leur sup\u00e9riorit\u00e9 num\u00e9rique. D\u00e8s lors, une seconde guerre semble in\u00e9vitable, et elle est d\u00e9clench\u00e9 par les Boers eux-m\u00eames le 11 octobre 1899, et se termina le 31 mai 1902 par le trait\u00e9 de Vereeniging. Le bilan humain fut quant \u00e0 lui important. Pour les Britanniques, les pertes militaires sont estim\u00e9es \u00e0 pr\u00e8s de 22000 morts.<\/span><\/p>\n<p style=\"text-align: justify\"><span style=\"font-family: Arial,sans-serif\">Le d\u00e9roulement de ce conflit s&rsquo;organisa en trois phases. La premi\u00e8re phase se caract\u00e9rise par une offensive des arm\u00e9es Boers dans les colonies du Cap et du Natal, o\u00f9 les forces britanniques subissent des revers comme \u00e0 Kimberley, \u00e0 l&rsquo;est de la Colonie du Cap. Mais \u00e0 partir de f\u00e9vrier 1900, d\u00e9bute la deuxi\u00e8me phase du conflit, o\u00f9 les Britanniques lancent leur contre-offensive, qui va se r\u00e9v\u00e9ler efficace, avec les prises successives des capitales des deux r\u00e9publiques boers\u00a0: Bloemfontein le 12 mars, et Pr\u00e9toria le 5 juin. Face \u00e0 cela, Paul Krueger, pr\u00e9sident de la R\u00e9publique du Traansval, propose la fin des hostilit\u00e9s, dans le respect de l&rsquo;ind\u00e9pendance des deux Etats, mais la Grande-Bretagne, s\u00fbre de sa victoire finale, pr\u00e9f\u00e8re l&rsquo;annexion pure et simple. Pour les Boers, ces propositions ne peuvent \u00eatre accept\u00e9es, d\u00e8s lors, l&rsquo;heure de la petite guerre a sonn\u00e9. Cette situation, n&rsquo;affecte gu\u00e8re le haut commandement britannique, mais tr\u00e8s rapidement, les mesures \u00e0 prendre pour faire face \u00e0 cette guerre asym\u00e9trique semblent difficiles \u00e0 mettre en place, mais de fait, par l&rsquo;attitude que les Boers ont \u00e0 continuer la guerre, paraissant \u00ab\u00a0d\u00e9loyale et non civilis\u00e9e\u00a0\u00bb aux yeux de l&rsquo;\u00e9tat-major britannique, la seule politique qui puissent \u00eatre efficace est celle de l&rsquo;internement des populations civiles.<br \/>\n<\/span><\/p>\n<p style=\"text-align: justify\"><span style=\"font-family: Arial,sans-serif\"><a href=\"http:\/\/blogs.univ-jfc.fr\/campsdusudouest\/wp-content\/uploads\/sites\/48\/2016\/03\/693px-Camps-de-reconcentration.png\"><img loading=\"lazy\" class=\"size-medium wp-image-2673 alignleft\" title=\"La r\u00e9action des journaux satiriques europ\u00e9ens face \u00e0 la \u00ab\u00a0reconcentration\u00a0\u00bb. Caricature de \u00ab\u00a0L'Assiette au Beurre\u00a0\u00bb. Source : https:\/\/fr.wikipedia.org\/wiki\/Camp_de_concentration#\/media\/File:Camps-de-reconcentration.png \" alt=\"\" src=\"http:\/\/blogs.univ-jfc.fr\/campsdusudouest\/wp-content\/uploads\/sites\/48\/2016\/03\/693px-Camps-de-reconcentration-230x300.png\" width=\"230\" height=\"300\" srcset=\"https:\/\/blogs.univ-jfc.fr\/campsdusudouest\/wp-content\/uploads\/sites\/48\/2016\/03\/693px-Camps-de-reconcentration-230x300.png 230w, https:\/\/blogs.univ-jfc.fr\/campsdusudouest\/wp-content\/uploads\/sites\/48\/2016\/03\/693px-Camps-de-reconcentration.png 693w\" sizes=\"(max-width: 230px) 100vw, 230px\" \/><\/a>Celle-ci va s&rsquo;organiser en deux points, le premier vise \u00e0 la destruction des bases arri\u00e8res des Boers et le second \u00e0 la mise en place de lieux d&rsquo;accueil provisoires pour les personnes vivant dans ces bases. Dans ce dernier point, les familles des combattants vont \u00eatre <i>\u00ab\u00a0reconcentr\u00e9es\u00a0\u00bb<\/i> -reprenant le m\u00eame terme espagnol- dans des lieux appel\u00e9 <i>\u00ab\u00a0camps de concentration\u00a0\u00bb<\/i>. Dans la m\u00eame optique que ses pr\u00e9d\u00e9cesseurs espagnols, Lord Kitchener<a href=\"#sdfootnote9sym\" name=\"sdfootnote9anc\"><sup>9<\/sup><\/a> exprime dans un m\u00e9morandum du 21 d\u00e9cembre 1900, les avantages qu&rsquo;il y aurait \u00e0 transf\u00e9rer dans des camps, et voit m\u00eame un moyen de mettre \u00e0 l&rsquo;abri des femmes et des enfants sans protection. Ce n&rsquo;est qu&rsquo;apr\u00e8s la l&rsquo;\u00e9chec de ses n\u00e9gociations avec Louis Botha<a href=\"#sdfootnote10sym\" name=\"sdfootnote10anc\"><sup>10<\/sup><\/a>, le 12 f\u00e9vrier 1901, que le g\u00e9n\u00e9ral britannique se r\u00e9sout \u00e0 syst\u00e9matiser la politique d&rsquo;internement. Au total, ce sont pr\u00e8s de cinquante-huit camps qui sont ouverts, les premiers d\u00e8s 1900 comme par exemple Bloemfontein en ao\u00fbt. Ainsi, nous retrouvons en Afrique du Sud un sch\u00e9ma d\u00e9j\u00e0 vu \u00e0 Cuba. Les m\u00e9thodes de Weyler ont-elles pour autant inspir\u00e9 les Britanniques\u00a0? La r\u00e9f\u00e9rence \u00e0 la <i>\u00ab\u00a0reconcentration\u00a0\u00bb <\/i>est bien visible puisque de nombreuses sources de l&rsquo;\u00e9poque en font l&rsquo;\u00e9cho, comme par exemple dans la presse britannique, proche du gouvernement, qui en fait l&rsquo;\u00e9loge. Au contraire, les sympathisants des Boers, en Grande-Bretagne, vont la critiquer avec virulence.<\/span><\/p>\n<p style=\"text-align: justify\"><span style=\"font-family: Arial,sans-serif\">Le m\u00e9morandum du 21 d\u00e9cembre 1900, l\u00e9galisant la mise en place des camps, est bien en retard sur ce qui se pratique d\u00e9j\u00e0 depuis le d\u00e9but de 1900. En effet, il y avait d\u00e9j\u00e0 des camps de concentrations, et ce d\u00e8s septembre 1900, pour abriter les Boers qui acceptaient de se soumettre aux autorit\u00e9s britanniques. Ces camps, ne doivent \u00eatre confondus avec les futurs camps pour les rebelles. Par rapport au nombre de personnes d\u00e9plac\u00e9es dans ces camps, les chiffres donn\u00e9s par le secr\u00e9tariat d&rsquo;Etat aux colonies en mai 1902 se montait \u00e0 116000 personnes, en majorit\u00e9 des femmes et des enfants, r\u00e9partis dans des camps au Traansval (43000), dans l&rsquo;Etat Libre d&rsquo;Orange (45000) et du Natal (25600).<\/span><\/p>\n<p style=\"text-align: justify\"><span style=\"font-family: Arial,sans-serif\">Emily Hobhouse, femme d&rsquo;un parlementaire britannique, d\u00e9crit dans son \u0153uvre, publi\u00e9e \u00e0 Londres en 1902, <i>The Brunt of the War and where it fell,<\/i> la situation pr\u00e9caire des civils Boers. Ayant \u00e9t\u00e9 un t\u00e9moin direct, elle d\u00e9crira le manque de lieux d&rsquo;h\u00e9bergement, l&rsquo;absence de mat\u00e9riel de couchage, de combustible trop rare, tout cela \u00e9tant aggrav\u00e9 par les conditions m\u00e9t\u00e9orologiques difficiles, avec l&rsquo;hiver austral glacial et l&rsquo;\u00e9t\u00e9 torride. <a href=\"http:\/\/blogs.univ-jfc.fr\/campsdusudouest\/wp-content\/uploads\/sites\/48\/2016\/03\/Boercamp1.jpg\"><img loading=\"lazy\" class=\"size-medium wp-image-1910 alignright\" title=\"La \u00ab\u00a0reconcentration\u00a0\u00bb des Boers par les Britanniques. Un camp d'internement pour les civils boers vers 1900. Source : https:\/\/fr.wikipedia.org\/wiki\/Fichier:Boercamp1.jpg\" alt=\"\" src=\"http:\/\/blogs.univ-jfc.fr\/campsdusudouest\/wp-content\/uploads\/sites\/48\/2016\/03\/Boercamp1-300x219.jpg\" width=\"300\" height=\"219\" srcset=\"https:\/\/blogs.univ-jfc.fr\/campsdusudouest\/wp-content\/uploads\/sites\/48\/2016\/03\/Boercamp1-300x219.jpg 300w, https:\/\/blogs.univ-jfc.fr\/campsdusudouest\/wp-content\/uploads\/sites\/48\/2016\/03\/Boercamp1-410x300.jpg 410w, https:\/\/blogs.univ-jfc.fr\/campsdusudouest\/wp-content\/uploads\/sites\/48\/2016\/03\/Boercamp1.jpg 1000w\" sizes=\"(max-width: 300px) 100vw, 300px\" \/><\/a>De plus, la nourriture , rationn\u00e9e, n&rsquo;\u00e9tait pas toujours distribu\u00e9e, et, de bien mauvaise qualit\u00e9, d\u00e9veloppant chez certains individus des cas de carences alimentaires. Mais il n&rsquo;est nullement fait part de comportements abusifs de la part des gardiens. D\u00e8s lors on pourrait croire que les camps anglais se rapprochent des camps de la mort, mais cela n&rsquo;est aucunement le cas puisque Hobhouse n&rsquo;h\u00e9site \u00e0 montrer que ces lieux sont des endroits vivants, avec l&rsquo;existence d&rsquo;\u00e9cole dans chacun des camps. Ce qu&rsquo;elle d\u00e9nonce, c&rsquo;est l&rsquo;indiff\u00e9rence des autorit\u00e9s britanniques \u00e0 l&rsquo;\u00e9gard des Boers, et les conditions de d\u00e9tentions difficiles, dont les principales victimes seront les enfants. Quand au nombre de mort dans ces camps, selon l&rsquo;historien britannique Packenham, celui-ci serait de 20 \u00e0 28000<a href=\"#sdfootnote11sym\" name=\"sdfootnote11anc\"><sup>11<\/sup><\/a> morts. Les principales causes de d\u00e9c\u00e8s sont les m\u00eames que celle de Cuba, les maladies et les mauvaises conditions de vie. <\/span><\/p>\n<p style=\"text-align: justify\"><span style=\"font-family: Arial,sans-serif\">D\u00e8s lors, le bilan que l&rsquo;on peut dresser est le suivant\u00a0: les Britanniques n&rsquo;avait pas pour objectif d&rsquo;\u00e9liminer les Boers, mais de les isoler le temps des op\u00e9rations. Mais c&rsquo;est dans l&rsquo;improvisation et l&rsquo;impr\u00e9paration que les Britanniques sont amen\u00e9s \u00e0 appliquer la m\u00e9thode espagnole de \u00ab\u00a0reconcentration civile\u00a0\u00bb.<\/span><\/p>\n<h1 style=\"text-align: justify\"><span style=\"font-family: Arial,sans-serif\">Les H\u00e9r\u00e9ros, une nouvelle dimension des camps<\/span><\/h1>\n<p style=\"text-align: justify\"><span style=\"font-family: Arial,sans-serif\">Le cas des H\u00e9r\u00e9ros est peu connu du grand public, \u00e0 la diff\u00e9rence des deux autres sujets trait\u00e9s pr\u00e9c\u00e9demment, bien que depuis ces dix derni\u00e8res ann\u00e9es, quelques ouvrages (principalement en allemand et en anglais) et les actions politiques r\u00e9centes en Allemagne, ont commenc\u00e9 \u00e0 le remettre en lumi\u00e8re. Mais les quelques ouvrages dont on dispose ne permettent pas, d&rsquo;avoir une vision globale de l&rsquo;impact du ph\u00e9nom\u00e8ne concentrationnaire sur les H\u00e9r\u00e9ros. Pourtant, c&rsquo;est \u00e0 cette peuplade vivant alors aux limites de l&rsquo;actuelle Namibie, que va \u00e9choir le privil\u00e8ge peu enviable de subir le premier g\u00e9nocide du XX\u00e8 si\u00e8cle, pr\u00e9figurant onze ans \u00e0 l&rsquo;avance le m\u00eame sort que conna\u00eetront les Arm\u00e9niens, et l&rsquo;instauration du travail forc\u00e9 dans les camps de concentration par les Allemands.<\/span><\/p>\n<p><a href=\"http:\/\/blogs.univ-jfc.fr\/campsdusudouest\/wp-content\/uploads\/sites\/48\/2016\/03\/LPJ_21_f\u00e9vrier_1904.jpg\"><img loading=\"lazy\" class=\"size-medium wp-image-1912 alignleft\" title=\"La m\u00e9diatisation du conflit par les journaux \u00e9trangers. Illustration du conflit par le suppl\u00e9ment du Petit Journal paru le 21 f\u00e9vrier 1904. Source : https:\/\/fr.wikipedia.org\/wiki\/Massacre_des_H%C3%A9r%C3%A9ros_et_des_Namas\" alt=\"\" src=\"http:\/\/blogs.univ-jfc.fr\/campsdusudouest\/wp-content\/uploads\/sites\/48\/2016\/03\/LPJ_21_f\u00e9vrier_1904-235x300.jpg\" width=\"235\" height=\"300\" srcset=\"https:\/\/blogs.univ-jfc.fr\/campsdusudouest\/wp-content\/uploads\/sites\/48\/2016\/03\/LPJ_21_f\u00e9vrier_1904-235x300.jpg 235w, https:\/\/blogs.univ-jfc.fr\/campsdusudouest\/wp-content\/uploads\/sites\/48\/2016\/03\/LPJ_21_f\u00e9vrier_1904.jpg 439w\" sizes=\"(max-width: 235px) 100vw, 235px\" \/><\/a><\/p>\n<p style=\"text-align: justify\"><span style=\"font-family: Arial,sans-serif\">Il n&rsquo;aura fallut qu&rsquo;une seule bataille<a href=\"#sdfootnote1sym\" name=\"sdfootnote1anc\"><sup>12<\/sup><\/a> pour que l&rsquo;arm\u00e9e allemande en finissent avec la r\u00e9volte arm\u00e9e, mais c&rsquo;est son issue qui va d\u00e9cider du sort que r\u00e9serve les Allemands aux H\u00e9r\u00e9ros. En effet, la guerre prend tr\u00e8s vite les allures d&rsquo;un affrontement plus racial que colonial, o\u00f9 l&rsquo;intention n&rsquo;est pas que de soumettre l&rsquo;adversaire, mais aussi de l&rsquo;\u00e9radiquer purement et simplement. Cette politique, men\u00e9e par Lothar von Trotha<a href=\"#sdfootnote2sym\" name=\"sdfootnote2anc\"><sup>13<\/sup><\/a>, re\u00e7oit le soutien non n\u00e9gligeable de l&#8217;empereur Guillaume II, et va avoir des cons\u00e9quences dramatiques pour le peuple H\u00e9r\u00e9ro, puisque les Allemands vont les pousser \u00e0 l&rsquo;exil \u00e0 travers le d\u00e9sert de Kalahari. Cette premi\u00e8re mesure va avoir des effets d\u00e9vastateurs, puisque 30000 personnes vont mourir dans le d\u00e9sert. D\u00e9but 1905, suite \u00e0 de nombreuses protestations, venant aussi bien du gouvernement<a href=\"#sdfootnote3sym\" name=\"sdfootnote3anc\"><sup>14<\/sup><\/a> que de l&rsquo;opinion publique, en plus de la crainte d&rsquo;une d\u00e9gradation du prestige de l&rsquo;Allemagne aupr\u00e8s de ses voisins, obligent l&#8217;empereur \u00e0 r\u00e9fl\u00e9chir \u00e0 la fin de ce conflit, mais surtout \u00e0 la politique mise en place contre les H\u00e9r\u00e9ros. De plus un autre imp\u00e9ratif, \u00e9conomique, cherche un r\u00e8glement \u00e0 la fin du conflit, car la guerre a provoqu\u00e9 une p\u00e9nurie de main-d\u2019\u0153uvre, et les entreprises locales ne cessent de demander au gouvernement le transfert de prisonniers de guerre. <\/span><\/p>\n<p style=\"text-align: justify\"><span style=\"font-family: Arial,sans-serif\">C&rsquo;est \u00e0 partir de janvier 1905, correspondant \u00e0 la fin r\u00e9elle de la guerre, qu&rsquo;une nouvelle mesure est appliqu\u00e9e, o\u00f9 les H\u00e9r\u00e9ros se rendant aux autorit\u00e9s ne sont plus abattus mais consid\u00e9r\u00e9s comme prisonniers. Reprenant le m\u00eame syst\u00e8mes mis en place par les Espagnols et les Britanniques auparavant, les Allemands le renforce en y associant le travail forc\u00e9. Alors que l&rsquo;usage des camps de concentration avait \u00e9t\u00e9 fait en temps de guerre, pour la premi\u00e8re fois, les \u00ab\u00a0<i>Konzentrationslagern\u00a0\u00bb<\/i> sont cr\u00e9\u00e9s en temps de paix. C&rsquo;est \u00e0 travers six camps, dont ceux de Luderitzbucht (ou Shark Island),<a href=\"http:\/\/blogs.univ-jfc.fr\/campsdusudouest\/wp-content\/uploads\/sites\/48\/2016\/03\/Un-groupe-de-Hereros-dans-le-camps-de-condcentration-de-Shark-Island-en-Namibie.-Photo-prise-par-le-lieutenant-von-...-.jpg\"><img loading=\"lazy\" class=\"size-medium wp-image-1914 alignright\" title=\"Des conditions de vie mis\u00e9rable.  Photographie d'un groupe de Hereros dans le camp de Shark Island par le lieutenant von Durling en 1905.   Source : https:\/\/fr.wikipedia.org\/wiki\/Camp_de_concentration_de_Shark_Island\" alt=\"\" src=\"http:\/\/blogs.univ-jfc.fr\/campsdusudouest\/wp-content\/uploads\/sites\/48\/2016\/03\/Un-groupe-de-Hereros-dans-le-camps-de-condcentration-de-Shark-Island-en-Namibie.-Photo-prise-par-le-lieutenant-von-...--269x300.jpg\" width=\"243\" height=\"270\" srcset=\"https:\/\/blogs.univ-jfc.fr\/campsdusudouest\/wp-content\/uploads\/sites\/48\/2016\/03\/Un-groupe-de-Hereros-dans-le-camps-de-condcentration-de-Shark-Island-en-Namibie.-Photo-prise-par-le-lieutenant-von-...--269x300.jpg 269w, https:\/\/blogs.univ-jfc.fr\/campsdusudouest\/wp-content\/uploads\/sites\/48\/2016\/03\/Un-groupe-de-Hereros-dans-le-camps-de-condcentration-de-Shark-Island-en-Namibie.-Photo-prise-par-le-lieutenant-von-...-.jpg 415w\" sizes=\"(max-width: 243px) 100vw, 243px\" \/><\/a> Swakopmund et Karibib, que vont \u00eatre regroup\u00e9 les rares H\u00e9r\u00e9ros survivants, soit environ 15000 personnes, hommes, femmes et enfants. Utilis\u00e9s comme main-d\u2019\u0153uvre servile par les militaires, puis par les entreprises coloniales, qui les consid\u00e8rent plus comme des prisonniers de droit commun, donc ne pouvant \u00eatre pay\u00e9. Le travail dans ces camps va \u00eatre extr\u00eamement p\u00e9nible, puisque les mauvais traitements inflig\u00e9s par les gardes allemands vont \u00eatre monnaie courante, aggravant encore l&rsquo;\u00e9tat d\u00e9j\u00e0 d\u00e9plorable des prisonniers \u00e0 leur arriv\u00e9e. De nombreux t\u00e9moignages<a href=\"#sdfootnote4sym\" name=\"sdfootnote4anc\"><sup>15<\/sup><\/a>, venant aussi bien de prisonniers h\u00e9r\u00e9ros que d&rsquo;observateurs europ\u00e9ens vont aller dans ce sens. Il va aussi s&rsquo;additionner les m\u00eames maux qui ont affect\u00e9 les camps \u00e0 Cuba et en Afrique du Sud, comme la malnutrition et les maladies. De plus, il peut \u00eatre fait mention de l&rsquo;utilisation de cadavres pour des exp\u00e9rimentations m\u00e9dicales dont le but est de d\u00e9montrer l&rsquo;inf\u00e9riorit\u00e9 raciale, o\u00f9 plusieurs cr\u00e2nes h\u00e9r\u00e9ros vont \u00eatre envoy\u00e9 vers les universit\u00e9s allemandes. <\/span><\/p>\n<p style=\"text-align: justify\"><span style=\"font-family: Arial,sans-serif\">En 1908, en partie sous la pression de parlementaires, les camps sont d\u00e9mantel\u00e9s, mais les survivants ne sont pas pour autant autoris\u00e9s \u00e0 regagner leur territoire d&rsquo;origine. En 1911, les autorit\u00e9s coloniales allemandes recensent 15130 H\u00e9r\u00e9ros, ce qui repr\u00e9sente \u00e0 peine 20\u00a0% de la population estim\u00e9e avant le soul\u00e8vement.<\/span><\/p>\n<p style=\"text-align: justify\"><span style=\"font-family: Arial,sans-serif\">En conclusion, il ne va s&rsquo;\u00e9couler que 15 ans entre la th\u00e9orisation et l&rsquo;application des principes de <i>\u00ab\u00a0reconcentracion\u00a0\u00bb <\/i>de populations par les Espagnols en 1896 \u00e0 Cuba, en passant par les camps britanniques pour les civils boers en 1900, et la fermeture des camps de travaux forc\u00e9s instaur\u00e9s par les Allemands envers les H\u00e9r\u00e9ros en 1908. A travers ces trois \u00e9tudes, correspondant aux origines du ph\u00e9nom\u00e8ne concentrationnaire, nous pouvons noter l&rsquo;\u00e9volution d&rsquo;un syst\u00e8me, au d\u00e9part, instaur\u00e9 en temps de guerre dans le but d&rsquo;en acc\u00e9l\u00e9rer la fin, mais ne touchant qu&rsquo;une petite partie de la population, \u00e0 celui \u00ab\u00a0d&rsquo;abattoir\u00a0\u00bb d&rsquo;un peuple, pr\u00e9figurant les g\u00e9nocides \u00e0 venir. <\/span><\/p>\n<div id=\"sdfootnote1\" style=\"text-align: justify\">\n<p align=\"justify\"><a href=\"#sdfootnote1anc\" name=\"sdfootnote1sym\">1 <\/a>La guerre de Dix ans (1868-1878), est la premi\u00e8re tentative d&rsquo;ind\u00e9pendance de Cuba contre la couronne d&rsquo;Espagne. Conflit o\u00f9 les Espagnols sortirent difficilement vainqueur, il permit au Cubains d&rsquo;obtenir le Pacte de Zanjon (10 f\u00e9vrier 1878), donnant une certaine autonomie \u00e0 l&rsquo;\u00eele, et permettant la cr\u00e9ation de partis politiques et l&rsquo;abolition de l&rsquo;esclavage.<\/p>\n<\/div>\n<div id=\"sdfootnote2\" style=\"text-align: justify\">\n<p><a href=\"#sdfootnote2anc\" name=\"sdfootnote2sym\">2 <\/a>Antonio Martinez Campos (1831-1900), fut le commandant des forces espagnoles stationn\u00e9es \u00e0 Cuba durant les guerres de Dix ans et d&rsquo;ind\u00e9pendance cubaine, o\u00f9 \u00e0 cette derni\u00e8re, il sera remplac\u00e9 1896 par Valeriano Weyler suite \u00e0 l&rsquo;\u00e9chec de ses tentatives d&rsquo;apaisement. Il est aussi le principal penseur de la politique de \u00ab\u00a0reconcentration\u00a0\u00bb \u00e0 Cuba.<\/p>\n<\/div>\n<div id=\"sdfootnote3\" style=\"text-align: justify\">\n<p><a href=\"#sdfootnote3anc\" name=\"sdfootnote3sym\">3 <\/a>Jos\u00e9 Marti (1853-1895), est un des principaux chefs des insurg\u00e9s cubains durant la guerre d&rsquo;ind\u00e9pendance cubaine.<\/p>\n<\/div>\n<div id=\"sdfootnote4\" style=\"text-align: justify\">\n<p><a href=\"#sdfootnote4anc\" name=\"sdfootnote4sym\">4 <\/a>Valeriano Weyler, (1838-1930), fut le commandant des forces espagnoles apr\u00e8s le d\u00e9part de Martinez Campos, et l&rsquo;instigateur de la politique de \u00ab\u00a0reconcentration\u00a0\u00bb imagin\u00e9e par son pr\u00e9d\u00e9cesseur, avec l&rsquo;aval du gouvernement espagnol m\u00e9tropolitain.<\/p>\n<\/div>\n<div id=\"sdfootnote5\" style=\"text-align: justify\">\n<p><a href=\"#sdfootnote5anc\" name=\"sdfootnote5sym\">5 <\/a>William Mac Kinley (1843-1901), fut le 25\u00e8me pr\u00e9sident des Etats-Unis, et pr\u00e9sida \u00e0 la victoire am\u00e9ricaine durant la guerre hispano-am\u00e9ricaine.<\/p>\n<\/div>\n<div id=\"sdfootnote6\" style=\"text-align: justify\">\n<p><a href=\"#sdfootnote6anc\" name=\"sdfootnote6sym\">6 <\/a>La guerre hispano-am\u00e9ricaine (1898), prend son origine de l&rsquo;explosion de l&rsquo;USS Maine \u00e0 La Havane le 15 f\u00e9vrier 1898. Ce conflit permit au Etats-Unis de s&#8217;emparer des derni\u00e8res possessions coloniales espagnoles en Am\u00e9rique et en Asie. Pour l&rsquo;Espagne, l&rsquo;issue du conflit a eu pour cons\u00e9quence l&rsquo;entr\u00e9e dans une crise politique et sociale profonde\u00a0: \u00ab\u00a0la crise de 1898\u00a0\u00bb.<\/p>\n<\/div>\n<div id=\"sdfootnote7\" style=\"text-align: justify\">\n<p><a href=\"#sdfootnote7anc\" name=\"sdfootnote7sym\">7 <\/a>Les Boers sont les descendants des premiers colons europ\u00e9ens d&rsquo;origine n\u00e9erlandaise, allemande et fran\u00e7aise arriv\u00e9s en Afrique du Sud aux XVII\u00e8 et XVIII\u00e8 si\u00e8cles. Le terme \u00ab\u00a0Boer\u00a0\u00bb vient du n\u00e9erlandais signifiant \u00ab\u00a0paysans\u00a0\u00bb.<\/p>\n<\/div>\n<div id=\"sdfootnote8\" style=\"text-align: justify\">\n<p><a href=\"#sdfootnote8anc\" name=\"sdfootnote8sym\">8 <\/a>Correspondant \u00e0 la premi\u00e8re guerre des Boers (1880-1881).<\/p>\n<\/div>\n<div id=\"sdfootnote9\" style=\"text-align: justify\">\n<p><a href=\"#sdfootnote9anc\" name=\"sdfootnote9sym\">9 <\/a>Horatio Kitchener (1850-1916), fut le commandent des forces britanniques durant la Seconde guerre des Boers, l&rsquo;instigateur de la mise en place des camps de concentration en Afrique du Sud envers les civils boers.<\/p>\n<\/div>\n<div id=\"sdfootnote10\" style=\"text-align: justify\">\n<p><a href=\"#sdfootnote10anc\" name=\"sdfootnote10sym\">10 <\/a>Louis Botha (1862-1919), fut le commandant principal des arm\u00e9es boers . Il sera, apr\u00e8s la guerre le 1<sup>er<\/sup> Premier ministre de l&rsquo;Union d&rsquo;Afrique du Sud.<\/p>\n<\/div>\n<div id=\"sdfootnote11\" style=\"text-align: justify\">\n<p><a href=\"#sdfootnote11anc\" name=\"sdfootnote11sym\">11<\/a>J.Kotek, P.Rigoulot\u00a0; <i>Le Si\u00e8cle des camps<\/i>\u00a0; p.78<\/p>\n<div id=\"sdfootnote5\">\n<div id=\"sdfootnote1\">\n<p><a href=\"#sdfootnote1anc\" name=\"sdfootnote1sym\">12 <\/a>La bataille du Waterberg le 11 ao\u00fbt 1904.<\/p>\n<\/div>\n<div id=\"sdfootnote2\">\n<p><a href=\"#sdfootnote2anc\" name=\"sdfootnote2sym\">13 <\/a>Lothar von Trotha (1848-1920), fut le commandant des forces allemandes durant le soul\u00e8vement des H\u00e9r\u00e9ros en 1904, et le signataire du <i>Vernichtungsbefehl, <\/i>ou ordre d&rsquo;extermination du peuple H\u00e9r\u00e9ro.<\/p>\n<\/div>\n<div id=\"sdfootnote3\">\n<p><a href=\"#sdfootnote3anc\" name=\"sdfootnote3sym\">14 <\/a>J.Kotek, P.Rigoulot\u00a0; <i>Le Si\u00e8cle des camps<\/i>\u00a0; p.87<\/p>\n<\/div>\n<div id=\"sdfootnote4\">\n<p><a href=\"#sdfootnote4anc\" name=\"sdfootnote4sym\">15<\/a> J.Kotek, P.Rigoulot\u00a0; <i>Le Si\u00e8cle des camps<\/i>\u00a0; p.89-90<\/p>\n<\/div>\n<\/div>\n<\/div>\n","protected":false},"excerpt":{"rendered":"<p>L&rsquo;exp\u00e9rimentation espagnole \u00e0 Cuba L&rsquo;apparition d&rsquo;un premier syst\u00e8me concentrationnaire, dans le sens de regrouper massivement une partie de la population civile, en des lieux limit\u00e9s et gard\u00e9s, est initi\u00e9 par les Espagnols, et ce durant la guerre d&rsquo;ind\u00e9pendance cubaine, de &hellip; <a href=\"https:\/\/blogs.univ-jfc.fr\/campsdusudouest\/les-origines-coloniales-du-phenomene\/\">Lire la suite <span class=\"meta-nav\">&rarr;<\/span><\/a><\/p>\n","protected":false},"author":179,"featured_media":0,"parent":0,"menu_order":0,"comment_status":"closed","ping_status":"open","template":"","meta":[],"_links":{"self":[{"href":"https:\/\/blogs.univ-jfc.fr\/campsdusudouest\/wp-json\/wp\/v2\/pages\/1691"}],"collection":[{"href":"https:\/\/blogs.univ-jfc.fr\/campsdusudouest\/wp-json\/wp\/v2\/pages"}],"about":[{"href":"https:\/\/blogs.univ-jfc.fr\/campsdusudouest\/wp-json\/wp\/v2\/types\/page"}],"author":[{"embeddable":true,"href":"https:\/\/blogs.univ-jfc.fr\/campsdusudouest\/wp-json\/wp\/v2\/users\/179"}],"replies":[{"embeddable":true,"href":"https:\/\/blogs.univ-jfc.fr\/campsdusudouest\/wp-json\/wp\/v2\/comments?post=1691"}],"version-history":[{"count":16,"href":"https:\/\/blogs.univ-jfc.fr\/campsdusudouest\/wp-json\/wp\/v2\/pages\/1691\/revisions"}],"predecessor-version":[{"id":1737,"href":"https:\/\/blogs.univ-jfc.fr\/campsdusudouest\/wp-json\/wp\/v2\/pages\/1691\/revisions\/1737"}],"wp:attachment":[{"href":"https:\/\/blogs.univ-jfc.fr\/campsdusudouest\/wp-json\/wp\/v2\/media?parent=1691"}],"curies":[{"name":"wp","href":"https:\/\/api.w.org\/{rel}","templated":true}]}}