{"id":2088,"date":"2016-03-17T10:26:27","date_gmt":"2016-03-17T09:26:27","guid":{"rendered":"http:\/\/blogs.univ-jfc.fr\/campsdusudouest\/?page_id=2088"},"modified":"2016-04-06T21:48:16","modified_gmt":"2016-04-06T20:48:16","slug":"lengrenage-des-camps-dans-la-seconde-guerre-mondiale-suite","status":"publish","type":"page","link":"https:\/\/blogs.univ-jfc.fr\/campsdusudouest\/le-phenomene-concentrationnaire\/les-camps-dinternement-de-1919-a-1945\/le-phenomene-concentrationaire-pendant-lentre-deux-guerres\/lengrenage-des-camps-dans-la-seconde-guerre-mondiale\/lengrenage-des-camps-dans-la-seconde-guerre-mondiale-suite\/","title":{"rendered":"L\u2019engrenage des camps dans la Seconde Guerre mondiale\u00a0(suite)"},"content":{"rendered":"<p lang=\"fr-FR\" align=\"justify\"><a title=\"L\u2019engrenage des camps dans la Seconde guerre Mondiale\" href=\"http:\/\/blogs.univ-jfc.fr\/campsdusudouest\/le-phenomene-concentrationnaire\/les-camps-dinternement-de-1919-a-1945\/le-phenomene-concentrationaire-pendant-lentre-deux-guerres\/lengrenage-des-camps-dans-la-seconde-guerre-mondiale\/\">&#8230; Page pr\u00e9c\u00e9dente<\/a><\/p>\n<p lang=\"fr-FR\" align=\"justify\"><em><span style=\"font-family: Arial,sans-serif\">\u00a0\u00a0\u00a0\u00a0\u00a0\u00a0\u00a0\u00a0\u00a0 Camps des r\u00e9gimes totalitaires<br \/>\n<\/span><\/em><\/p>\n<p lang=\"fr-FR\" align=\"justify\"><span style=\"font-family: Arial,sans-serif\"><a href=\"http:\/\/blogs.univ-jfc.fr\/campsdusudouest\/wp-content\/uploads\/sites\/48\/2016\/03\/II-B.jpg\"><img loading=\"lazy\" class=\"size-medium wp-image-2122 alignright\" title=\"D\u00e9tenus Juifs dans leurs baraquements dans le camp de Ferramondi di Tarsia en Italie entre 1940 et 1943. Source\u00a0: Jewish Historical Museum, Belgrade\" alt=\"\" src=\"http:\/\/blogs.univ-jfc.fr\/campsdusudouest\/wp-content\/uploads\/sites\/48\/2016\/03\/II-B-222x300.jpg\" width=\"222\" height=\"300\" srcset=\"https:\/\/blogs.univ-jfc.fr\/campsdusudouest\/wp-content\/uploads\/sites\/48\/2016\/03\/II-B-222x300.jpg 222w, https:\/\/blogs.univ-jfc.fr\/campsdusudouest\/wp-content\/uploads\/sites\/48\/2016\/03\/II-B.jpg 274w\" sizes=\"(max-width: 222px) 100vw, 222px\" \/><\/a>A partir de 1939, avec l&rsquo;entr\u00e9e en guerre de l&rsquo;Italie, le syst\u00e8me Mussolinien change. En effet, d\u00e8s le 1er septembre 1939 les camps de concentration\u00a0apparaissent en Italie. On y enferme 1451 \u00e9trangers et 458 Italiens. C&rsquo;est \u00e0 partir du 10 juin 1940 que l&rsquo;on d\u00e9cide d\u2019arr\u00eater les juifs par \u00ab mesure de s\u00e9curit\u00e9 \u00bb, mais la violence ne sera jamais requise m\u00eame lors de d\u00e9sob\u00e9issances. Fin octobre 1940, on compte 331 juifs d\u00e9tenus dans les camps, mais au fil des ann\u00e9es de guerre le nombre de d\u00e9tenus s\u2019accro\u00eet. Au d\u00e9but de l&rsquo;ann\u00e9e 1943 on compte 10\u00a0000 d\u00e9tenus et pr\u00e8s de 51\u00a0camps de concentration situ\u00e9s dans le sud de l&rsquo;Italie. Les camps sont rarement des baraquements de fortune entour\u00e9s de fils de fer comme on pouvait le voir en Allemagne, ce sont plut\u00f4t des \u00e9coles, des ch\u00e2teaux, des couvents&#8230; Quelques camps sont uniquement destin\u00e9s aux juifs, les autres sont mixtes. Les conditions de vie y sont difficiles mais pas inhumaines. En effet, un d\u00e9cret sign\u00e9 par Mussolini le 4 septembre 1940 pr\u00e9cise que les d\u00e9tenus des camps ne devront pas subir de violences et que tout travail serait r\u00e9mun\u00e9r\u00e9. De plus, les d\u00e9tenus de nationalit\u00e9 italienne pourront sortir du camp le jour, chose impossible dans les camps nazis. Mais notons tout de m\u00eame que cette politique n&rsquo;a pas toujours \u00e9t\u00e9 respect\u00e9e, comme par exemple dans le camp de Ferramonti-Tarsia destin\u00e9 aux juifs, qui a \u00e9t\u00e9 l&rsquo;un des camps les plus autoritaires. M\u00eame si le camp de Ferramonti-Tarsia est l&rsquo;un des plus autoritaires, il reste tr\u00e8s \u00e9loign\u00e9 du fonctionnement des camps nazis ou sovi\u00e9tiques. En effet, les d\u00e9tenus sont appel\u00e9s 3 fois par jour mais ils ne restent pas des heures dans le froid comme dans les camps de l&rsquo;Allemagne nazie ou de l&rsquo;URSS. De plus les d\u00e9tenus ont des droits de sortie pour se soigner, pour assister \u00e0 l&rsquo;enterrement d&rsquo;un proche ou tout simplement pour assister \u00e0 des concours ou \u00e0 des examens. On y organise des matchs de football, des concerts, des organismes charitables peuvent intervenir dans le camp et les chr\u00e9tiens du camp obtiennent la venue d&rsquo;un pr\u00eatre. Il y a quand m\u00eame quelques interdictions, comme les jeux de cartes ou les journaux en langue \u00e9trang\u00e8res. Le 25 juillet 1943, suite \u00e0 la perte de pouvoir de Mussolini, de nombreux d\u00e9tenus sont lib\u00e9r\u00e9s mais rarement des juifs. Les choses vont empirer pour eux avec la cr\u00e9ation, en septembre 1943, de la r\u00e9publique \u00ab sociale \u00bb de Salo, o\u00f9 l&rsquo;on vit sous le contr\u00f4le Allemand. Les juifs sont alors consid\u00e9r\u00e9s comme \u00ab nationalit\u00e9 ennemie \u00bb, on confisque leurs biens et ont les enferme dans les diff\u00e9rents camps depuis lesquels ils seront envoy\u00e9s par la suite dans les camps d&rsquo;extermination de Pologne ou d&rsquo;Allemagne. De plus, le camp de Rainero (ancien entrep\u00f4t de riz) poss\u00e9dait un four cr\u00e9matoire et une chambre \u00e0 gaz o\u00f9 auraient \u00e9t\u00e9 gaz\u00e9es entre 1000 et 2000 personnes<a href=\"#sdfootnote1sym\" name=\"sdfootnote1anc\"><sup>1<\/sup><\/a>.<\/span><\/p>\n<p lang=\"fr-FR\" align=\"justify\"><span style=\"font-family: Arial,sans-serif\">La Seconde Guerre mondiale apporte aussi un changement des camps italiens et sovi\u00e9tiques.<\/span> <span style=\"color: #252525\"><span style=\"font-family: Arial,sans-serif\"><span style=\"font-size: medium\">Apr\u00e8s le Pacte Germano-Sovi\u00e9tique en Aout 1939, l\u2019URSS entre en guerre le 17 septembre 1939. L\u2019URSS occupe la partie est de la Pologne et en 1940 les Pays Baltes, la Bessarabie et la Bucovine du Nord. Plus de 500\u00a0000 habitants de ces pays sont d\u00e9port\u00e9s en janvier 1941. <\/span><\/span><\/span><span style=\"font-family: Arial,sans-serif\"><span style=\"color: #252525\"><span style=\"font-size: medium\">L\u2019Allemagne nazie envahit l\u2019URSS en juin 1941 et les Allemands de la Volga sont intern\u00e9s le 28 <\/span><\/span><span style=\"color: #252525\"><span style=\"font-size: medium\">a<\/span><\/span><span style=\"color: #252525\"><span style=\"font-size: medium\">o\u00fbt 1941. <\/span><\/span><span style=\"color: #252525\"><span style=\"font-size: medium\">L<\/span><\/span><span style=\"color: #252525\"><span style=\"font-size: medium\">e chef du NKVD, Lavrenti Baria, d\u00e9place des milliers de prisonniers loin du front. Les usines furent d\u00e9m\u00e9nag\u00e9es et transform\u00e9es en fabriques de mat\u00e9riel militaire. Cela amena<\/span><\/span><span style=\"color: #252525\"><span style=\"font-size: medium\">it<\/span><\/span><span style=\"color: #252525\"><span style=\"font-size: medium\"> des milliers de citoyens sovi\u00e9tiques <\/span><\/span><span style=\"color: #252525\"><span style=\"font-size: medium\">\u00e0 \u00eatre<\/span><\/span><span style=\"color: #252525\"><span style=\"font-size: medium\"> emprisonn\u00e9s au Goulag pour \u00ab\u00a0propagande d\u00e9faitiste\u00a0\u00bb ou \u00ab\u00a0sabotage de l\u2019effort de guerre\u00a0\u00bb. <\/span><\/span><\/span><span style=\"color: #252525\"><span style=\"font-family: Arial,sans-serif\">Durant la Seconde Guerre mondiale, le taux de mortalit\u00e9 augmenta dans les camps sovi\u00e9tiques pendant l\u2019hiver 1941-1942, la famine fit 25 % des d\u00e9c\u00e8s dans les camps. <\/span><\/span><span style=\"font-family: Arial,sans-serif\"><span style=\"color: #252525\">Des lors que Staline prend l\u2019avantage sur les nazis et retrouve les r\u00e9gions perdues, les peuples accus\u00e9s de trahison sont d\u00e9port\u00e9s dans le Goulag. De 1941 \u00e0 1944, les troupes du NKVD d\u00e9portent par vague des peuples entiers pour lutter contre l\u2019ennemi int\u00e9rieur. D\u00e8s les premiers mois de <\/span><span style=\"color: #252525\">l&rsquo;entr\u00e9e en guerre de l&rsquo;URSS<\/span><span style=\"color: #252525\">, 82% des allemande qui vivent en URSS, soit 1.2 million de personnes, sont d\u00e9port\u00e9s. Entre novembre 1943 et juin 1944 plus de 900\u00a0000 Tch\u00e9tch\u00e8nes, Ingouches, Ukrainiens, Tatars de Crim\u00e9e, Karatcha\u00efs, Balkars et Kalmouks sont d\u00e9port\u00e9s dans les camps. 130\u00a0000 Grecs, Bulgares, Turcs, Arm\u00e9niens et Kurdes sont arr\u00eat\u00e9s et intern\u00e9s dans les camps. <\/span><\/span><span style=\"color: #252525\"><span style=\"font-family: Arial,sans-serif\">Le gouvernement sovi\u00e9tique cr\u00e9e en 1944 un d\u00e9partement sp\u00e9cialis\u00e9 pour les prisonniers de guerre, s\u00e9par\u00e9 de la bureaucratie du Goulag. En 1945, plus de 4 millions de prisonniers de guerre s&rsquo;entassent dans les camps. <\/span><\/span><\/p>\n<p lang=\"fr-FR\" align=\"justify\"><span style=\"font-family: Arial,sans-serif\"><span style=\"color: #252525\">Comme l&rsquo;URSS, le Japon <\/span><span style=\"color: #252525\">conna\u00eet<\/span><span style=\"color: #252525\"> une expansion de ses camps. <\/span>Avec la Seconde Guerre mondiale, le Japon met en place de nouveaux camps de concentration qui sont bien plus nombreux que les pr\u00e9c\u00e9dents. Les prisonniers de guerre sont trait\u00e9s d&rsquo;une mani\u00e8re tr\u00e8s dure. Les conditions de vie difficiles entra\u00eenent \u00e9norm\u00e9ment de morts. Par exemple, le camp O\u2019connell d\u00e9nombre entre avril et d\u00e9cembre 1942 plus de 1500 morts<a href=\"#sdfootnote2sym\" name=\"sdfootnote2anc\"><sup>2<\/sup><\/a> de soldats am\u00e9ricains. Il y a aussi de nombreuses marches de la mort mises en place, des massacres et des privations de nourriture. On d\u00e9nombre un fort taux de d\u00e9c\u00e8s chez les civils, Am\u00e9ricains, Britanniques, Hollandais et Indo-Hollandais. Les civils et les soldats durent effectuer des travaux p\u00e9nibles et dangereux, comme la construction de ponts ou de voies ferr\u00e9es. Ces gens v\u00e9curent un enfer entre les maladies (dysenterie, malaria), les moustiques, les punaises et autres. En un an, 23\u00a0000 hommes sont morts<a href=\"#sdfootnote3sym\" name=\"sdfootnote3anc\"><sup>3<\/sup><\/a>. Les femmes et les enfants furent plac\u00e9s dans des camps provisoires avec des probl\u00e8mes d&rsquo;insalubrit\u00e9. Apr\u00e8s quelques mois, les femmes et les enfants sont plac\u00e9s dans les camps officiels. La nourriture manque vite, l&rsquo;hygi\u00e8ne est d\u00e9plorable et l&rsquo;on rencontre des probl\u00e8mes de surpopulation. Il y a une s\u00e9paration des personnes dans les camps : s\u00e9paration hommes et femmes, s\u00e9paration des jeunes hommes et des jeunes filles ; car chaque camp a une utilit\u00e9. Certaines jeunes femmes sont enlev\u00e9es des camps afin de servir de \u00ab\u00a0femme de r\u00e9confort\u00a0\u00bb pour les soldats japonais.<\/span><\/p>\n<p lang=\"fr-FR\" align=\"justify\"><a title=\"Les camps de l\u2019Allemagne nazie\u00a0\" href=\"http:\/\/blogs.univ-jfc.fr\/campsdusudouest\/le-phenomene-concentrationnaire\/les-camps-dinternement-de-1919-a-1945\/le-phenomene-concentrationaire-pendant-lentre-deux-guerres\/lengrenage-des-camps-dans-la-seconde-guerre-mondiale\/lengrenage-des-camps-dans-la-seconde-guerre-mondiale-suite\/les-camps-de-lallemagne-nazie\/\">Lire la suite &#8230;<\/a><\/p>\n<p lang=\"fr-FR\" style=\"text-align: center\" align=\"justify\">_______<\/p>\n<div id=\"sdfootnote1\">\n<p lang=\"fr-FR\"><a href=\"#sdfootnote1anc\" name=\"sdfootnote1sym\">1<\/a> <span style=\"font-family: Times New Roman,serif\"><span style=\"font-size: small\">KOTEK J. RIGOULOT P. <\/span><\/span><span style=\"font-family: Times New Roman,serif\"><span style=\"font-size: small\"><i>Le si\u00e8cle des camps : d\u00e9tention, concentration, extermination : cent ans de mal radical,<\/i><\/span><\/span><span style=\"font-family: Times New Roman,serif\"><span style=\"font-size: small\"> Paris , JC Latt\u00e8s, 2000, 805p <\/span><\/span><\/p>\n<\/div>\n<div id=\"sdfootnote2\">\n<p lang=\"fr-FR\"><span style=\"font-family: Calibri,serif\"><span style=\"font-size: small\"><a href=\"#sdfootnote2anc\" name=\"sdfootnote2sym\">2<\/a><sup>\u00a0<\/sup>: <em>Ibid.<\/em>, p 484<\/span><\/span><\/p>\n<\/div>\n<div id=\"sdfootnote3\">\n<p lang=\"fr-FR\"><span style=\"font-family: Calibri,serif\"><span style=\"font-size: small\"><a href=\"#sdfootnote3anc\" name=\"sdfootnote3sym\">3<\/a><sup>\u00a0<\/sup>:\u00a0<em>Ibid.<\/em>, p 487<\/span><\/span><\/p>\n<\/div>\n","protected":false},"excerpt":{"rendered":"<p>&#8230; Page pr\u00e9c\u00e9dente \u00a0\u00a0\u00a0\u00a0\u00a0\u00a0\u00a0\u00a0\u00a0 Camps des r\u00e9gimes totalitaires A partir de 1939, avec l&rsquo;entr\u00e9e en guerre de l&rsquo;Italie, le syst\u00e8me Mussolinien change. En effet, d\u00e8s le 1er septembre 1939 les camps de concentration\u00a0apparaissent en Italie. On y enferme 1451 \u00e9trangers &hellip; <a href=\"https:\/\/blogs.univ-jfc.fr\/campsdusudouest\/le-phenomene-concentrationnaire\/les-camps-dinternement-de-1919-a-1945\/le-phenomene-concentrationaire-pendant-lentre-deux-guerres\/lengrenage-des-camps-dans-la-seconde-guerre-mondiale\/lengrenage-des-camps-dans-la-seconde-guerre-mondiale-suite\/\">Lire la suite <span class=\"meta-nav\">&rarr;<\/span><\/a><\/p>\n","protected":false},"author":132,"featured_media":0,"parent":1883,"menu_order":0,"comment_status":"closed","ping_status":"open","template":"","meta":[],"_links":{"self":[{"href":"https:\/\/blogs.univ-jfc.fr\/campsdusudouest\/wp-json\/wp\/v2\/pages\/2088"}],"collection":[{"href":"https:\/\/blogs.univ-jfc.fr\/campsdusudouest\/wp-json\/wp\/v2\/pages"}],"about":[{"href":"https:\/\/blogs.univ-jfc.fr\/campsdusudouest\/wp-json\/wp\/v2\/types\/page"}],"author":[{"embeddable":true,"href":"https:\/\/blogs.univ-jfc.fr\/campsdusudouest\/wp-json\/wp\/v2\/users\/132"}],"replies":[{"embeddable":true,"href":"https:\/\/blogs.univ-jfc.fr\/campsdusudouest\/wp-json\/wp\/v2\/comments?post=2088"}],"version-history":[{"count":13,"href":"https:\/\/blogs.univ-jfc.fr\/campsdusudouest\/wp-json\/wp\/v2\/pages\/2088\/revisions"}],"predecessor-version":[{"id":4398,"href":"https:\/\/blogs.univ-jfc.fr\/campsdusudouest\/wp-json\/wp\/v2\/pages\/2088\/revisions\/4398"}],"up":[{"embeddable":true,"href":"https:\/\/blogs.univ-jfc.fr\/campsdusudouest\/wp-json\/wp\/v2\/pages\/1883"}],"wp:attachment":[{"href":"https:\/\/blogs.univ-jfc.fr\/campsdusudouest\/wp-json\/wp\/v2\/media?parent=2088"}],"curies":[{"name":"wp","href":"https:\/\/api.w.org\/{rel}","templated":true}]}}