{"id":2416,"date":"2016-03-23T09:47:47","date_gmt":"2016-03-23T08:47:47","guid":{"rendered":"http:\/\/blogs.univ-jfc.fr\/campsdusudouest\/?page_id=2416"},"modified":"2016-05-02T14:05:53","modified_gmt":"2016-05-02T13:05:53","slug":"les-camps-de-lallemagne-nazie","status":"publish","type":"page","link":"https:\/\/blogs.univ-jfc.fr\/campsdusudouest\/le-phenomene-concentrationnaire\/les-camps-dinternement-de-1919-a-1945\/le-phenomene-concentrationaire-pendant-lentre-deux-guerres\/lengrenage-des-camps-dans-la-seconde-guerre-mondiale\/lengrenage-des-camps-dans-la-seconde-guerre-mondiale-suite\/les-camps-de-lallemagne-nazie\/","title":{"rendered":"Les camps de l\u2019Allemagne nazie\u00a0"},"content":{"rendered":"<p><a title=\"L\u2019engrenage des camps dans la Seconde Guerre mondiale\u00a0(suite)\" href=\"http:\/\/blogs.univ-jfc.fr\/campsdusudouest\/le-phenomene-concentrationnaire\/les-camps-dinternement-de-1919-a-1945\/le-phenomene-concentrationaire-pendant-lentre-deux-guerres\/lengrenage-des-camps-dans-la-seconde-guerre-mondiale\/lengrenage-des-camps-dans-la-seconde-guerre-mondiale-suite\/\">&#8230;Page pr\u00e9c\u00e9dente<\/a><\/p>\n<p><em><span style=\"font-family: Arial, sans-serif\">\u00a0\u00a0\u00a0\u00a0\u00a0\u00a0\u00a0\u00a0\u00a0 Le fonctionnement des camps<\/span><span style=\"font-family: Arial, sans-serif\"><br \/>\n<\/span><\/em><\/p>\n<p lang=\"fr-FR\" align=\"justify\"><span style=\"font-family: Arial, sans-serif\">De 1933 \u00e0 1945, la fonction des camps nazis va consid\u00e9rablement \u00e9voluer. En effet, si l&rsquo;engrenage se met en place d\u00e8s 1933 et fonctionne pleinement jusqu&rsquo;en 1939, l&rsquo;entr\u00e9e en guerre de l&rsquo;Allemagne va marquer le d\u00e9but d&rsquo;une phase internationale impliquant l&rsquo;arriv\u00e9e massive d&rsquo;intern\u00e9s non-Allemands ne pouvant pas, d&rsquo;apr\u00e8s l&rsquo;id\u00e9al nazi, \u00eatre r\u00e9\u00e9duqu\u00e9s. L&#8217;emprisonnement provisoire ayant pour objectif la r\u00e9\u00e9ducation des d\u00e9tenus laisse ainsi sa place \u00e0 un syst\u00e8me dans lequel la lib\u00e9ration des intern\u00e9s n&rsquo;est plus envisageable, marquant un tournant radical dans la fonction des camps nazis.<\/span><\/p>\n<p lang=\"fr-FR\" align=\"justify\"><span style=\"font-family: Arial, sans-serif\">Apr\u00e8s cinq ann\u00e9es d&rsquo;\u00e9tablissement du syst\u00e8me de camps \u00e0 l&rsquo;\u00e9chelle nationale, les camps allemands ont eu tout le temps n\u00e9cessaire pour s&rsquo;organiser. Entre 1935 et 1939, le concept de d\u00e9tention pr\u00e9ventive a \u00e9volu\u00e9 jusqu&rsquo;\u00e0 concerner tout individu pr\u00e9sentant des \u00ab\u00a0tendances\u00a0\u00bb pouvant repr\u00e9senter une menace pour l&rsquo;ordre social. Les camps ne sont plus construits dans l&rsquo;urgence mais de mani\u00e8re planifi\u00e9e\u00a0; coup\u00e9s du monde ext\u00e9rieur afin de soustraire leurs activit\u00e9s au regard de la population, on les place sur des sites isol\u00e9s, \u00e0 proximit\u00e9 de villes importantes. Enfin, l&rsquo;on retrouve une organisation similaire de l&rsquo;espace des camps, divis\u00e9s en trois parties\u00a0: la premi\u00e8re destin\u00e9e \u00e0 recevoir les d\u00e9tenus est faite de baraquements ceintur\u00e9s de fils barbel\u00e9s \u00e9lectrifi\u00e9s. La seconde abrite l&rsquo;\u00e9tat-major et la troisi\u00e8me la cit\u00e9 SS, \u00e9loign\u00e9e de quelques kilom\u00e8tres de la structure principale. Dans les camps, les unit\u00e9s <i>Totenkopfverband<\/i>, les \u00ab\u00a0SS \u00e0 t\u00eate de mort\u00a0\u00bb, sont en charge de l&rsquo;essentiel des t\u00e2ches. Les camps ne sont plus seulement des lieux de r\u00e9pression pour les opposants politiques mais un outil de contr\u00f4le et de terreur sociale, destin\u00e9s \u00e0 recevoir tous ceux consid\u00e9r\u00e9s comme nuisibles \u00e0 la soci\u00e9t\u00e9, selon l&rsquo;id\u00e9ologie nazie.<\/span><\/p>\n<p lang=\"fr-FR\" align=\"justify\"><span style=\"font-family: Arial, sans-serif\">L&rsquo;identit\u00e9 des d\u00e9tenus a donc \u00e9volu\u00e9e. Aux opposants politiques s&rsquo;ajoutent les T\u00e9moins de J\u00e9hovah, homosexuels, Tziganes, criminels, Juifs, \u00e9migr\u00e9s et plus g\u00e9n\u00e9ralement, les \u00ab\u00a0asociaux\u00a0\u00bb, chaque prisonnier \u00e9tant identifi\u00e9 par un triangle de couleur correspondant au pr\u00e9texte de son emprisonnement.<\/span><\/p>\n<p lang=\"fr-FR\" style=\"text-align: center\" align=\"justify\"><a href=\"http:\/\/blogs.univ-jfc.fr\/campsdusudouest\/wp-content\/uploads\/sites\/48\/2016\/03\/Partie-3-a.jpg\"><img loading=\"lazy\" class=\"size-medium wp-image-2656 aligncenter\" title=\"Arriv\u00e9e de prisonniers politiques \u00e0 Oranienburg en 1933. Source : US holocaust memorial museum, www.ushmm.org\/fr\" alt=\"\" src=\"http:\/\/blogs.univ-jfc.fr\/campsdusudouest\/wp-content\/uploads\/sites\/48\/2016\/03\/Partie-3-a-300x218.jpg\" width=\"300\" height=\"218\" srcset=\"https:\/\/blogs.univ-jfc.fr\/campsdusudouest\/wp-content\/uploads\/sites\/48\/2016\/03\/Partie-3-a-300x218.jpg 300w, https:\/\/blogs.univ-jfc.fr\/campsdusudouest\/wp-content\/uploads\/sites\/48\/2016\/03\/Partie-3-a-412x300.jpg 412w, https:\/\/blogs.univ-jfc.fr\/campsdusudouest\/wp-content\/uploads\/sites\/48\/2016\/03\/Partie-3-a.jpg 500w\" sizes=\"(max-width: 300px) 100vw, 300px\" \/><\/a><\/p>\n<p lang=\"fr-FR\" align=\"justify\"><span style=\"font-family: Arial, sans-serif\">M\u00eame avant le d\u00e9but de la guerre, tout est fait pour rendre la vie difficile aux intern\u00e9s. Le travail en lui-m\u00eame est un outil de punition plut\u00f4t que d&rsquo;\u00e9ducation\u00a0; ainsi les prisonniers de Dachau construiront-ils une route quittant le camp pour y revenir, sans autre utilit\u00e9 que de les \u00e9puiser \u00e0 la t\u00e2che. De plus, les r\u00e8glements extr\u00eamement stricts des camps s&rsquo;accompagnent de punitions cruelles et humiliantes pour les d\u00e9tenus coupables d&rsquo;infractions, en particulier pour les d\u00e9tenus juifs qui seront pour la premi\u00e8re fois intern\u00e9s sous le seul pr\u00e9texte de leur appartenance ethnique suite aux rafles de la Nuit de Cristal du 9 novembre 1938, \u00e0 l&rsquo;issue de laquelle plus de 30\u00a0000 juifs ont \u00e9t\u00e9 arr\u00eat\u00e9s et incarc\u00e9r\u00e9s, mais qui faisaient d\u00e9j\u00e0 l&rsquo;objet de violences particuli\u00e8res avant cette date. Malgr\u00e9 tout, les camps encore principalement peupl\u00e9s de prisonniers Allemands conservent pour certains leur fonction \u00e9ducative de r\u00e9insertion, mais la situation s&rsquo;aggrave brusquement lors de l&rsquo;entr\u00e9e en guerre de l&rsquo;Allemagne.<\/span><\/p>\n<p lang=\"fr-FR\" align=\"justify\"><span style=\"font-family: Arial, sans-serif\">Les premiers \u00e9trangers \u00e0 rejoindre les d\u00e9tenus allemands dans les camps nazis sont les opposants autrichiens r\u00e9sultant de l&rsquo;Anschluss de 1938 et les prisonniers politiques tch\u00e9coslovaques dont l&rsquo;arriv\u00e9e va marquer le d\u00e9but d&rsquo;une phase internationale de l&rsquo;usage des camps qui prennent de l&rsquo;ampleur l&rsquo;ann\u00e9e suivante avec le d\u00e9but de la Deuxi\u00e8me Guerre Mondiale. <\/span><\/p>\n<p lang=\"fr-FR\" align=\"justify\"><span style=\"font-family: Arial, sans-serif\">La pr\u00e9sence dans les camps de prisonniers \u00e9trangers ne pouvant pas faire l&rsquo;objet d&rsquo;une simple \u00ab\u00a0r\u00e9\u00e9ducation\u00a0\u00bb va mettre fin aux lib\u00e9rations d&rsquo;intern\u00e9s. Les enfermements s&rsquo;inscrivent dans la dur\u00e9e et n&rsquo;ont pas vocation \u00e0 prendre fin tant que la guerre persiste. Les prisonniers deviennent une main d\u2019\u0153uvre providentielle et de nouveaux camps fleurissent pr\u00e8s d&rsquo;usines ou de lieux d&rsquo;extractions mini\u00e8res. Avec les conqu\u00eates allemandes s&rsquo;op\u00e8re une expansion du syst\u00e8me de camps qui vont se multiplier pour pouvoir accueillir les nouveaux prisonniers et commencer \u00e0 appara\u00eetre hors d&rsquo;Allemagne, comme c&rsquo;est le cas d&rsquo;Auschwitz. Avec l&rsquo;arriv\u00e9e massive de nouveaux intern\u00e9s, les conditions de vie dans les camps se d\u00e9gradent brusquement\u00a0; les rations sont r\u00e9duites et les maladies se propagent. Les r\u00e9sistants rejoignent \u00e0 leur tour la population des camps avec la mise en \u0153uvre du d\u00e9cret \u00ab\u00a0Nuit et brouillard\u00a0\u00bb du 7 septembre 1941 stipulant que toute personne repr\u00e9sentant \u00ab\u00a0un danger pour la s\u00e9curit\u00e9 de l&rsquo;arm\u00e9e allemande\u00a0\u00bb peut \u00eatre d\u00e9port\u00e9e vers l&rsquo;Allemagne.<\/span><\/p>\n<p lang=\"fr-FR\" align=\"justify\"><span style=\"font-family: Arial, sans-serif\">Le nombre toujours croissant d&rsquo;intern\u00e9s et la dur\u00e9e importante de la guerre vont prendre de court les autorit\u00e9s allemandes\u00a0; chaque nouvelle conqu\u00eate entra\u00eene une augmentation du nombre de d\u00e9port\u00e9s (principalement des juifs) que les camps ont de plus en plus de mal \u00e0 prendre en charge. En juin 1941, l&rsquo;invasion allemande de l&rsquo;URSS menace de grossir une fois de plus le nombre des prisonniers et pr\u00e9cipite la prise de d\u00e9cision de mettre en \u0153uvre des actions plus exp\u00e9ditives et d\u00e9finitives au probl\u00e8me juif.<\/span><\/p>\n<p><em><span style=\"font-family: Arial, sans-serif\">\u00a0\u00a0\u00a0\u00a0\u00a0\u00a0\u00a0\u00a0\u00a0 La question juive et la \u00ab\u00a0solution finale\u00a0\u00bb<\/span><span style=\"font-family: Arial, sans-serif\"><br \/>\n<\/span><\/em><\/p>\n<p lang=\"fr-FR\" align=\"justify\"><span style=\"font-family: Arial, sans-serif\">Les juifs repr\u00e9sentent, d\u00e8s la prise de pouvoir du parti nazi, la cible principale de ce dernier. Les premi\u00e8res mesures antis\u00e9mites consistent \u00e0 mettre en place une s\u00e9gr\u00e9gation des populations juives mises \u00e0 l&rsquo;\u00e9cart du reste de la population et de certains m\u00e9tiers, mais c&rsquo;est par la distinction <i>raciale<\/i> mise en avant par les lois de Nuremberg, sur la protection du sang allemand, que le Reich s\u00e9pare biologiquement et l\u00e9gislativement Juifs et Aryens. Les juifs allemands perdent leur citoyennet\u00e9 et d\u00e8s 1933 certains d&rsquo;entre eux quittent le pays. L&rsquo;Anschluss et l&rsquo;augmentation soudaine du nombre de juifs sur le territoire du Reich ouvrent le pas \u00e0 une politique d&rsquo;expulsion\u00a0; pr\u00e8s d&rsquo;un quart de la population juive d&rsquo;Autriche est forc\u00e9e \u00e0 l\u2019\u00e9migration entre 1938 et 1939 et plus de 80\u00a0000 juifs quitteront l&rsquo;Allemagne m\u00eame \u00e0 la m\u00eame p\u00e9riode. Dans le m\u00eame temps, la politique sociale antis\u00e9mite s&rsquo;acc\u00e9l\u00e8re et se fait de plus en plus r\u00e9pressive. Avec le d\u00e9but de la guerre, le parti nazi s&#8217;emploie d&rsquo;abord \u00e0 \u00ab\u00a0parquer\u00a0\u00bb les juifs dans les camps ou dans des ghettos avant d&rsquo;envisager la possibilit\u00e9 de les d\u00e9placer dans une r\u00e9serve \u00e0 Madagascar, projet irr\u00e9alisable en temps de guerre.<\/span><\/p>\n<p lang=\"fr-FR\" align=\"justify\"><span style=\"font-family: Arial, sans-serif\">L&rsquo;invasion de l&rsquo;Union sovi\u00e9tique par l&rsquo;Allemagne marque un tournant dans la politique antis\u00e9mite du Reich, une solution plus exp\u00e9ditive est trouv\u00e9e au \u00ab\u00a0probl\u00e8me juif\u00a0\u00bb\u00a0: l&rsquo;extermination.<\/span><\/p>\n<p lang=\"fr-FR\" align=\"justify\"><span style=\"font-family: Arial, sans-serif\"> Apr\u00e8s l&rsquo;invasion de l&rsquo;URSS, les Einsatzgruppen, groupes d&rsquo;intervention form\u00e9s de policiers allemands et de SS charg\u00e9s d\u00e8s l&rsquo;Anschluss d&rsquo;assassiner de mani\u00e8re syst\u00e9matique tout opposant au r\u00e9gime nazi, entament des tueries de masse \u00e0 l&rsquo;encontre de communaut\u00e9s juives en Union sovi\u00e9tique occup\u00e9e. Apr\u00e8s avoir d&rsquo;abord vis\u00e9 les cadres et membres du parti communiste ce sont les juifs des territoires conquis (hommes, femmes et enfants) qui sont massacr\u00e9s syst\u00e9matiquement.<\/span><a href=\"http:\/\/blogs.univ-jfc.fr\/campsdusudouest\/wp-content\/uploads\/sites\/48\/2016\/03\/Partie-3-b.jpg\"><img loading=\"lazy\" class=\"size-medium wp-image-2684 alignright\" title=\"D\u00e9tenus du camp de Buchenwald r\u00e9unis pour l'appel en 1938. Source\u00a0: American Jewish Joint Distribution Committee.\" alt=\"\" src=\"http:\/\/blogs.univ-jfc.fr\/campsdusudouest\/wp-content\/uploads\/sites\/48\/2016\/03\/Partie-3-b-300x190.jpg\" width=\"300\" height=\"190\" srcset=\"https:\/\/blogs.univ-jfc.fr\/campsdusudouest\/wp-content\/uploads\/sites\/48\/2016\/03\/Partie-3-b-300x190.jpg 300w, https:\/\/blogs.univ-jfc.fr\/campsdusudouest\/wp-content\/uploads\/sites\/48\/2016\/03\/Partie-3-b-471x300.jpg 471w, https:\/\/blogs.univ-jfc.fr\/campsdusudouest\/wp-content\/uploads\/sites\/48\/2016\/03\/Partie-3-b.jpg 582w\" sizes=\"(max-width: 300px) 100vw, 300px\" \/><\/a><\/p>\n<p lang=\"fr-FR\" align=\"justify\"><span style=\"font-family: Arial, sans-serif\"> Aux fusillades succ\u00e8dent les camions \u00e0 gaz itin\u00e9rants puis, d\u00e8s 1942, les camps d&rsquo;extermination. Six camps, tous situ\u00e9s en Pologne, vont assurer la fonction de camps d\u2019extermination apportant une \u00ab\u00a0solution finale\u00a0\u00bb au probl\u00e8me juif\u00a0: <span style=\"color: #252525\">Chelmno, Belzec, Sobibor, Treblinka, Auschwitz\u2013Birkenau et Majdanek. Leur fonction est l&rsquo;extermination m\u00e9thodique et syst\u00e9matique des prisonniers qui y sont achemin\u00e9s. Dans le cas des camps de Chelmno, Belzec, Sobibor et Treblinka, les d\u00e9port\u00e9s passaient directement des trains qui les transportaient aux chambres \u00e0 gaz o\u00f9 ils \u00e9taient mis \u00e0 mort d\u00e8s leur arriv\u00e9e. Les camps d&rsquo;Auschwitz et de Majdanek, quant \u00e0 eux, \u00e9taient des camps de concentration qui furent am\u00e9nag\u00e9s pour r\u00e9pondre \u00e0 leur nouvelle fonction, avec des chambres \u00e0 gaz et des fours cr\u00e9matoires. <\/span>Chelmno est le premier camp de la mort \u00e0 ouvrir d\u00e8s d\u00e9cembre 1941, il est suivi par Belzec, Sobibor et Treblinka, tous trois ouverts dans le cadre de l&rsquo;Action Reinhard afin d&rsquo;exterminer syst\u00e9matiquement les juifs de Pologne mais c&rsquo;est le camp d&rsquo;Auschwitz-Birkenau qui fut le plus important centre d&rsquo;extermination avec plus de 6000 gaz\u00e9s par jour au plus fort des d\u00e9portations. A leur arriv\u00e9e dans les camps de la mort, une petite patrie des prisonniers juifs est s\u00e9lectionn\u00e9e pour rejoindre le <i>Sonderkommando<\/i> en tant qu&rsquo;ouvriers charg\u00e9s de disposer des cadavres. Ces \u00e9quipes de \u00ab\u00a0nettoyage\u00a0\u00bb voient passer plus de 1\u00a0100\u00a0000 juifs<a href=\"#sdfootnote1sym\" name=\"sdfootnote1anc\"><sup>1<\/sup><\/a>, homosexuels ou r\u00e9sistants abattus dans le seul camp d&rsquo;Auschwitz. Dans le cas des trois camps de l&rsquo;action Reinhard, c&rsquo;est 1,5 millions de juifs de plus qui sont extermin\u00e9s aux c\u00f4t\u00e9s de tziganes, de polonais et de prisonniers de guerre sovi\u00e9tiques.<\/span><\/p>\n<p lang=\"fr-FR\" align=\"justify\"><span style=\"font-family: Arial, sans-serif\">La \u00ab\u00a0solution finale\u00a0\u00bb, mise en pratique dans les camps d&rsquo;extermination nazis, s&rsquo;op\u00e8re dans le plus grand secret afin d&rsquo;\u00e9viter d&rsquo;entraver le processus d&rsquo;extermination. Les autorit\u00e9s nazies ont notamment recours \u00e0 un langage cod\u00e9\u00a0; les ex\u00e9cutions deviennent \u00ab\u00a0traitement sp\u00e9cial\u00a0\u00bb (<i>Sonderbehandlung) <\/i>et les mises \u00e0 morts dans les chambres \u00e0 gaz \u00ab\u00a0mission sp\u00e9ciale\u00a0\u00bb (<i>Sonderauftrag<\/i>) tandis que les prisonniers charg\u00e9s de faire dispara\u00eetre les corps sont de \u00ab\u00a0corv\u00e9e sp\u00e9ciale\u00a0\u00bb. Ce souci du secret se poursuit jusqu&rsquo;\u00e0 la fin de la guerre\u00a0; face \u00e0 l&rsquo;avanc\u00e9e sovi\u00e9tique, les camps sont \u00e9vacu\u00e9s en urgence et l&rsquo;on cherche \u00e0 dissimuler les preuves. En 1944, Himmler ordonne des travaux de d\u00e9mant\u00e8lement des fours d&rsquo;Auschwitz, qui commencent d\u00e8s d\u00e9cembre 1944 jusqu&rsquo;\u00e0 ce que les structures soient purement et simplement dynamit\u00e9es en janvier 1945, mais l&rsquo;horreur des camps a d\u00e9j\u00e0 \u00e9t\u00e9 r\u00e9v\u00e9l\u00e9e \u00e0 mesure que les arm\u00e9es Alli\u00e9es progressaient sur le territoire du Reich.<\/span><\/p>\n<p lang=\"fr-FR\" align=\"justify\"><a title=\"Les camps de l\u2019Allemagne nazie (suite)\" href=\"http:\/\/blogs.univ-jfc.fr\/campsdusudouest\/le-phenomene-concentrationnaire\/les-camps-dinternement-de-1919-a-1945\/le-phenomene-concentrationaire-pendant-lentre-deux-guerres\/lengrenage-des-camps-dans-la-seconde-guerre-mondiale\/lengrenage-des-camps-dans-la-seconde-guerre-mondiale-suite\/les-camps-de-lallemagne-nazie\/les-camps-de-lallemagne-nazie-suite\/\">Lire la suite &#8230;<\/a><\/p>\n<p lang=\"fr-FR\" style=\"text-align: center\" align=\"justify\">________<\/p>\n<div id=\"sdfootnote1\">\n<p lang=\"fr-FR\"><a href=\"#sdfootnote1anc\" name=\"sdfootnote1sym\">1<\/a>: US Holocaust Memorial Museum<\/p>\n<\/div>\n","protected":false},"excerpt":{"rendered":"<p>&#8230;Page pr\u00e9c\u00e9dente \u00a0\u00a0\u00a0\u00a0\u00a0\u00a0\u00a0\u00a0\u00a0 Le fonctionnement des camps De 1933 \u00e0 1945, la fonction des camps nazis va consid\u00e9rablement \u00e9voluer. En effet, si l&rsquo;engrenage se met en place d\u00e8s 1933 et fonctionne pleinement jusqu&rsquo;en 1939, l&rsquo;entr\u00e9e en guerre de l&rsquo;Allemagne va &hellip; <a href=\"https:\/\/blogs.univ-jfc.fr\/campsdusudouest\/le-phenomene-concentrationnaire\/les-camps-dinternement-de-1919-a-1945\/le-phenomene-concentrationaire-pendant-lentre-deux-guerres\/lengrenage-des-camps-dans-la-seconde-guerre-mondiale\/lengrenage-des-camps-dans-la-seconde-guerre-mondiale-suite\/les-camps-de-lallemagne-nazie\/\">Lire la suite <span class=\"meta-nav\">&rarr;<\/span><\/a><\/p>\n","protected":false},"author":215,"featured_media":0,"parent":2088,"menu_order":0,"comment_status":"closed","ping_status":"open","template":"","meta":[],"_links":{"self":[{"href":"https:\/\/blogs.univ-jfc.fr\/campsdusudouest\/wp-json\/wp\/v2\/pages\/2416"}],"collection":[{"href":"https:\/\/blogs.univ-jfc.fr\/campsdusudouest\/wp-json\/wp\/v2\/pages"}],"about":[{"href":"https:\/\/blogs.univ-jfc.fr\/campsdusudouest\/wp-json\/wp\/v2\/types\/page"}],"author":[{"embeddable":true,"href":"https:\/\/blogs.univ-jfc.fr\/campsdusudouest\/wp-json\/wp\/v2\/users\/215"}],"replies":[{"embeddable":true,"href":"https:\/\/blogs.univ-jfc.fr\/campsdusudouest\/wp-json\/wp\/v2\/comments?post=2416"}],"version-history":[{"count":20,"href":"https:\/\/blogs.univ-jfc.fr\/campsdusudouest\/wp-json\/wp\/v2\/pages\/2416\/revisions"}],"predecessor-version":[{"id":4583,"href":"https:\/\/blogs.univ-jfc.fr\/campsdusudouest\/wp-json\/wp\/v2\/pages\/2416\/revisions\/4583"}],"up":[{"embeddable":true,"href":"https:\/\/blogs.univ-jfc.fr\/campsdusudouest\/wp-json\/wp\/v2\/pages\/2088"}],"wp:attachment":[{"href":"https:\/\/blogs.univ-jfc.fr\/campsdusudouest\/wp-json\/wp\/v2\/media?parent=2416"}],"curies":[{"name":"wp","href":"https:\/\/api.w.org\/{rel}","templated":true}]}}