{"id":60,"date":"2018-12-07T13:33:47","date_gmt":"2018-12-07T12:33:47","guid":{"rendered":"http:\/\/blogs.univ-jfc.fr\/dynamiquesurbaines\/?page_id=60"},"modified":"2018-12-07T13:36:33","modified_gmt":"2018-12-07T12:36:33","slug":"laleman","status":"publish","type":"page","link":"https:\/\/blogs.univ-jfc.fr\/dynamiquesurbaines\/laleman\/","title":{"rendered":"Marie-Christine Laleman"},"content":{"rendered":"<p align=\"justify\">Au XIIe si\u00e8cle d\u00e9j\u00e0, des t\u00e9moignages \u00e9crits citent des \u00ab maisons hautes comme des tours \u00bb qui dominaient cette ville importante du comt\u00e9 de Flandre et qui impressionnaient les commer\u00e7ants et autres visiteurs. Elles \u00e9taient construites en pierre du Tournaisis, un calcaire gris\u00e2tre amen\u00e9 par l\u2019Escaut, la rivi\u00e8re qui relie les villes de Gand (Gent) et de Tournai. Actuellement, les arch\u00e9ologues ont localis\u00e9 et document\u00e9 plus de 250 maisons, dont certaines ont conserv\u00e9 leur allure m\u00e9di\u00e9vale. Les recherches plus pouss\u00e9es de l\u2019Arch\u00e9ologie Urbaine ont permis de les situer dans un contexte \u00e0 la fois urbain et architectural, mais aussi d\u2019appr\u00e9hender leurs liens avec les b\u00e2tisseurs dont elles refl\u00e8tent la vie. En outre des fonctions r\u00e9sidentielles et \u00e9conomiques, il faut souligner la signification symbolique, traduite entre autres par l\u2019implantation, l\u2019am\u00e9nagement, la hauteur et des caract\u00e9ristiques architecturales telles des tours et des cr\u00e9neaux. La documentation arch\u00e9ologique se r\u00e9f\u00e8re aux \u00ab viri hereditarii \u00bb, une \u00e9lite urbaine compos\u00e9e de grands propri\u00e9taires terriens qui exportaient le drap \u00e0 travers toute l\u2019Europe et se retrouvaient au sein du gouvernement de leur ville affranchie. Au d\u00e9but du XIVe si\u00e8cle, des modifications politiques, institutionnelles et \u00e9conomiques ont engendr\u00e9 une nouvelle organisation de l\u2019agglom\u00e9ration urbaine. \u00c0 cette \u00e9poque, le r\u00f4le actif des maisons patriciennes en pierre s\u2019av\u00e8re d\u00e9pass\u00e9.<\/p>\n","protected":false},"excerpt":{"rendered":"<p>Au XIIe si\u00e8cle d\u00e9j\u00e0, des t\u00e9moignages \u00e9crits citent des \u00ab maisons hautes comme des tours \u00bb qui dominaient cette ville importante du comt\u00e9 de Flandre et qui impressionnaient les commer\u00e7ants et autres visiteurs. Elles \u00e9taient construites en pierre du Tournaisis, un calcaire gris\u00e2tre amen\u00e9 par l\u2019Escaut, la rivi\u00e8re qui relie les villes de Gand (Gent) &hellip; <\/p>\n<p class=\"link-more\"><a href=\"https:\/\/blogs.univ-jfc.fr\/dynamiquesurbaines\/laleman\/\" class=\"more-link\">Continuer la lecture<span class=\"screen-reader-text\"> de &laquo;&nbsp;Marie-Christine Laleman&nbsp;&raquo;<\/span><\/a><\/p>\n","protected":false},"author":20,"featured_media":0,"parent":0,"menu_order":0,"comment_status":"closed","ping_status":"closed","template":"","meta":[],"_links":{"self":[{"href":"https:\/\/blogs.univ-jfc.fr\/dynamiquesurbaines\/wp-json\/wp\/v2\/pages\/60"}],"collection":[{"href":"https:\/\/blogs.univ-jfc.fr\/dynamiquesurbaines\/wp-json\/wp\/v2\/pages"}],"about":[{"href":"https:\/\/blogs.univ-jfc.fr\/dynamiquesurbaines\/wp-json\/wp\/v2\/types\/page"}],"author":[{"embeddable":true,"href":"https:\/\/blogs.univ-jfc.fr\/dynamiquesurbaines\/wp-json\/wp\/v2\/users\/20"}],"replies":[{"embeddable":true,"href":"https:\/\/blogs.univ-jfc.fr\/dynamiquesurbaines\/wp-json\/wp\/v2\/comments?post=60"}],"version-history":[{"count":2,"href":"https:\/\/blogs.univ-jfc.fr\/dynamiquesurbaines\/wp-json\/wp\/v2\/pages\/60\/revisions"}],"predecessor-version":[{"id":66,"href":"https:\/\/blogs.univ-jfc.fr\/dynamiquesurbaines\/wp-json\/wp\/v2\/pages\/60\/revisions\/66"}],"wp:attachment":[{"href":"https:\/\/blogs.univ-jfc.fr\/dynamiquesurbaines\/wp-json\/wp\/v2\/media?parent=60"}],"curies":[{"name":"wp","href":"https:\/\/api.w.org\/{rel}","templated":true}]}}