{"id":2848,"date":"2024-03-02T07:12:50","date_gmt":"2024-03-02T06:12:50","guid":{"rendered":"http:\/\/blogs.univ-jfc.fr\/universitas\/?page_id=2848"},"modified":"2024-04-10T09:22:44","modified_gmt":"2024-04-10T07:22:44","slug":"espace-museal-de-la-cite-internationale-des-chercheurs-de-toulouse-2023","status":"publish","type":"page","link":"https:\/\/blogs.univ-jfc.fr\/universitas\/espace-museal-de-la-cite-internationale-des-chercheurs-de-toulouse-2023\/","title":{"rendered":"Espace mus\u00e9al de la Cit\u00e9 internationale des chercheurs de Toulouse (2023)"},"content":{"rendered":"\n<h4>La<a href=\"https:\/\/www.cite-internationale-toulouse.fr\/\" data-type=\"URL\" data-id=\"https:\/\/www.cite-internationale-toulouse.fr\/\"> <\/a>Cit\u00e9 internationale des chercheurs du 17 de la rue Sainte-Catherine dispose d&rsquo;un parcours mus\u00e9al, mis en place en 2023. L&rsquo;universit\u00e9 de Toulouse a souhait\u00e9 que ses textes soient accessibles en ligne.<\/h4>\n\n\n\n<hr class=\"wp-block-separator\" \/>\n\n\n\n<div class=\"wp-block-media-text alignwide is-stacked-on-mobile\" style=\"grid-template-columns:20% auto\"><figure class=\"wp-block-media-text__media\"><img loading=\"lazy\" width=\"1024\" height=\"768\" src=\"https:\/\/blogs.univ-jfc.fr\/universitas\/wp-content\/uploads\/sites\/73\/2024\/03\/accueil-1024x768.jpg\" alt=\"\" class=\"wp-image-3016 size-full\" srcset=\"https:\/\/blogs.univ-jfc.fr\/universitas\/wp-content\/uploads\/sites\/73\/2024\/03\/accueil-1024x768.jpg 1024w, https:\/\/blogs.univ-jfc.fr\/universitas\/wp-content\/uploads\/sites\/73\/2024\/03\/accueil-300x225.jpg 300w, https:\/\/blogs.univ-jfc.fr\/universitas\/wp-content\/uploads\/sites\/73\/2024\/03\/accueil-768x576.jpg 768w, https:\/\/blogs.univ-jfc.fr\/universitas\/wp-content\/uploads\/sites\/73\/2024\/03\/accueil-1536x1152.jpg 1536w, https:\/\/blogs.univ-jfc.fr\/universitas\/wp-content\/uploads\/sites\/73\/2024\/03\/accueil.jpg 2000w\" sizes=\"(max-width: 1024px) 100vw, 1024px\" \/><\/figure><div class=\"wp-block-media-text__content\">\n<p class=\"has-large-font-size\"><strong><a href=\"https:\/\/blogs.univ-jfc.fr\/universitas\/les-panneaux-de-laccueil\/\" data-type=\"URL\" data-id=\"https:\/\/blogs.univ-jfc.fr\/universitas\/les-panneaux-de-laccueil\/\">Le panneau de l&rsquo;accueil<\/a><\/strong><\/p>\n<\/div><\/div>\n\n\n\n<div class=\"wp-block-media-text alignwide is-stacked-on-mobile\" style=\"grid-template-columns:20% auto\"><figure class=\"wp-block-media-text__media\"><img loading=\"lazy\" width=\"800\" height=\"600\" src=\"https:\/\/blogs.univ-jfc.fr\/universitas\/wp-content\/uploads\/sites\/73\/2024\/03\/porche.jpg\" alt=\"\" class=\"wp-image-2962 size-full\" srcset=\"https:\/\/blogs.univ-jfc.fr\/universitas\/wp-content\/uploads\/sites\/73\/2024\/03\/porche.jpg 800w, https:\/\/blogs.univ-jfc.fr\/universitas\/wp-content\/uploads\/sites\/73\/2024\/03\/porche-300x225.jpg 300w, https:\/\/blogs.univ-jfc.fr\/universitas\/wp-content\/uploads\/sites\/73\/2024\/03\/porche-768x576.jpg 768w\" sizes=\"(max-width: 800px) 100vw, 800px\" \/><\/figure><div class=\"wp-block-media-text__content\">\n<p class=\"has-large-font-size\"><strong><a href=\"https:\/\/blogs.univ-jfc.fr\/universitas\/les-panneaux-du-porche\/\" data-type=\"URL\" data-id=\"https:\/\/blogs.univ-jfc.fr\/universitas\/les-panneaux-du-porche\/\">Les panneaux du porche<\/a><\/strong><\/p>\n<\/div><\/div>\n\n\n\n<hr class=\"wp-block-separator\" \/>\n\n\n\n<div class=\"wp-block-media-text alignwide is-stacked-on-mobile\" style=\"grid-template-columns:15% auto\"><figure class=\"wp-block-media-text__media\"><img loading=\"lazy\" width=\"500\" height=\"667\" src=\"https:\/\/blogs.univ-jfc.fr\/universitas\/wp-content\/uploads\/sites\/73\/2024\/03\/Allee-de-bustes-et-panneaux-Copie-rotated.jpg\" alt=\"\" class=\"wp-image-2882 size-full\" srcset=\"https:\/\/blogs.univ-jfc.fr\/universitas\/wp-content\/uploads\/sites\/73\/2024\/03\/Allee-de-bustes-et-panneaux-Copie-rotated.jpg 500w, https:\/\/blogs.univ-jfc.fr\/universitas\/wp-content\/uploads\/sites\/73\/2024\/03\/Allee-de-bustes-et-panneaux-Copie-225x300.jpg 225w\" sizes=\"(max-width: 500px) 100vw, 500px\" \/><\/figure><div class=\"wp-block-media-text__content\">\n<p class=\"has-text-align-center has-large-font-size\"><span class=\"has-inline-color has-light-orange-color\"><strong><a href=\"https:\/\/blogs.univ-jfc.fr\/universitas\/les-panneaux-historiques-de-la-venelle\/\" data-type=\"URL\" data-id=\"https:\/\/blogs.univ-jfc.fr\/universitas\/les-panneaux-historiques-de-la-venelle\/\">Les panneaux de la venelle<\/a><\/strong><\/span><\/p>\n<\/div><\/div>\n\n\n\n<hr class=\"wp-block-separator\" \/>\n\n\n\n<div class=\"wp-block-columns\">\n<div class=\"wp-block-column\" style=\"flex-basis:100%\"><\/div>\n<\/div>\n\n\n\n<div class=\"wp-block-media-text alignwide is-stacked-on-mobile\" style=\"grid-template-columns:22% auto\"><figure class=\"wp-block-media-text__media\"><img loading=\"lazy\" width=\"600\" height=\"399\" src=\"https:\/\/blogs.univ-jfc.fr\/universitas\/wp-content\/uploads\/sites\/73\/2024\/03\/Allee-de-bustes-Copie-1.jpg\" alt=\"\" class=\"wp-image-2908 size-full\" srcset=\"https:\/\/blogs.univ-jfc.fr\/universitas\/wp-content\/uploads\/sites\/73\/2024\/03\/Allee-de-bustes-Copie-1.jpg 600w, https:\/\/blogs.univ-jfc.fr\/universitas\/wp-content\/uploads\/sites\/73\/2024\/03\/Allee-de-bustes-Copie-1-300x200.jpg 300w\" sizes=\"(max-width: 600px) 100vw, 600px\" \/><\/figure><div class=\"wp-block-media-text__content\">\n<p class=\"has-large-font-size\"><span class=\"has-inline-color has-light-orange-color\"><strong><a href=\"https:\/\/blogs.univ-jfc.fr\/universitas\/wp-admin\/post.php?post=2924&amp;action=edit\" data-type=\"URL\" data-id=\"https:\/\/blogs.univ-jfc.fr\/universitas\/wp-admin\/post.php?post=2924&amp;action=edit\">Les bustes du jardin et de la venelle<\/a><\/strong><\/span><\/p>\n<\/div><\/div>\n\n\n\n<div class=\"wp-block-media-text alignwide is-stacked-on-mobile\" style=\"grid-template-columns:22% auto\"><figure class=\"wp-block-media-text__media\"><img loading=\"lazy\" width=\"700\" height=\"525\" src=\"https:\/\/blogs.univ-jfc.fr\/universitas\/wp-content\/uploads\/sites\/73\/2024\/03\/panneaux-int.jpg\" alt=\"\" class=\"wp-image-3002 size-full\" srcset=\"https:\/\/blogs.univ-jfc.fr\/universitas\/wp-content\/uploads\/sites\/73\/2024\/03\/panneaux-int.jpg 700w, https:\/\/blogs.univ-jfc.fr\/universitas\/wp-content\/uploads\/sites\/73\/2024\/03\/panneaux-int-300x225.jpg 300w\" sizes=\"(max-width: 700px) 100vw, 700px\" \/><\/figure><div class=\"wp-block-media-text__content\">\n<p class=\"has-large-font-size\"><strong><a href=\"https:\/\/blogs.univ-jfc.fr\/universitas\/les-panneaux-du-club-des-scientifiques\/\" data-type=\"URL\" data-id=\"https:\/\/blogs.univ-jfc.fr\/universitas\/les-panneaux-du-club-des-scientifiques\/\">Les panneaux du Club des scientifiques<\/a><\/strong><\/p>\n<\/div><\/div>\n\n\n\n<p><\/p>\n\n\n\n<p>La gestion des droits d&rsquo;utilisation des images pr\u00e9sent\u00e9es ici est faite par le Service Science avec et pour la soci\u00e9t\u00e9 &#8211; SAPS \/ D\u00e9partement Recherche Doctorat Valorisation &#8211; Universit\u00e9 de Toulouse [Sandrine Tomezak].<\/p>\n","protected":false},"excerpt":{"rendered":"<p>La Cit\u00e9 internationale des chercheurs du 17 de la rue Sainte-Catherine dispose d&rsquo;un parcours mus\u00e9al, mis en place en 2023. L&rsquo;universit\u00e9 de Toulouse a souhait\u00e9 que ses textes soient accessibles en ligne. Le panneau de l&rsquo;accueil Les panneaux du porche Les panneaux de la venelle Les bustes du jardin et de la venelle Les panneaux &hellip; <a href=\"https:\/\/blogs.univ-jfc.fr\/universitas\/espace-museal-de-la-cite-internationale-des-chercheurs-de-toulouse-2023\/\" class=\"more-link\">Continuer la lecture de <span class=\"screen-reader-text\">Espace mus\u00e9al de la Cit\u00e9 internationale des chercheurs de Toulouse (2023)<\/span> <span class=\"meta-nav\">&rarr;<\/span><\/a><\/p>\n","protected":false},"author":19,"featured_media":0,"parent":0,"menu_order":0,"comment_status":"closed","ping_status":"closed","template":"","meta":[],"_links":{"self":[{"href":"https:\/\/blogs.univ-jfc.fr\/universitas\/wp-json\/wp\/v2\/pages\/2848"}],"collection":[{"href":"https:\/\/blogs.univ-jfc.fr\/universitas\/wp-json\/wp\/v2\/pages"}],"about":[{"href":"https:\/\/blogs.univ-jfc.fr\/universitas\/wp-json\/wp\/v2\/types\/page"}],"author":[{"embeddable":true,"href":"https:\/\/blogs.univ-jfc.fr\/universitas\/wp-json\/wp\/v2\/users\/19"}],"replies":[{"embeddable":true,"href":"https:\/\/blogs.univ-jfc.fr\/universitas\/wp-json\/wp\/v2\/comments?post=2848"}],"version-history":[{"count":42,"href":"https:\/\/blogs.univ-jfc.fr\/universitas\/wp-json\/wp\/v2\/pages\/2848\/revisions"}],"predecessor-version":[{"id":3107,"href":"https:\/\/blogs.univ-jfc.fr\/universitas\/wp-json\/wp\/v2\/pages\/2848\/revisions\/3107"}],"wp:attachment":[{"href":"https:\/\/blogs.univ-jfc.fr\/universitas\/wp-json\/wp\/v2\/media?parent=2848"}],"curies":[{"name":"wp","href":"https:\/\/api.w.org\/{rel}","templated":true}]}}