{"id":651,"date":"2017-03-02T08:36:56","date_gmt":"2017-03-02T07:36:56","guid":{"rendered":"http:\/\/blogs.univ-jfc.fr\/vigneetvin\/?page_id=651"},"modified":"2017-03-30T08:04:18","modified_gmt":"2017-03-30T07:04:18","slug":"decret-de-domitien","status":"publish","type":"page","link":"https:\/\/blogs.univ-jfc.fr\/vigneetvin\/gaillac-et-le-vin\/une-histoire-du-vignoble-gaillacois\/leconomie-seculaire-du-vignoble-de-gaillac-aux-epoques-antiques-et-medievales\/la-production-du-vin-de-gaillac\/decret-de-domitien\/","title":{"rendered":"D\u00e9cret de Domitien"},"content":{"rendered":"<p align=\"justify\">Le D\u00e9cret de Domitien intervient en 92 apr\u00e8s J.-C. Ainsi l\u2019Empereur romain d\u00e9cide de faire arracher la moiti\u00e9 des vignes gauloises et d\u2019interdire la plantation de nouvelles vignes en Italie. Les raisons de cette d\u00e9cision sont multiples, la vigne rapportant plus que la culture de bl\u00e9, les cultures de bl\u00e9 sont devenues plus rares et des manques se font ressentir. Une autre raison est aussi \u00e9voqu\u00e9e, en effet, l\u2019Empereur romain aurait \u00e9galement voulu faire preuve de protectionnisme pour les vins italiens. Ce d\u00e9cret est assez impopulaire et il n\u2019a pas \u00e9t\u00e9 strictement appliqu\u00e9. Caracalla en 213 puis Probus en 276 et 282 lib\u00e9ralisent finalement la culture de la vigne.<\/p>\n<figure style=\"width: 300px\" class=\"wp-caption aligncenter\"><a href=\"http:\/\/blogs.univ-jfc.fr\/vigneetvin\/wp-content\/uploads\/sites\/56\/2017\/03\/Domitien.jpg\"><img loading=\"lazy\" class=\"wp-image-2629 size-medium\" src=\"http:\/\/blogs.univ-jfc.fr\/vigneetvin\/wp-content\/uploads\/sites\/56\/2017\/03\/Domitien-300x300.jpg\" alt=\"\" width=\"300\" height=\"300\" srcset=\"https:\/\/blogs.univ-jfc.fr\/vigneetvin\/wp-content\/uploads\/sites\/56\/2017\/03\/Domitien-300x300.jpg 300w, https:\/\/blogs.univ-jfc.fr\/vigneetvin\/wp-content\/uploads\/sites\/56\/2017\/03\/Domitien-150x150.jpg 150w, https:\/\/blogs.univ-jfc.fr\/vigneetvin\/wp-content\/uploads\/sites\/56\/2017\/03\/Domitien-1024x1019.jpg 1024w, https:\/\/blogs.univ-jfc.fr\/vigneetvin\/wp-content\/uploads\/sites\/56\/2017\/03\/Domitien.jpg 1066w\" sizes=\"(max-width: 300px) 100vw, 300px\" \/><\/a><figcaption class=\"wp-caption-text\">M\u00e9daille Domitien, reproduction de monnaie romaine.<\/figcaption><\/figure>\n<p align=\"justify\">\n","protected":false},"excerpt":{"rendered":"<p>Le D\u00e9cret de Domitien intervient en 92 apr\u00e8s J.-C. Ainsi l\u2019Empereur romain d\u00e9cide de faire arracher la moiti\u00e9 des vignes gauloises et d\u2019interdire la plantation de nouvelles vignes en Italie. Les raisons de cette d\u00e9cision sont multiples, la vigne rapportant plus que la culture de bl\u00e9, les cultures de bl\u00e9 sont devenues plus rares et &hellip; <a href=\"https:\/\/blogs.univ-jfc.fr\/vigneetvin\/gaillac-et-le-vin\/une-histoire-du-vignoble-gaillacois\/leconomie-seculaire-du-vignoble-de-gaillac-aux-epoques-antiques-et-medievales\/la-production-du-vin-de-gaillac\/decret-de-domitien\/\" class=\"more-link\">Continuer la lecture de <span class=\"screen-reader-text\">D\u00e9cret de Domitien<\/span> <span class=\"meta-nav\">&rarr;<\/span><\/a><\/p>\n","protected":false},"author":189,"featured_media":0,"parent":171,"menu_order":5,"comment_status":"closed","ping_status":"closed","template":"","meta":[],"_links":{"self":[{"href":"https:\/\/blogs.univ-jfc.fr\/vigneetvin\/wp-json\/wp\/v2\/pages\/651"}],"collection":[{"href":"https:\/\/blogs.univ-jfc.fr\/vigneetvin\/wp-json\/wp\/v2\/pages"}],"about":[{"href":"https:\/\/blogs.univ-jfc.fr\/vigneetvin\/wp-json\/wp\/v2\/types\/page"}],"author":[{"embeddable":true,"href":"https:\/\/blogs.univ-jfc.fr\/vigneetvin\/wp-json\/wp\/v2\/users\/189"}],"replies":[{"embeddable":true,"href":"https:\/\/blogs.univ-jfc.fr\/vigneetvin\/wp-json\/wp\/v2\/comments?post=651"}],"version-history":[{"count":9,"href":"https:\/\/blogs.univ-jfc.fr\/vigneetvin\/wp-json\/wp\/v2\/pages\/651\/revisions"}],"predecessor-version":[{"id":4294,"href":"https:\/\/blogs.univ-jfc.fr\/vigneetvin\/wp-json\/wp\/v2\/pages\/651\/revisions\/4294"}],"up":[{"embeddable":true,"href":"https:\/\/blogs.univ-jfc.fr\/vigneetvin\/wp-json\/wp\/v2\/pages\/171"}],"wp:attachment":[{"href":"https:\/\/blogs.univ-jfc.fr\/vigneetvin\/wp-json\/wp\/v2\/media?parent=651"}],"curies":[{"name":"wp","href":"https:\/\/api.w.org\/{rel}","templated":true}]}}