{"id":10169,"date":"2022-01-31T18:02:04","date_gmt":"2022-01-31T17:02:04","guid":{"rendered":"http:\/\/blogs.univ-jfc.fr\/vphn\/?page_id=10169"},"modified":"2022-01-31T18:03:22","modified_gmt":"2022-01-31T17:03:22","slug":"bertrand-clauzel","status":"publish","type":"page","link":"https:\/\/blogs.univ-jfc.fr\/vphn\/bertrand-clauzel\/","title":{"rendered":"Bertrand Clauzel"},"content":{"rendered":"\n<p>Bertrand Clauzel, n\u00e9 le 12 septembre 1772 est un g\u00e9n\u00e9ral fran\u00e7ais de la r\u00e9volution et de l\u2019Empire, il a \u00e9t\u00e9 anobli par Napol\u00e9on puis fait mar\u00e9chal par Louis-Philippe.<\/p>\n\n\n\n<p>Il est impliqu\u00e9 dans les guerres r\u00e9volutionnaires, les guerres napol\u00e9oniennes et la conqu\u00eate de l\u2019Alg\u00e9rie.<\/p>\n\n\n\n<p>Pour ses services il est d\u00e9cor\u00e9 de la Grande Croix de la L\u00e9gion d\u2019honneur et fait chevalier de Saint Louis.<\/p>\n\n\n\n<figure class=\"wp-block-image size-large\"><img loading=\"lazy\" width=\"150\" height=\"197\" src=\"https:\/\/blogs.univ-jfc.fr\/vphn\/wp-content\/uploads\/sites\/65\/2022\/01\/image-2.png\" alt=\"\" class=\"wp-image-10170\" \/><figcaption><em>G\u00e9n\u00e9ral Bertrand Clauzel (1772-1842), comte d&rsquo;Empire, alors capitaine Clauzel du 43<\/em><sup><em>e<\/em><\/sup><em>de ligne en 1792(Georges Rouget),salle 1792 ch\u00e2teau de Versailles.<\/em><\/figcaption><\/figure>\n","protected":false},"excerpt":{"rendered":"<p>Bertrand Clauzel, n\u00e9 le 12 septembre 1772 est un g\u00e9n\u00e9ral fran\u00e7ais de la r\u00e9volution et de l\u2019Empire, il a \u00e9t\u00e9 anobli par Napol\u00e9on puis fait mar\u00e9chal par Louis-Philippe. Il est impliqu\u00e9 dans les guerres r\u00e9volutionnaires, les guerres napol\u00e9oniennes et la conqu\u00eate de l\u2019Alg\u00e9rie. Pour ses services il est d\u00e9cor\u00e9 de la Grande Croix de la &hellip; <\/p>\n<p class=\"link-more\"><a href=\"https:\/\/blogs.univ-jfc.fr\/vphn\/bertrand-clauzel\/\" class=\"more-link\">Continuer la lecture<span class=\"screen-reader-text\"> de &laquo;&nbsp;Bertrand Clauzel&nbsp;&raquo;<\/span><\/a><\/p>\n","protected":false},"author":822,"featured_media":0,"parent":0,"menu_order":0,"comment_status":"closed","ping_status":"closed","template":"","meta":[],"_links":{"self":[{"href":"https:\/\/blogs.univ-jfc.fr\/vphn\/wp-json\/wp\/v2\/pages\/10169"}],"collection":[{"href":"https:\/\/blogs.univ-jfc.fr\/vphn\/wp-json\/wp\/v2\/pages"}],"about":[{"href":"https:\/\/blogs.univ-jfc.fr\/vphn\/wp-json\/wp\/v2\/types\/page"}],"author":[{"embeddable":true,"href":"https:\/\/blogs.univ-jfc.fr\/vphn\/wp-json\/wp\/v2\/users\/822"}],"replies":[{"embeddable":true,"href":"https:\/\/blogs.univ-jfc.fr\/vphn\/wp-json\/wp\/v2\/comments?post=10169"}],"version-history":[{"count":2,"href":"https:\/\/blogs.univ-jfc.fr\/vphn\/wp-json\/wp\/v2\/pages\/10169\/revisions"}],"predecessor-version":[{"id":10175,"href":"https:\/\/blogs.univ-jfc.fr\/vphn\/wp-json\/wp\/v2\/pages\/10169\/revisions\/10175"}],"wp:attachment":[{"href":"https:\/\/blogs.univ-jfc.fr\/vphn\/wp-json\/wp\/v2\/media?parent=10169"}],"curies":[{"name":"wp","href":"https:\/\/api.w.org\/{rel}","templated":true}]}}