{"id":2203,"date":"2019-01-16T08:26:48","date_gmt":"2019-01-16T07:26:48","guid":{"rendered":"http:\/\/blogs.univ-jfc.fr\/vphn\/?page_id=2203"},"modified":"2019-02-13T16:52:30","modified_gmt":"2019-02-13T15:52:30","slug":"un-anarchiste-espagnol-alfonso","status":"publish","type":"page","link":"https:\/\/blogs.univ-jfc.fr\/vphn\/projets-specifiques\/projet-septfonds-2018-2019\/un-anarchiste-espagnol-alfonso\/","title":{"rendered":"UN ANARCHISTE ESPAGNOL\u00ab ALFONSO \u00bb"},"content":{"rendered":"<p align=\"justify\"><span style=\"font-family: Times New Roman, serif\">Et si nous vous proposions de plonger dans le p\u00e9riple d&rsquo;un jeune anarchiste espagnol \u00e0 la fois t\u00e9moins et acteur de la guerre civile espagnole, l&rsquo;exil et de l&rsquo;internement aux camps ? Voici l&rsquo;histoire Alfonso Mata&#8230;<\/span><\/p>\n<p><!-- Proposez une iconographie de Barcelone \u00e0 cette \u00e9poque. --><span style=\"font-family: Times New Roman, serif\"> N\u00e9 dans une famille prol\u00e9taire \u00e0 Barcelone (Espagne), Alfonso Mata voit le jour le 6 octobre 1914. Il est le dernier de la fratrie. D\u00e8s l\u2019adolescence, \u00e0 16 ans, Alfonso travaille dans une usine de textile (qui fabrique des maillots de corps). C\u2019est dans ce monde ouvrier qu\u2019il est <\/span><span style=\"font-family: Times New Roman, serif\">influenc\u00e9 par les autres travailleurs. En r\u00e9alit\u00e9, les id\u00e9es qu\u2019il entend dans son usine, sont les m\u00eames que celles de son p\u00e8re militant au <a href=\"http:\/\/www.cnt-f.org\/presentation.html\">CNT<\/a><\/span><!-- Pr\u00e9voir un lien vers une page d\u2019explication de ce qu\u2019est la CNT avec des photos. --><span style=\"font-family: Times New Roman, serif\"> (Confederaci\u00f3n Nacional del Trabajo). Ainsi adopte<\/span><span style=\"font-family: Times New Roman, serif\">-t<\/span><span style=\"font-family: Times New Roman, serif\">-il rapidement des id\u00e9es de gauche. D\u00e8s sa majorit\u00e9, Alfonso adh\u00e8re, lui aussi, au CNT.<\/span><\/p>\n<figure id=\"attachment_2908\" aria-describedby=\"caption-attachment-2908\" style=\"width: 300px\" class=\"wp-caption alignnone\"><img loading=\"lazy\" class=\"size-medium wp-image-2908\" src=\"http:\/\/blogs.univ-jfc.fr\/vphn\/wp-content\/uploads\/sites\/65\/2019\/01\/port-de-barcelone-1930-cpm038-300x232.jpg\" alt=\"\" width=\"300\" height=\"232\" srcset=\"https:\/\/blogs.univ-jfc.fr\/vphn\/wp-content\/uploads\/sites\/65\/2019\/01\/port-de-barcelone-1930-cpm038-300x232.jpg 300w, https:\/\/blogs.univ-jfc.fr\/vphn\/wp-content\/uploads\/sites\/65\/2019\/01\/port-de-barcelone-1930-cpm038-768x594.jpg 768w, https:\/\/blogs.univ-jfc.fr\/vphn\/wp-content\/uploads\/sites\/65\/2019\/01\/port-de-barcelone-1930-cpm038-1024x792.jpg 1024w, https:\/\/blogs.univ-jfc.fr\/vphn\/wp-content\/uploads\/sites\/65\/2019\/01\/port-de-barcelone-1930-cpm038.jpg 1300w\" sizes=\"(max-width: 300px) 100vw, 300px\" \/><figcaption id=\"caption-attachment-2908\" class=\"wp-caption-text\">L\u00e9gende :\u00a0 Scherl\/S\u00fcddeutsche Zeitung<\/figcaption><\/figure>\n<p align=\"justify\"><span style=\"font-family: Times New Roman, serif\">Sa vie pendant la <a href=\"http:\/\/blogs.univ-jfc.fr\/vphn\/projets-specifiques\/projet-septfonds-2018-2019\/un-anarchiste-espagnol-alfonso\/guerre-civile-espagnole-2\/\" target=\"_blank\" rel=\"noopener noreferrer\">guerre civile espagnole<\/a><\/span><!-- Proposez un lien sur une page fournie qui explique ce qu\u2019est la guerre civile espagnole, elle-m\u00eame avec des liens vers des sites de r\u00e9f\u00e9rence. --><span style=\"font-family: Times New Roman, serif\"> est marqu\u00e9e par son engagement. <\/span><span style=\"font-family: Times New Roman, serif\">La guerre civile espag<\/span><span style=\"font-family: Times New Roman, serif\">n<\/span><span style=\"font-family: Times New Roman, serif\">ole <\/span><span style=\"font-family: Times New Roman, serif\">est<\/span><span style=\"font-family: Times New Roman, serif\"> un<\/span> <span style=\"font-family: Times New Roman, serif\">conflit<\/span><span style=\"font-family: Times New Roman, serif\"> qui <\/span><span style=\"font-family: Times New Roman, serif\">s\u2019\u00e9tend du 17 juillet 1936 au 1<\/span><sup><span style=\"font-family: Times New Roman, serif\">er<\/span><\/sup><span style=\"font-family: Times New Roman, serif\"> avril 1939. <\/span><span style=\"font-family: Times New Roman, serif\">C\u2019est un coup d\u2019\u00c9tat militaire partiellement rat\u00e9 de la part d<\/span><span style=\"font-family: Times New Roman, serif\">u g\u00e9n\u00e9ral <\/span><span style=\"font-family: Times New Roman, serif\">Franco qui en est \u00e0 l\u2019origine. <\/span><span style=\"font-family: Times New Roman, serif\">Elle<\/span><span style=\"font-family: Times New Roman, serif\"> oppose deux camps\u00a0: les r\u00e9publicains (orient\u00e9s \u00e0 gauche voire \u00e0 l\u2019extr\u00eame gauche) au camp nationaliste (orient\u00e9 \u00e0 droite voire \u00e0 l\u2019extr\u00eame droite).<\/span> <span style=\"font-family: Times New Roman, serif\">Durant cette guerre, Alfonso Mata<\/span><span style=\"font-family: Times New Roman, serif\"> fait partie de la milice conf\u00e9d\u00e9ral<\/span><span style=\"font-family: Times New Roman, serif\">e. Compos\u00e9e de milices anarcho-syndicalistes et anarchistes, c&rsquo;est une troupe de citoyens destin\u00e9e \u00e0 renforcer l&rsquo;arm\u00e9e r\u00e9guli\u00e8re ou la police.<\/span><span style=\"font-family: Times New Roman, serif\"> Le 19 juillet 1936, il int\u00e8gre donc un peloton de 25 hommes qui s\u2019arme contre le camp franquiste qui s\u2019est insurg\u00e9 contre la R\u00e9publique. Fin juillet d\u00e9but ao\u00fbt 1936, Alfonso part sur le front d\u2019Aragon. Il participe \u00e0 la bataille de l\u2019Ebre jusqu\u2019au 16 novembre 1938, mais d\u00e9cide, en raison de la situation de plus en plus d\u00e9favorable aux r\u00e9publicains espagnols, de se replier \u00e0 Barcelone. La victoire franquiste devenant imminente, il prend la route de l\u2019exil d\u00e8s le 20 janvier 1939.<\/span><\/p>\n<p><span style=\"font-family: Times New Roman, serif\">Le d\u00e9part en <a href=\"http:\/\/www.histoire-immigration.fr\/dossiers-thematiques\/caracteristiques-migratoires-selon-les-pays-d-origine\/la-retirada-ou-l-exil\">exil<\/a> d\u00e9bute r\u00e9ellement le 21 janvier, de Barcelone \u00e0 G\u00e9rone, il effectue le trajet \u00e0 pied dans un froid absolu<\/span><!-- PROPOSEZ DES PHOTOS, des liens --><span style=\"font-family: Times New Roman, serif\">. Une fois arriv\u00e9 \u00e0 Figueras, il traverse les Pyr\u00e9n\u00e9es jusqu\u2019\u00e0 Port Bou qu\u2019il atteindra le 3 f\u00e9vrier 1939 (la fronti\u00e8re avec la France). <\/span><span style=\"font-family: Times New Roman, serif\">La fronti\u00e8re reste ferm\u00e9e pour lui, car c\u2019est un ancien combattant. <\/span><span style=\"font-family: Times New Roman, serif\">L\u2019\u00c9tat fran\u00e7ais ne d\u00e9cide d\u2019ouvrir sa fronti\u00e8re aux anciens combattant<\/span><span style=\"font-family: Times New Roman, serif\">s<\/span><span style=\"font-family: Times New Roman, serif\"> qu\u2019\u00e0 partir du 5 f\u00e9vrier. <\/span><span style=\"font-family: Times New Roman, serif\">Fuir la r\u00e9pression franquiste vers la France a \u00e9t\u00e9 la solution adopt\u00e9e par nombre de r\u00e9publicains comme Alfonso.<\/span><span style=\"font-family: Times New Roman, serif\"> Il entre <\/span><span style=\"font-family: Times New Roman, serif\">donc<\/span><span style=\"font-family: Times New Roman, serif\"> en France par le Cerb\u00e8re deux jours plus tard. L\u2019entr\u00e9e s\u2019effectue sous le contr\u00f4le et sous la surveillance de soldats fran\u00e7ais et de tirailleurs s\u00e9n\u00e9galais<\/span><!-- Attention, il faut dire un mot sur l\u2019installation en Espagne du r\u00e9gime franquiste qui affecte Alfonso. --><span style=\"font-family: Times New Roman, serif\">. <\/span><span style=\"font-family: Times New Roman, serif\">M\u00eame si physiquement Alfonso se trouve d\u00e9sormais de l\u2019autre c\u00f4t\u00e9 de la fronti\u00e8re, ses pens\u00e9es vont \u00e0 ses proches demeur\u00e9s en Espagne et qui sont t\u00e9moins de l\u2019installation du r\u00e9gime franquiste.<\/span><span style=\"font-family: Times New Roman, serif\"><br \/>\nD\u00e8s le lendemain, le 6 f\u00e9vrier 1939, Alfonso prend la route, \u00e0 pied, avec ses compagnons, vers le camp d\u2019Argel\u00e8s-sur-Mer\u00a0: il passe par Banyuls puis Collioure et arrive le soir m\u00eame au camp d\u2019Argel\u00e8s-sur-Mer, install\u00e9 sur la plage. Les d\u00e9placements s\u2019effectuent toujours en pr\u00e9sence de tirailleurs s\u00e9n\u00e9galais et de la gendarmerie fran\u00e7aise. Quand Alfonso et les autres r\u00e9fugi\u00e9s arrivent \u00e0 Argel\u00e8s-sur-Mer, rien n\u2019a \u00e9t\u00e9 pr\u00e9vu pour les accueillir<\/span><!-- Proposez des photos, des liens. --><span style=\"font-family: Times New Roman, serif\">.<\/span><\/p>\n<p><span style=\"font-family: Times New Roman, serif\">Il n\u2019y a pas de baraquements. Il dort \u00e0 m\u00eame le sable et souffre du froid et du vent qui balaie les lieux.<\/span><\/p>\n<figure id=\"attachment_2926\" aria-describedby=\"caption-attachment-2926\" style=\"width: 300px\" class=\"wp-caption alignnone\"><img loading=\"lazy\" class=\"size-medium wp-image-2926\" src=\"http:\/\/blogs.univ-jfc.fr\/vphn\/wp-content\/uploads\/sites\/65\/2019\/01\/Camp-dArgel\u00e8s1-300x187.jpg\" alt=\"\" width=\"300\" height=\"187\" srcset=\"https:\/\/blogs.univ-jfc.fr\/vphn\/wp-content\/uploads\/sites\/65\/2019\/01\/Camp-dArgel\u00e8s1-300x187.jpg 300w, https:\/\/blogs.univ-jfc.fr\/vphn\/wp-content\/uploads\/sites\/65\/2019\/01\/Camp-dArgel\u00e8s1.jpg 630w\" sizes=\"(max-width: 300px) 100vw, 300px\" \/><figcaption id=\"caption-attachment-2926\" class=\"wp-caption-text\">Les r\u00e9fugi\u00e9s espagnols dans le camp d&rsquo;Argel\u00e8s-sur-Mer, uniquement prot\u00e9g\u00e9s par des tentes.Source : Le journal catalan (en ligne)<\/figcaption><\/figure>\n<figure id=\"attachment_2929\" aria-describedby=\"caption-attachment-2929\" style=\"width: 300px\" class=\"wp-caption alignnone\"><img loading=\"lazy\" class=\"size-medium wp-image-2929\" src=\"http:\/\/blogs.univ-jfc.fr\/vphn\/wp-content\/uploads\/sites\/65\/2019\/01\/argeles_campo-300x179.jpg\" alt=\"\" width=\"300\" height=\"179\" srcset=\"https:\/\/blogs.univ-jfc.fr\/vphn\/wp-content\/uploads\/sites\/65\/2019\/01\/argeles_campo-300x179.jpg 300w, https:\/\/blogs.univ-jfc.fr\/vphn\/wp-content\/uploads\/sites\/65\/2019\/01\/argeles_campo-768x457.jpg 768w, https:\/\/blogs.univ-jfc.fr\/vphn\/wp-content\/uploads\/sites\/65\/2019\/01\/argeles_campo-1024x610.jpg 1024w, https:\/\/blogs.univ-jfc.fr\/vphn\/wp-content\/uploads\/sites\/65\/2019\/01\/argeles_campo.jpg 1386w\" sizes=\"(max-width: 300px) 100vw, 300px\" \/><figcaption id=\"caption-attachment-2929\" class=\"wp-caption-text\">Les r\u00e9fugi\u00e9s doivent creuser le sol pour se prot\u00e9ger un peu. Source : <del><\/del><\/figcaption><\/figure>\n<p><span style=\"font-family: Times New Roman, serif\">\u00a0En mars 1939, il est transf\u00e9r\u00e9 au <a href=\"http:\/\/www.cheminsdememoire.gouv.fr\/fr\/camp-dinternement-du-vernet-dariege\">camp de Vernet<\/a><\/span><!-- Proposez un lien, une photo. --><span style=\"font-family: Times New Roman, serif\">. <\/span><\/p>\n<p>&nbsp;<\/p>\n<p>&nbsp;<\/p>\n<figure id=\"attachment_2931\" aria-describedby=\"caption-attachment-2931\" style=\"width: 300px\" class=\"wp-caption alignnone\"><img loading=\"lazy\" class=\"size-medium wp-image-2931\" src=\"http:\/\/blogs.univ-jfc.fr\/vphn\/wp-content\/uploads\/sites\/65\/2019\/01\/camp-vernet-300x199.jpg\" alt=\"\" width=\"300\" height=\"199\" srcset=\"https:\/\/blogs.univ-jfc.fr\/vphn\/wp-content\/uploads\/sites\/65\/2019\/01\/camp-vernet-300x199.jpg 300w, https:\/\/blogs.univ-jfc.fr\/vphn\/wp-content\/uploads\/sites\/65\/2019\/01\/camp-vernet.jpg 700w\" sizes=\"(max-width: 300px) 100vw, 300px\" \/><figcaption id=\"caption-attachment-2931\" class=\"wp-caption-text\">Photographie du camp du Vernet. Source : Le Courrier des Deux-guerres (en ligne)<\/figcaption><\/figure>\n<p><span style=\"font-family: Times New Roman, serif\">Le 12 avril un d\u00e9cret du pr\u00e9sident de la R\u00e9publique oblige les hommes intern\u00e9s dans les camps \u00e0 travailler dans les<a href=\"https:\/\/prisons-cherche-midi-mauzac.com\/varia\/creation-des-compagnies-et-des-groupements-de-travailleurs-etrangers%C2%A0en-surnombre-dans-leconomie-nationale-7680\"> CTE (Compagnie de Travailleurs \u00c9trangers<\/a><\/span><!-- Proposez un lien avec une notice d\u2019explication sur ces CTE. --><!-- Proposez une carte de localisation, quelques photos. --><span style=\"font-family: Times New Roman, serif\">). Le camp du Vernet \u00e9tant encombr\u00e9, Alfonso figure parmi ceux qui sont envoy\u00e9s au camp de Septfonds.<\/span><\/p>\n<figure id=\"attachment_2981\" aria-describedby=\"caption-attachment-2981\" style=\"width: 300px\" class=\"wp-caption alignnone\"><img loading=\"lazy\" class=\"size-medium wp-image-2981\" src=\"http:\/\/blogs.univ-jfc.fr\/vphn\/wp-content\/uploads\/sites\/65\/2019\/01\/1239098150_35entree_du_camp-300x194.jpg\" alt=\"\" width=\"300\" height=\"194\" srcset=\"https:\/\/blogs.univ-jfc.fr\/vphn\/wp-content\/uploads\/sites\/65\/2019\/01\/1239098150_35entree_du_camp-300x194.jpg 300w, https:\/\/blogs.univ-jfc.fr\/vphn\/wp-content\/uploads\/sites\/65\/2019\/01\/1239098150_35entree_du_camp.jpg 500w\" sizes=\"(max-width: 300px) 100vw, 300px\" \/><figcaption id=\"caption-attachment-2981\" class=\"wp-caption-text\">Carte postale du camp de Septfonds<br \/>cr\u00e9dit photo : D.R<\/figcaption><\/figure>\n<p align=\"justify\"><span style=\"font-family: Times New Roman, serif\"> C\u2019est un camp situ\u00e9 dans le Tarn-et-Garonne. On l\u2019appelle aussi le camp de Judes.<\/span><\/p>\n<p align=\"justify\"><span style=\"font-family: Times New Roman, serif\">D\u00e8s son arriv\u00e9e le 6 juin 1939, il est int\u00e9gr\u00e9 \u00e0 une compagnie de travailleurs \u00e9trangers. On lui explique que le Gouvernement a fix\u00e9 depuis plusieurs mois (avril 1939) des obligations aux \u00e9trangers r\u00e9fugi\u00e9s, d\u00e9sormais assujettis \u00e0 offrir des prestations d\u2019une dur\u00e9e \u00e9gale au service militaire fran\u00e7ais, et que cette obligation se fait dans une CTE. Comme ses compatriotes, il s\u2019engage donc.<\/span><\/p>\n<p align=\"justify\"><span style=\"font-family: Times New Roman, serif\">Ces compagnies ont \u00e9t\u00e9 cr\u00e9\u00e9es pour pouvoir utiliser la main d&rsquo;\u0153uvre des r\u00e9fugi\u00e9s r\u00e9publicains espagnols, afin de r\u00e9duire au maximum le co\u00fbt de leur entretien. Alfonso est du m\u00eame avis que ses compatriotes\u00a0: si beaucoup s\u2019engagent pour \u00e9chapper au camp, ces CTE ressemblent \u00e0 de l\u2019esclavage moderne. On lui raconte les s\u00e9lections humiliantes de<\/span><span style=\"font-family: Times New Roman, serif\">s fermiers qui choisissent les hommes en bonne sant\u00e9. Pour les syndicalistes et les hommes de gauche, c\u2019est tr\u00e8s dur.<\/span><\/p>\n<p align=\"justify\"><span style=\"font-family: Times New Roman, serif\">Alfonso se rend compte que le camp est une vraie plateforme de s\u00e9lection et d\u2019orientation des ouvriers. L\u2019Inspection du travail leur fait passer des tests pour v\u00e9rifier leurs comp\u00e9tences techniques, puis on les envoie ailleurs, parfois dans des r\u00e9gions <\/span><span style=\"font-family: Times New Roman, serif\">\u00e9loign\u00e9es<\/span><span style=\"font-family: Times New Roman, serif\">. Il sait que ses compatriotes sont envoy\u00e9s dans des fermes, dans des entreprises, dans des mines (Les Houill\u00e8res de Decazeville, La Soci\u00e9t\u00e9 mini\u00e8re de Roquelaure en Ari\u00e8ge), la sid\u00e9rurgie (dans la Ni\u00e8vre ou les forges de Geugnon en Sa\u00f4ne-et-Loire)\u2026 Selon le travail, les hommes partent la journ\u00e9e, sont log\u00e9s par leur patron (par exemple dans la ferme), partent plus loin et ne reviennent pas au camp. Alfonso travaille, lui, en tant que cuisinier \u00e0 l\u2019h\u00f4pital de Septfonds en dehors du camp. Il y passe la journ\u00e9e mais rentre le soir au camp<\/span><!-- Attention, vous avez compl\u00e9tement \u00ab\u00a0zapp\u00e9\u00a0\u00bb le d\u00e9clenchement de la Deuxi\u00e8me Guerre mondiale. --><span style=\"font-family: Times New Roman, serif\">.<\/span><\/p>\n<p align=\"justify\"><span style=\"font-family: Times New Roman, serif\">Pendant ce temps, la France est entr\u00e9e dans une p\u00e9riode difficile, la <a href=\"https:\/\/www.herodote.net\/1939_1945-synthese-197.php\">Seconde Guerre Mondiale<\/a> o\u00f9 elle s&rsquo;engage aupr\u00e8s des forces alli\u00e9es contre l&rsquo;Axe. Cette guerre implique toutes les grandes puissances et touche quasiment tous les continents du 1er septembre 1939 au 2 septembre 1945.<\/span><\/p>\n<p><span style=\"font-family: Times New Roman, serif\">En janvier 1940, le camp change de fonction, avec la d\u00e9claration de guerre, l\u2019enr\u00f4lement dans les CTE devient obligatoire quand les autorit\u00e9s veulent interner d\u2019autres cat\u00e9gories de personnes. On assiste \u00e0 l\u2019\u00e9vacuation progressive mais pas totale des Espagnols du camp vers d\u2019autres camps.<br \/>\n<\/span><\/p>\n<p align=\"justify\"><span style=\"font-family: Times New Roman, serif\">Alfonso, lui, reste au camp de Septfonds. <\/span><\/p>\n<p align=\"justify\"><span style=\"font-family: Times New Roman, serif\">D\u00e8s mars 1940, le camp devient un centre d\u2019entra<\/span><span style=\"font-family: Times New Roman, serif\">\u00ee<\/span><span style=\"font-family: Times New Roman, serif\">nement pour les \u00e9trangers d\u00e9sireux de s\u2019engager dans les \u00ab\u00a0r\u00e9giments de marche de volontaires \u00e9trangers.<br \/>\nEn juillet 1940, <\/span><span style=\"font-family: Times New Roman, serif\">Alfonso apprend qu\u2019il est possible de retrouver une vie normale, hors du camp pour les Espagnols qui peuvent \u00eatre admis librement \u00e0 r\u00e9sidence. Il faut pour cela ne pas \u00eatre dangereux pour la s\u00e9curit\u00e9 publique et justifier de moyens d\u2019existence (contrat de travail). Lui ne peut pas produire de contrat et en tant qu\u2019anarchiste, il demeure suspect. Il reste donc au camp.<br \/>\nLe 27 septembre 1940, Alfonso assiste \u00e0 la s<\/span><span style=\"font-family: Times New Roman, serif\">uppression des compagnies de travailleurs \u00e9trangers remplac\u00e9es par des groupements de travailleurs \u00e9trangers. Ils sont rattach\u00e9s au Commissariat \u00e0 la lutte contre le ch\u00f4mage, division du minist\u00e8re du travail. En application de la loi portant cr\u00e9ation des GTE, trois groupes sont form\u00e9s au camp de Septfonds dont les groupes 552 et 533 compos\u00e9s d\u2019Espagnols. Quant \u00e0 Alfonso, il est affect\u00e9 au groupe 533. Il reste travailler \u00e0 l\u2019h\u00f4pital mais ses compagnons sont employ\u00e9s \u00e0 l\u2019am\u00e9nagement des routes, \u00e0 la construction des barrages, \u00e0 la coupe du bois, au travail dans des fermes, \u00e0 l\u2019am\u00e9nagement des routes. Comme pour les CTE, certains rentrent le soir (comme Alfonso), d\u2019autres vont dormir chez leur patron, ou dans des logements individuels en ville, tout en restant attach\u00e9s administrativement au camp. Ceux plac\u00e9s individuellement dans l\u2019agriculture \u00e9taient log\u00e9s, nourris par leur patron et recevaient 10 F par jour.<br \/>\nEn janvier 1942, le camp change encore une fois de fonction, il devient centre de triage r\u00e9gional pour les \u00e9trangers ind\u00e9sirables ou en situation irr\u00e9guli\u00e8re. Le mois d\u2019avril est marqu\u00e9 par le d\u00e9part d\u2019Alfon<\/span><span style=\"font-family: Times New Roman, serif\">s<\/span><span style=\"font-family: Times New Roman, serif\">o pour R\u00e9alville. Il finit, donc, lui aussi, par quitter le camp, le GTE 533 et son travail \u00e0 l\u2019h\u00f4pital<\/span><span style=\"font-size: xx-small\"><!-- D\u00e9j\u00e0 dit, vous vous r\u00e9p\u00e9tez. --><\/span><span style=\"font-family: Times New Roman, serif\">.<\/span><\/p>\n<p align=\"justify\"><span style=\"font-family: Times New Roman, serif\">C\u2019est parce que le groupement des travailleurs \u00e9trangers auquel il \u00e9tait affect\u00e9 a chang\u00e9 de lieu g\u00e9ographique, qu\u2019il est dans l\u2019obligation de quitter son travail au sein de l\u2019h\u00f4pital de Septfonds. Il est donc recrut\u00e9 par un particulier Mr <\/span><span style=\"font-family: Times New Roman, serif\">Aubry<\/span><!-- C\u2019est son vrai nom\u00a0? Si oui, il faut en changer. --><span style=\"font-family: Times New Roman, serif\"> pour une dur\u00e9e de 2 ans. Il lui offre un emploi (cultiver ses terres) et un toit et l\u2019aide \u00e0 trouver un futur m\u00e9tier mieux r\u00e9mun\u00e9r\u00e9.<br \/>\nR\u00e9alville marque un tournant dans sa vie car il y rencontrera Jeanne sa future \u00e9pouse avec laquelle il se marie 2 ans plus tard. Le 8 d\u00e9cembre 1944 il trouve un travail sur Toulouse, il est embauch\u00e9 au grand h\u00f4tel de Toulouse rue de Metz en tant que cuisinier p\u00e2tissier. Il y travaillera jusqu\u2019\u00e0 d\u00e9but juin 1945 au salaire mensuel de 4000 francs. <\/span><\/p>\n<p align=\"justify\"><span style=\"font-family: Times New Roman, serif\">De retour \u00e0 R\u00e9alville il ach\u00e8te un local et ouvre sa boulangerie (gr\u00e2ce \u00e0 l\u2019\u00e9conomie qu\u2019il a pu r\u00e9aliser de par son travail \u00e0 Toulouse)<\/span><\/p>\n<p align=\"justify\"><span style=\"font-family: Times New Roman, serif\">Il est un exemple de ceux que le passage par Septfonds a durablement implant\u00e9s dans le Sud-Ouest. Alfonso, en effet, ne retourne pas dans l\u2019Espagne d\u00e9sormais franquiste et qui le reste apr\u00e8s la fin de la Guerre, la priorit\u00e9 \u00e9tant alors la Guerre froide.<\/span><\/p>\n<p><a href=\"http:\/\/blogs.univ-jfc.fr\/vphn\/bibliographie\/\">Bibliographie<\/a><\/p>\n","protected":false},"excerpt":{"rendered":"<p>Et si nous vous proposions de plonger dans le p\u00e9riple d&rsquo;un jeune anarchiste espagnol \u00e0 la fois t\u00e9moins et acteur de la guerre civile espagnole, l&rsquo;exil et de l&rsquo;internement aux camps ? Voici l&rsquo;histoire Alfonso Mata&#8230; N\u00e9 dans une famille prol\u00e9taire \u00e0 Barcelone (Espagne), Alfonso Mata voit le jour le 6 octobre 1914. Il est &hellip; <\/p>\n<p class=\"link-more\"><a href=\"https:\/\/blogs.univ-jfc.fr\/vphn\/projets-specifiques\/projet-septfonds-2018-2019\/un-anarchiste-espagnol-alfonso\/\" class=\"more-link\">Continuer la lecture<span class=\"screen-reader-text\"> de &laquo;&nbsp;UN ANARCHISTE ESPAGNOL\u00ab ALFONSO \u00bb&nbsp;&raquo;<\/span><\/a><\/p>\n","protected":false},"author":19,"featured_media":0,"parent":2172,"menu_order":7,"comment_status":"closed","ping_status":"closed","template":"","meta":[],"_links":{"self":[{"href":"https:\/\/blogs.univ-jfc.fr\/vphn\/wp-json\/wp\/v2\/pages\/2203"}],"collection":[{"href":"https:\/\/blogs.univ-jfc.fr\/vphn\/wp-json\/wp\/v2\/pages"}],"about":[{"href":"https:\/\/blogs.univ-jfc.fr\/vphn\/wp-json\/wp\/v2\/types\/page"}],"author":[{"embeddable":true,"href":"https:\/\/blogs.univ-jfc.fr\/vphn\/wp-json\/wp\/v2\/users\/19"}],"replies":[{"embeddable":true,"href":"https:\/\/blogs.univ-jfc.fr\/vphn\/wp-json\/wp\/v2\/comments?post=2203"}],"version-history":[{"count":33,"href":"https:\/\/blogs.univ-jfc.fr\/vphn\/wp-json\/wp\/v2\/pages\/2203\/revisions"}],"predecessor-version":[{"id":3455,"href":"https:\/\/blogs.univ-jfc.fr\/vphn\/wp-json\/wp\/v2\/pages\/2203\/revisions\/3455"}],"up":[{"embeddable":true,"href":"https:\/\/blogs.univ-jfc.fr\/vphn\/wp-json\/wp\/v2\/pages\/2172"}],"wp:attachment":[{"href":"https:\/\/blogs.univ-jfc.fr\/vphn\/wp-json\/wp\/v2\/media?parent=2203"}],"curies":[{"name":"wp","href":"https:\/\/api.w.org\/{rel}","templated":true}]}}