{"id":2998,"date":"2019-02-02T16:41:47","date_gmt":"2019-02-02T15:41:47","guid":{"rendered":"http:\/\/blogs.univ-jfc.fr\/vphn\/?page_id=2998"},"modified":"2019-02-02T16:54:01","modified_gmt":"2019-02-02T15:54:01","slug":"bibliographie","status":"publish","type":"page","link":"https:\/\/blogs.univ-jfc.fr\/vphn\/bibliographie\/","title":{"rendered":"Bibliographie"},"content":{"rendered":"<p align=\"justify\"><span style=\"font-family: Liberation Serif, serif\"><span style=\"font-size: medium\"><b><span style=\"font-size: x-large\">L\u2019Espagne<\/span><\/b><\/span><\/span><\/p>\n<p align=\"justify\"><span style=\"font-family: Liberation Serif, serif\"><span style=\"font-size: medium\"><span style=\"font-family: Calibri, serif\">&#8211; DREYFUS-ARMAND, Genevi\u00e8ve, \u00ab\u00a0Les Espagnols et la Guerre civile\u00a0\u00bb, <\/span><span style=\"font-family: Calibri, serif\"><i>Revue d\u2019histoire, <\/i><\/span><span style=\"font-family: Calibri, serif\">2000, p.186-187<\/span><span style=\"font-family: Calibri, serif\">.<\/span><\/span><\/span><\/p>\n<p align=\"justify\"><span style=\"font-family: Liberation Serif, serif\"><span style=\"font-size: medium\"><span style=\"font-family: Calibri, serif\">&#8211; DREYFUS-ARMAND, Genevi\u00e8ve, et MARTINEZ-MALER Odette. <\/span><span style=\"font-family: Calibri, serif\"><i>L\u2019Espagne, passion fran\u00e7aise : 1936-1975 : guerres, exils, solidarit\u00e9s<\/i><\/span><span style=\"font-family: Calibri, serif\">. Paris : Les Ar\u00e8nes, 2015.<\/span><\/span><\/span><\/p>\n<p align=\"justify\"><span style=\"font-family: Liberation Serif, serif\"><span style=\"font-size: medium\"><span style=\"font-family: Calibri, serif\"><u><b>La 2<\/b><\/u><\/span><sup><span style=\"font-family: Calibri, serif\"><u><b>nd<\/b><\/u><\/span><\/sup><span style=\"font-family: Calibri, serif\"><u><b> r\u00e9publique et la mont\u00e9e au pouvoir de Franco<\/b><\/u><\/span><\/span><\/span><\/p>\n<p align=\"justify\"><span style=\"font-family: Liberation Serif, serif\"><span style=\"font-size: medium\"><span style=\"font-family: Calibri, serif\">&#8211; ORTIZ, Jean. <\/span><span style=\"font-family: Calibri, serif\"><i>Espagne : la R\u00e9publique est de retour\u202f: de 1931 \u00e0 nos jours<\/i><\/span><span style=\"font-family: Calibri, serif\">. Biarritz : Atlantica, 2014.<\/span><\/span><\/span><\/p>\n<p align=\"justify\"><span style=\"font-family: Calibri, serif\">&#8211; <\/span><span style=\"font-family: Calibri, serif\">Amalric, Jean-Pierre. <\/span><span style=\"font-family: Calibri, serif\"><i>Huit ans de R\u00e9publique en Espagne : entre r\u00e9forme, guerre et r\u00e9volution, 1931-1939<\/i><\/span><span style=\"font-family: Calibri, serif\">. Toulouse: Presses universitaires du Midi, 2018.<\/span><\/p>\n<p align=\"justify\"><span style=\"font-family: Liberation Serif, serif\"><span style=\"font-size: medium\"><span style=\"font-family: Calibri, serif\"><u><b>La guerre Civile\u00a0:<\/b><\/u><\/span><\/span><\/span><\/p>\n<p align=\"justify\"><span style=\"font-family: Liberation Serif, serif\"><span style=\"font-size: medium\"><span style=\"font-family: Calibri, serif\">&#8211; BENNASSAR, Bartolom\u00e9. <\/span><span style=\"font-family: Calibri, serif\"><i>La guerre d\u2019Espagne et ses lendemains<\/i><\/span><span style=\"font-family: Calibri, serif\">. Paris : Perrin, Pour l\u2019histoire, 2004.<\/span><\/span><\/span><\/p>\n<p align=\"justify\"><span style=\"font-family: Liberation Serif, serif\"><span style=\"font-size: medium\"><span style=\"font-family: Calibri, serif\">&#8211; TEMIME, Emile, <\/span><span style=\"font-family: Calibri, serif\"><i>La guerre d\u2019Espagne\u00a0: un \u00e9v\u00e8nement traumatisme<\/i><\/span><span style=\"font-family: Calibri, serif\">, Ed. Complexe, 1996.<\/span><\/span><\/span><\/p>\n<p align=\"justify\">&#8211; Journ\u00e9es Manuel Aza\u00f1a, Jean-Pierre Amalric, Genevi\u00e8ve Dreyfus-Armand, et Pr\u00e9sence de Manuel Aza\u00f1a, \u00e9d. <i>La guerre d\u2019Espagne et la France<\/i>. Toulouse: FRAMESPA-UMR, 2014. 155 pages.<\/p>\n<p align=\"justify\"><span style=\"font-family: Liberation Serif, serif\"><span style=\"font-size: medium\"><span style=\"font-family: Calibri, serif\">&#8211; Universidad de Alicante. \u00c1rea de Historia Contempor\u00e1nea. <\/span><span style=\"font-family: Calibri, serif\"><i>Pasado y memoria<\/i><\/span><span style=\"font-family: Calibri, serif\">. Alicante : Departamento de Humanidades Contempor\u00e1neas, \u00c1rea de Historia Contempor\u00e1nea, Facultad de Filosof\u00eda y Letras, Universidad de Alicante, 2002.<\/span><\/span><\/span><\/p>\n<p align=\"justify\"><span style=\"font-family: Liberation Serif, serif\"><span style=\"font-size: medium\"><span style=\"font-family: Calibri, serif\">&#8211; <\/span><span style=\"font-family: Calibri, serif\">ARROSTEGUI, Julio, <\/span><span style=\"font-family: Arial, serif\"><span style=\"font-size: small\"><i>La guerra civil, 1936-1939: la ruptura democr\u00e1tica<\/i><\/span><\/span><span style=\"font-family: Arial, serif\"><span style=\"font-size: small\">., ed. Temas de hoy, 1996.<\/span><\/span><\/span><\/span><\/p>\n<p align=\"justify\"><span style=\"font-family: Liberation Serif, serif\"><span style=\"font-size: medium\"><span style=\"font-family: Calibri, serif\"><u><b>La Retirada\u00a0:<\/b><\/u><\/span><\/span><\/span><\/p>\n<p align=\"justify\"><span style=\"font-family: Liberation Serif, serif\"><span style=\"font-size: medium\"><span style=\"font-family: Calibri, serif\">&#8211; DREYFUS-ARMAND, Genevi\u00e8ve, <\/span><span style=\"font-family: Calibri, serif\"><i>L&rsquo;exil des r\u00e9publicains espagnols en France : de la Guerre civile \u00e0 la mort de Franco<\/i><\/span><span style=\"font-family: Calibri, serif\">, Albin Michel, 2012.<\/span><\/span><\/span><\/p>\n<p align=\"justify\"><span style=\"font-family: Liberation Serif, serif\"><span style=\"font-size: medium\"><span style=\"font-family: Calibri, serif\">&#8211; ANTON, Carmen, et BERNAND, Carmen, <\/span><span style=\"font-family: Calibri, serif\"><i>La Chemin faisant Espagne, guerre civile et exil<\/i><\/span><span style=\"font-family: Calibri, serif\">. Paris : L\u2019Harmattan, 2009.<\/span><\/span><\/span><\/p>\n<p align=\"justify\"><span style=\"font-family: Liberation Serif, serif\"><span style=\"font-size: medium\"><span style=\"font-family: Calibri, serif\"><i>&#8211; RETIRADA, l&rsquo;exil des r\u00e9publicains espagnols en Tarn-et-Garonne, catalogue de l\u2019exposition r\u00e9alis\u00e9e par les AD 82<\/i><\/span><span style=\"font-family: Calibri, serif\">, Conseil G\u00e9n\u00e9ral de Tarn-et-Garonne, 2009<\/span><span style=\"font-family: Calibri, serif\"><i>.<\/i><\/span><\/span><\/span><\/p>\n<p align=\"justify\"><span style=\"font-family: Liberation Serif, serif\"><span style=\"font-size: medium\">&#8211;<span style=\"font-family: Calibri, serif\">&#8211; CUBERO, Jos\u00e9. <\/span><span style=\"font-family: Calibri, serif\"><i>Les r\u00e9publicains espagnols<\/i><\/span><span style=\"font-family: Calibri, serif\">, \u00c9ditions Cairn, 2013<\/span><\/span><\/span><\/p>\n<p align=\"justify\"><span style=\"font-family: Liberation Serif, serif\"><span style=\"font-size: medium\"><b><span style=\"font-size: x-large\">Les espagnols en France<\/span><\/b><\/span><\/span><\/p>\n<p align=\"justify\"><span style=\"font-family: Liberation Serif, serif\"><span style=\"font-size: medium\"><span style=\"font-family: Calibri, serif\">&#8211; FALGUERA Narciss<\/span><span style=\"font-family: Calibri, serif\">e,<\/span> <span style=\"font-family: Calibri, serif\"><i>Gu\u00e9rilleros en terre de France\u202f: Les r\u00e9publicains espagnols et la R\u00e9sistance fran\u00e7aise<\/i><\/span><span style=\"font-family: Calibri, serif\">. Pantin : Le Temps des Cerises, 2000.<br \/>\n<\/span><\/span><\/span><\/p>\n<p align=\"justify\"><span style=\"font-family: Liberation Serif, serif\"><span style=\"font-size: medium\"><span style=\"font-family: Calibri, serif\">&#8211; DREYFUS-ARMAND, Genevi\u00e8ve, (2009), \u00ab\u00a0Les r\u00e9publicains espagnols dans le Tarn-et-Garonne et le Lot pendant la Seconde Guerre mondiale\u00a0\u00bb, <\/span><span style=\"font-family: Calibri, serif\">dans<\/span><span style=\"font-family: Calibri, serif\">\u00a0: <\/span><span style=\"font-family: Calibri, serif\"><i>Vivre et mourir en temps de guerre de la pr\u00e9histoire \u00e0 nos jours<\/i><\/span><span style=\"font-family: Calibri, serif\">, F\u00e9d\u00e9ration historique de Midi-Pyr\u00e9n\u00e9es, M\u00e9ridiennes, pp. 303-312.<br \/>\n<\/span><\/span><\/span><\/p>\n<p align=\"justify\"><span style=\"font-family: Liberation Serif, serif\"><span style=\"font-size: medium\"><span style=\"font-family: Calibri, serif\">&#8211; DREYFUS-ARMAND, Genevi\u00e8ve, (2014), \u00ab\u00a0Traces de l&rsquo;exil r\u00e9publicain dans l&rsquo;espace public fran\u00e7ais. L&rsquo;exemple du Quercy\u00a0\u00bb, <\/span><span style=\"font-family: Calibri, serif\"><i>L&rsquo;Art en exil<\/i><\/span><span style=\"font-family: Calibri, serif\">, <\/span><span style=\"font-family: Calibri, serif\"><i>Exil et migrations ib\u00e9riques au XXe si\u00e8cle<\/i><\/span><span style=\"font-family: Calibri, serif\">, Vol.6, <\/span><span style=\"font-family: Calibri, serif\"><i>Riveneuve Continents<\/i><\/span><span style=\"font-family: Calibri, serif\">, Vol 18, pp. 264-286.<\/span><\/span><\/span><\/p>\n<p align=\"justify\"><span style=\"font-family: Liberation Serif, serif\"><span style=\"font-size: medium\"><span style=\"font-family: Calibri, serif\">&#8211; <\/span><span style=\"font-family: Calibri, serif\">VARGAS, Bruno, DEBORD, Didier, <\/span><span style=\"font-family: Calibri, serif\"><i>Les Espagnols en France<\/i><\/span><span style=\"font-family: Calibri, serif\">, Collection exils, \u00c9d. de l&rsquo;Attribut, 2010 <\/span><span style=\"font-family: Calibri, serif\"><i>T\u00e9moignages de Mariano MARCOS, dessins de Gallo (pages 41-61) et de Jos\u00e9 Antonio Alonso (page 63-82), commandant Robert\u00a0: tous deux \u00e9taient pass\u00e9s au camp de Septfonds<\/i><\/span><\/span><\/span><\/p>\n<p align=\"justify\"><span style=\"font-family: Liberation Serif, serif\"><span style=\"font-size: medium\"><span style=\"font-size: x-large\">LA SECONDE GUERRE MONDIALE<\/span><\/span><\/span><\/p>\n<p align=\"justify\"><span style=\"font-family: Liberation Serif, serif\"><span style=\"font-size: medium\"><span style=\"font-size: x-large\"><b>La Guerre<\/b><\/span><\/span><\/span><\/p>\n<p align=\"justify\"><span style=\"font-family: Liberation Serif, serif\"><span style=\"font-size: medium\"><span style=\"font-family: Calibri, serif\">&#8211; QUELLIEN, Jean, <\/span><span style=\"font-family: Calibri, serif\"><i>Histoire de la seconde Guerre mondiale., <\/i><\/span><span style=\"font-family: Calibri, serif\">ed. Ouest France., 1995<\/span><\/span><\/span><\/p>\n<p align=\"justify\"><span style=\"font-family: Liberation Serif, serif\"><span style=\"font-size: medium\">&#8211; LEGRAND Jacques. (Dir.), MERCER D., ANDRE T., <i>Chronique de la Seconde Guerre mondiale<\/i>, France, Chronique, 1990.<\/span><\/span><\/p>\n<p align=\"justify\"><span style=\"font-family: Liberation Serif, serif\"><span style=\"font-size: medium\"><b><span style=\"font-size: x-large\">Les camps<\/span><\/b><\/span><\/span><\/p>\n<p align=\"justify\"><span style=\"font-family: Liberation Serif, serif\"><span style=\"font-size: medium\"><span style=\"font-family: Calibri, serif\">&#8211; DREYFUS-ARMAND, Genevi\u00e8ve, et TEMIME \u00c9mile, <\/span><span style=\"font-family: Calibri, serif\"><i>Les camps sur la plage, un exil espagnol<\/i><\/span><span style=\"font-family: Calibri, serif\">. Autrement S\u00e9rie monde 88. Paris : \u00c9d. Autrement, 2006.<\/span><\/span><\/span><\/p>\n<p align=\"justify\"><span style=\"font-family: Liberation Serif, serif\"><span style=\"font-size: medium\"><span style=\"font-family: Calibri, serif\">&#8211; COHEN Lise, ERIC Malo, <\/span><span style=\"font-family: Calibri, serif\"><i>Les camps du Sud-Ouest de la France<\/i><\/span><span style=\"font-family: Calibri, serif\">,<\/span><i> <\/i><span style=\"font-family: Calibri, serif\">Ed. Privat, Toulouse, 1994.<\/span><\/span><\/span><\/p>\n<p align=\"justify\"><span style=\"font-family: Liberation Serif, serif\"><span style=\"font-size: medium\"><span style=\"font-family: Calibri, serif\">&#8211; MOREAU, Estrada, KIENER Michel-Christophe, SIMEONI Claude, <\/span><span style=\"font-family: Calibri, serif\"><i>Dans les camps de la Retirada. 1939-1940,<\/i><\/span><span style=\"font-family: Calibri, serif\"> Clermont-Ferrand : Fondation Varenne, 2017.<\/span><\/span><\/span><\/p>\n<p align=\"justify\"><span style=\"font-family: Liberation Serif, serif\"><span style=\"font-size: medium\"><span style=\"font-family: Calibri, serif\">&#8211; TAPIA GIMENEZ Enrique, <\/span><span style=\"font-family: Calibri, serif\"><i>L\u2019\u0153il de l\u2019exil, <\/i><\/span><span style=\"font-family: Calibri, serif\">ed. Privat, Toulouse, 2004.<br \/>\n<\/span><\/span><\/span><\/p>\n<p align=\"justify\"><span style=\"font-family: Liberation Serif, serif\"><span style=\"font-size: medium\"><span style=\"font-family: Calibri, serif\">&#8211; KOTEK, Jo\u00ebl, et RIGOULOT Pierre, <\/span><span style=\"font-family: Calibri, serif\"><i>Le si\u00e8cle des camps : d\u00e9tention, concentration, extermination\u202f; cent ans de mal radical<\/i><\/span><span style=\"font-family: Calibri, serif\">, Latt\u00e8s, Paris, 2000.<\/span><\/span><\/span><\/p>\n<p align=\"justify\"><span style=\"font-family: Liberation Serif, serif\"><span style=\"font-size: medium\"><span style=\"font-family: Calibri, serif\">&#8211; GAIDA Peter, <\/span><span style=\"font-family: Calibri, serif\"><i>Camps de travail sous Vichy, les \u00ab\u00a0groupes de travailleurs \u00e9trangers\u00a0\u00bb (GTE) en France et en Afrique du Nord (1940-1944), <\/i><\/span><span style=\"font-family: Calibri, serif\">Raleigh, Lulu Press, 2014.<\/span><\/span><\/span><\/p>\n<p>&#8211; TUBAN, Gr\u00e9gory, <span style=\"font-family: Calibri, serif\"><i>Camps d\u2019\u00e9trangers : le contr\u00f4le des r\u00e9fugi\u00e9s venus d\u2019Espagne (1939-1944)<\/i><\/span><span style=\"font-family: Calibri, serif\">, Nouveau Monde \u00e9ditions, Paris, 2018.<br \/>\n<\/span><\/p>\n<p align=\"justify\"><span style=\"font-family: Calibri, serif\">-DREYFUS-ARMAND, Genevi\u00e8ve, \u00ab\u00a0Les r\u00e9publicains espagnols dans le Tarn-et-Garonne et le Lot pendant la Seconde Guerre mondiale\u00a0\u00bb, In\u00a0: <\/span><span style=\"font-family: Calibri, serif\"><i>Vivre et mourir en temps de guerre de la pr\u00e9histoire \u00e0 nos jours<\/i><\/span><span style=\"font-family: Calibri, serif\">, F\u00e9d\u00e9ration historique de Midi-Pyr\u00e9n\u00e9es, M\u00e9ridiennes, 2009, pp. 303-312.<\/span><\/p>\n<p align=\"justify\"><span style=\"font-family: Liberation Serif, serif\"><span style=\"font-size: medium\"><span style=\"font-family: Calibri, serif\"><u><b>Le camp de Septfonds\u00a0:<\/b><\/u><\/span><\/span><\/span><\/p>\n<p align=\"justify\"><span style=\"font-family: Liberation Serif, serif\"><span style=\"font-size: medium\"><span style=\"font-family: Calibri, serif\"><i>&#8211; <\/i><\/span><span style=\"font-family: Calibri, serif\">ZORZIN, Sylvain.,<\/span><span style=\"font-family: Calibri, serif\"><i> Le Camp de Septfonds (Tarn-et-Garonne)\u00a0: Soixante ans d\u2019histoire et de m\u00e9moires (1939-1999), Bordeaux, Institut d\u2019\u00e9tudes politiques de Bordeaux, 2000.<br \/>\n<\/i><\/span><\/span><\/span><\/p>\n<p align=\"justify\"><span style=\"font-family: Liberation Serif, serif\"><span style=\"font-size: medium\"><span style=\"font-family: Calibri, serif\">&#8211; <\/span><span style=\"font-family: Calibri, serif\">DREYFUS-ARMAND, Genevi\u00e8ve, \u00ab\u00a0Les r\u00e9publicains espagnols en 1939, des \u00ab\u00a0ind\u00e9sirables\u00a0\u00bb tr\u00e8s recherch\u00e9s\u00a0\u00bb, le cas du camp de Septfonds\u00a0\u00bb, in Blanc-Chal\u00e9ard and al., <\/span><span style=\"font-family: Calibri, serif\"><i>D&rsquo;Italie et d&rsquo;ailleurs<\/i><\/span><span style=\"font-family: Calibri, serif\">, PUR, Rennes, 2014, pp. 129-138.<\/span><\/span><\/span><\/p>\n<p align=\"left\"><span style=\"font-family: Liberation Serif, serif\"><span style=\"font-size: medium\"><span style=\"font-family: Calibri, serif\"><br \/>\n<\/span><span style=\"font-family: Calibri, serif\">&#8211; <\/span><span style=\"font-family: Calibri, serif\">R\u00e9publicains espagnols en Midi-Pyr\u00e9n\u00e9es, Exil, histoire et m\u00e9moire<\/span><span style=\"font-family: Calibri, serif\">, PUM, collection Hesp\u00e9rides Espagne, Conseil r\u00e9gional de Midi-Pyr\u00e9n\u00e9es, 2004<br \/>\n<\/span><\/span><\/span><span style=\"font-family: Liberation Serif, serif\"><span style=\"font-size: medium\"><span style=\"font-family: Calibri, serif\"><i>Article de J.P. Amalric (page 324-329)<\/i><\/span><\/span><\/span><span style=\"color: #00000a\"><span style=\"font-family: Liberation Serif, serif\"><span style=\"font-size: medium\"><span style=\"font-family: Calibri, serif\"><i><br \/>\n<\/i><\/span><\/span><\/span><\/span><\/p>\n","protected":false},"excerpt":{"rendered":"<p>L\u2019Espagne &#8211; DREYFUS-ARMAND, Genevi\u00e8ve, \u00ab\u00a0Les Espagnols et la Guerre civile\u00a0\u00bb, Revue d\u2019histoire, 2000, p.186-187. &#8211; DREYFUS-ARMAND, Genevi\u00e8ve, et MARTINEZ-MALER Odette. L\u2019Espagne, passion fran\u00e7aise : 1936-1975 : guerres, exils, solidarit\u00e9s. Paris : Les Ar\u00e8nes, 2015. La 2nd r\u00e9publique et la mont\u00e9e au pouvoir de Franco &#8211; ORTIZ, Jean. Espagne : la R\u00e9publique est de retour\u202f: de &hellip; <\/p>\n<p class=\"link-more\"><a href=\"https:\/\/blogs.univ-jfc.fr\/vphn\/bibliographie\/\" class=\"more-link\">Continuer la lecture<span class=\"screen-reader-text\"> de &laquo;&nbsp;Bibliographie&nbsp;&raquo;<\/span><\/a><\/p>\n","protected":false},"author":440,"featured_media":0,"parent":0,"menu_order":0,"comment_status":"closed","ping_status":"closed","template":"","meta":[],"_links":{"self":[{"href":"https:\/\/blogs.univ-jfc.fr\/vphn\/wp-json\/wp\/v2\/pages\/2998"}],"collection":[{"href":"https:\/\/blogs.univ-jfc.fr\/vphn\/wp-json\/wp\/v2\/pages"}],"about":[{"href":"https:\/\/blogs.univ-jfc.fr\/vphn\/wp-json\/wp\/v2\/types\/page"}],"author":[{"embeddable":true,"href":"https:\/\/blogs.univ-jfc.fr\/vphn\/wp-json\/wp\/v2\/users\/440"}],"replies":[{"embeddable":true,"href":"https:\/\/blogs.univ-jfc.fr\/vphn\/wp-json\/wp\/v2\/comments?post=2998"}],"version-history":[{"count":4,"href":"https:\/\/blogs.univ-jfc.fr\/vphn\/wp-json\/wp\/v2\/pages\/2998\/revisions"}],"predecessor-version":[{"id":3006,"href":"https:\/\/blogs.univ-jfc.fr\/vphn\/wp-json\/wp\/v2\/pages\/2998\/revisions\/3006"}],"wp:attachment":[{"href":"https:\/\/blogs.univ-jfc.fr\/vphn\/wp-json\/wp\/v2\/media?parent=2998"}],"curies":[{"name":"wp","href":"https:\/\/api.w.org\/{rel}","templated":true}]}}