{"id":5215,"date":"2020-01-12T06:36:17","date_gmt":"2020-01-12T05:36:17","guid":{"rendered":"http:\/\/blogs.univ-jfc.fr\/vphn\/?page_id=5215"},"modified":"2020-02-09T15:28:00","modified_gmt":"2020-02-09T14:28:00","slug":"jean-de-dieu-soult-personnage-national-a-lheritage-mazametain","status":"publish","type":"page","link":"https:\/\/blogs.univ-jfc.fr\/vphn\/jean-de-dieu-soult-personnage-national-a-lheritage-mazametain\/","title":{"rendered":"Jean-de-Dieu Soult, personnage national \u00e0 l&rsquo;h\u00e9ritage mazam\u00e9tain [2020]"},"content":{"rendered":"<p align=\"justify\">\u00a0\u00a0\u00a0\u00a0\u00a0\u00a0\u00a0\u00a0\u00a0 Personnage bien \u00e9tonnant que Jean-De-Dieu Soult. Strat\u00e8ge hors pair, Homme de main de Louis-Philippe, agent du d\u00e9veloppement du Sud-Tarn durant une bonne partie du XIX<sup>e<\/sup> si\u00e8cle, il fut un homme ayant su sortir de son cadre mazam\u00e9tain pour devenir un personnage national. Sa mort n\u2018\u00e9teint pas l\u2019aura qui l\u2019a entour\u00e9 dans le sud du Tarn, puisque celle-ci, ainsi que sa richesse et son implantation sont b\u00e9n\u00e9fiques pour ses descendants : c\u2019est en se basant sur ces points pr\u00e9cis que la famille Reille-Soult, issue de l\u2019union de la petite fille de Jean de Dieu et du Baron Reille, \u00e9tendit son pouvoir sur le Sud du Tarn. Il faut donc se demander, \u00e0 ce titre : Quel legs Soult laisse t-il \u00e0 Mazamet et \u00e0 la France en g\u00e9n\u00e9ral ?<\/p>\n<h1 align=\"justify\"><strong>La carri\u00e8re d\u2018un mar\u00e9chal d\u2018Empire (1769 \u2013 1815)<\/strong><\/h1>\n<figure id=\"attachment_5631\" aria-describedby=\"caption-attachment-5631\" style=\"width: 220px\" class=\"wp-caption alignright\"><img loading=\"lazy\" class=\"wp-image-5631 size-full\" src=\"http:\/\/blogs.univ-jfc.fr\/vphn\/wp-content\/uploads\/sites\/65\/2020\/01\/SOult-Illustration-1.jpg\" alt=\"\" width=\"220\" height=\"346\" srcset=\"https:\/\/blogs.univ-jfc.fr\/vphn\/wp-content\/uploads\/sites\/65\/2020\/01\/SOult-Illustration-1.jpg 220w, https:\/\/blogs.univ-jfc.fr\/vphn\/wp-content\/uploads\/sites\/65\/2020\/01\/SOult-Illustration-1-191x300.jpg 191w\" sizes=\"(max-width: 220px) 100vw, 220px\" \/><figcaption id=\"caption-attachment-5631\" class=\"wp-caption-text\">Jean de Dieu Soult mar\u00e9chal d\u2019Empire, repr\u00e9sent\u00e9 par Louis-Henri de Rudder en 1856. (Expos\u00e9 au Ch\u00e2teau de Versailles) Tenant son b\u00e2ton de mar\u00e9chal d&rsquo;une main, Soult est repr\u00e9sent\u00e9 ici dans une id\u00e9e de fermet\u00e9 et de commandement propre au \u00ab\u00a0Premier Manoeuvrier de l&rsquo;Europe\u00a0\u00bb.<\/figcaption><\/figure>\n<p align=\"justify\">\u00a0\u00a0\u00a0\u00a0\u00a0\u00a0\u00a0\u00a0\u00a0 Jean de Dieu de Soult est n\u00e9 le 29 mars 1769 \u00e0 Saint-Amans-la-Bastide. A la mort de son p\u00e8re, en 1779, il se voit attribuer la succession de son \u00e9tude notariale. Mais cette orientation ne lui convenant pas, il s\u2019engage dans l&rsquo;infanterie en 1785. La R\u00e9volution permet \u00e0 nombre de soldats, quelquefois de pi\u00e8tre condition, de conna\u00eetre une ascension fulgurante alors que l&rsquo;organisation des hauts rangs de l&rsquo;arm\u00e9e royale \u00e9tait r\u00e9serv\u00e9e aux nobles. Soult est un bon exemple, puisqu&rsquo;il devient g\u00e9n\u00e9ral de brigade en 1794, r\u00f4le d&rsquo;importance dans les man\u0153uvres des Arm\u00e9es, notamment dans les campagnes de l&rsquo;Allemagne o\u00f9 il combat de 1795 \u00e0 1796.<\/p>\n<p align=\"justify\">\u00a0\u00a0\u00a0\u00a0\u00a0\u00a0\u00a0\u00a0\u00a0 En 1804, Soult est finalement promu mar\u00e9chal d&rsquo;Empire, en raison de ses capacit\u00e9s militaires reconnues et la c\u00e9l\u00e9rit\u00e9 de ses troupes. Il sut prouver ces capacit\u00e9s lors de la Bataille d\u2018Austerlitz (1805), o\u00f9 il fut un g\u00e9n\u00e9ral d\u00e9cisif dans la victoire fran\u00e7aise. Par la suite, de 1808 \u00e0 1814, Soult d\u00fbt, en Espagne, se confronter aux Espagnols r\u00e9volt\u00e9s alli\u00e9s aux Anglais, men\u00e9s par le duc de Wellington. A la fin 1813, le reflux de l&rsquo;Empire, apr\u00e8s la calamiteuse campagne de Russie, se fait aussi ressentir en Espagne. En effet, l&rsquo;arm\u00e9e anglo-portugaise de Wellington attaque le nord de la p\u00e9ninsule, avec l&rsquo;objectif d&rsquo;invasion de la France par le Midi. Arriv\u00e9 \u00e0 Toulouse le 24 Mars 1814, Soult sait qu&rsquo;il ne peut pas \u00e9viter l&rsquo;invasion alli\u00e9e. Apprenant l&rsquo;abdication de Napol\u00e9on le 6 Avril, il d\u00e9cide d&rsquo;\u00e9vacuer la ville le soir m\u00eame, <a href=\"http:\/\/blogs.univ-jfc.fr\/vphn\/la-bataille-de-1814-a-toulouse\/\">apr\u00e8s une \u00e2pre bataille.<\/a><\/p>\n<p align=\"justify\">\u00a0\u00a0\u00a0\u00a0\u00a0\u00a0\u00a0\u00a0\u00a0 Soult trouve finalement une soudaine vocation royaliste lorsqu&rsquo;il rejoint le camp des Bourbons en juin 1814. Cependant, m\u00eame si Soult critiqua le retour de Napol\u00e9on de l\u2019\u00cele d&rsquo;Elbe le 1<sup>er<\/sup> mars 1815 et le consid\u00e9ra comme un \u00ab hors-la-loi \u00bb, cela ne l\u2018emp\u00eacha pas de lui demander un poste de major-g\u00e9n\u00e9ral, obtenu le 9 mai 1815. Enfin, son r\u00f4le dans la bataille de Waterloo est contrast\u00e9. En effet, Soult est souvent pr\u00e9sent\u00e9 comme le responsable puisqu&rsquo;il n&rsquo;aurait pas rappel\u00e9 le mar\u00e9chal de Grouchy \u00e0 temps pour contrer les prussiens en renfort, mais les historiens modernes ont pu prouver que Soult avait averti Napol\u00e9on de la dangerosit\u00e9 des arm\u00e9es anglaise et prussienne. Apr\u00e8s les Cent-Jours, Soult comprend sa situation pr\u00e9caire et retourne \u00e0 Saint-Amans.<\/p>\n<h1 align=\"justify\"><strong>Une \u00ab\u00a0reconversion professionnelle\u00a0\u00bb (1815-1852)<\/strong><\/h1>\n<figure id=\"attachment_5670\" aria-describedby=\"caption-attachment-5670\" style=\"width: 600px\" class=\"wp-caption aligncenter\"><img loading=\"lazy\" class=\"wp-image-5670\" src=\"http:\/\/blogs.univ-jfc.fr\/vphn\/wp-content\/uploads\/sites\/65\/2020\/01\/SOult.jpg\" alt=\"\" width=\"600\" height=\"421\" srcset=\"https:\/\/blogs.univ-jfc.fr\/vphn\/wp-content\/uploads\/sites\/65\/2020\/01\/SOult.jpg 738w, https:\/\/blogs.univ-jfc.fr\/vphn\/wp-content\/uploads\/sites\/65\/2020\/01\/SOult-300x211.jpg 300w\" sizes=\"(max-width: 600px) 100vw, 600px\" \/><figcaption id=\"caption-attachment-5670\" class=\"wp-caption-text\">Conseil des ministres au Palais des Tuileries, 1842 (Claudius Jacquand,1844, Mus\u00e9e de Versailles). Soult est debout au centre du tableau, donnant une proposition de loi \u00e0 Louis-Philippe.<\/figcaption><\/figure>\n<p align=\"justify\">\u00a0\u00a0\u00a0\u00a0\u00a0\u00a0\u00a0\u00a0\u00a0 Il s&rsquo;exile en Allemagne, \u00e0 Barmen, d\u00e8s Juillet 1815\u00a0; en effet, la Chambre des pairs avait d\u00e9cid\u00e9 de l&rsquo;exil de nombre d&rsquo;anciens g\u00e9n\u00e9raux ayant collabor\u00e9 avec Napol\u00e9on durant les Cent-Jours. Revenu en France en 1819, il s&rsquo;affirme fervent royaliste, ce qui lui permit d&rsquo;\u00eatre \u00e9lev\u00e9 Pair de France en 1827 par Charles X. Nomm\u00e9 par Louis-Philippe ministre de la Guerre de 1830 \u00e0 1834, il est charg\u00e9 de la r\u00e9organisation de l&rsquo;arm\u00e9e de ligne. Nomm\u00e9 pr\u00e9sident du Conseil des ministres en 1840, il abandonne cependant sa charge de ministre de la Guerre en 1845, et le 19 Septembre 1847, il d\u00e9missionne de son titre de pr\u00e9sident du Conseil. Retir\u00e9 \u00e0 Saint-Amans, il meurt le 26 Novembre 1851.<\/p>\n<figure id=\"attachment_5679\" aria-describedby=\"caption-attachment-5679\" style=\"width: 400px\" class=\"wp-caption alignright\"><img loading=\"lazy\" class=\"wp-image-5679\" src=\"http:\/\/blogs.univ-jfc.fr\/vphn\/wp-content\/uploads\/sites\/65\/2020\/01\/Soult-Berg-300x225.jpg\" alt=\"\" width=\"400\" height=\"300\" srcset=\"https:\/\/blogs.univ-jfc.fr\/vphn\/wp-content\/uploads\/sites\/65\/2020\/01\/Soult-Berg-300x225.jpg 300w, https:\/\/blogs.univ-jfc.fr\/vphn\/wp-content\/uploads\/sites\/65\/2020\/01\/Soult-Berg.jpg 682w\" sizes=\"(max-width: 400px) 100vw, 400px\" \/><figcaption id=\"caption-attachment-5679\" class=\"wp-caption-text\">Le ch\u00e2teau Soult-Berg en 2003, site officiel du patrimoine de la R\u00e9gion Midi Pyrren\u00e9es. Construit entre 1827 et 1832, il devait \u00eatre une maison de repos pour Soult, qui atteignait bient\u00f4t les soixante ans \u00e0 cette p\u00e9riode.<\/figcaption><\/figure>\n<p align=\"justify\">\u00a0\u00a0\u00a0\u00a0\u00a0\u00a0\u00a0\u00a0\u00a0 Soult d\u00e9cide de faire construire, de 1827 \u00e0 1829, le ch\u00e2teau de Soult-Berg, nomm\u00e9 ainsi d&rsquo;apr\u00e8s son patronyme et celui de sa femme. De style sobre, le ch\u00e2teau Soult-Berg se trouve dans son territoire natal. Le pouvoir \u00e9conomique de Soult tient probablement de ses gains en tant que pr\u00e9sident du Conseil, revenus qu&rsquo;il a pu capitaliser par l&rsquo;achat de ces terres autour de Soult-Berg, permettant de vivre de ses rentes. Soult a aussi <a href=\"http:\/\/blogs.univ-jfc.fr\/vphn\/le-textile-de-mazamet-castres-et-ses-ouvriers-au-xix-siecle\/\">soutenu l&rsquo;\u00e9conomie mazam\u00e9taine<\/a> lors de son passage au minist\u00e8re de la Guerre, en chargeant l\u2019industriel mazam\u00e9tain Pierre-Elie Houl\u00e8s de confectionner des molletons et des draps pour l&rsquo;arm\u00e9e. Son aura fut suffisamment puissante pour que, le 3 d\u00e9cembre 1851, la ville de Saint-Amans-Labastide soit renomm\u00e9e Saint-Amans Soult en son honneur.<\/p>\n<h1 align=\"justify\"><strong>La Dynastie Reille-Soult, h\u00e9riti\u00e8re du Mar\u00e9chal (1890-1924)<\/strong><\/h1>\n<figure id=\"attachment_5697\" aria-describedby=\"caption-attachment-5697\" style=\"width: 175px\" class=\"wp-caption alignright\"><img loading=\"lazy\" class=\"wp-image-5697 size-medium\" src=\"http:\/\/blogs.univ-jfc.fr\/vphn\/wp-content\/uploads\/sites\/65\/2020\/01\/Reille-175x300.jpg\" alt=\"\" width=\"175\" height=\"300\" srcset=\"https:\/\/blogs.univ-jfc.fr\/vphn\/wp-content\/uploads\/sites\/65\/2020\/01\/Reille-175x300.jpg 175w, https:\/\/blogs.univ-jfc.fr\/vphn\/wp-content\/uploads\/sites\/65\/2020\/01\/Reille.jpg 210w\" sizes=\"(max-width: 175px) 100vw, 175px\" \/><figcaption id=\"caption-attachment-5697\" class=\"wp-caption-text\">Ren\u00e9 Reille (1835-1898), Site de l&rsquo;Assembl\u00e9e Nationale. C&rsquo;est le mariage de Genevi\u00e8ve-Soult avec Ren\u00e9 Reille qui va faire d\u00e9buter la dynastie Reille, puis Reille-Soult.<\/figcaption><\/figure>\n<p align=\"justify\">\u00a0\u00a0\u00a0\u00a0\u00a0\u00a0\u00a0\u00a0\u00a0 Bien que la lign\u00e9e des ducs de Dalmatie disparaisse officiellement avec le fils de Soult, Napol\u00e9on-Hector, en 1857, le legs de Soult fut transmis \u00e0 la fille de ce dernier, Genevi\u00e8ve. En 1860, elle se maria avec le Baron Ren\u00e9 Reille, fils d&rsquo;un autre mar\u00e9chal d&rsquo;Empire anobli, participant \u00e0 la cr\u00e9ation d&rsquo;une nouvelle dynastie, les Reille-Soult. Reille, d\u00e9put\u00e9 monarchiste de 1871 jusqu&rsquo;\u00e0 sa mort en 1898, n&rsquo;h\u00e9site pas \u00e0 perp\u00e9tuer cette strat\u00e9gie avec d&rsquo;autres grands noms du Tarn. Il marie ainsi sa fille Marie-Louise au <a href=\"http:\/\/blogs.univ-jfc.fr\/vphn\/la-cie-des-houilleres-de-carmaux-du-temps-des-solages-1780-a-1944\/\">marquis de Solages, propri\u00e9taire des mines de Carmaux.<\/a> Enfin, m\u00eame si le titre de duc de Dalmatie ne peut plus \u00eatre port\u00e9 officiellement,les fils d&rsquo;Andr\u00e9 Reille disposent de l&rsquo;autorisation d&rsquo;utiliser le nom de Reille-Soult, duc de Dalmatie, en titre de courtoisie, d\u00e8s 1910.<\/p>\n<figure id=\"attachment_5703\" aria-describedby=\"caption-attachment-5703\" style=\"width: 1122px\" class=\"wp-caption aligncenter\"><img loading=\"lazy\" class=\"wp-image-5703 size-full\" src=\"http:\/\/blogs.univ-jfc.fr\/vphn\/wp-content\/uploads\/sites\/65\/2020\/01\/G\u00e9n\u00e9alogie.png\" alt=\"\" width=\"1122\" height=\"793\" srcset=\"https:\/\/blogs.univ-jfc.fr\/vphn\/wp-content\/uploads\/sites\/65\/2020\/01\/G\u00e9n\u00e9alogie.png 1122w, https:\/\/blogs.univ-jfc.fr\/vphn\/wp-content\/uploads\/sites\/65\/2020\/01\/G\u00e9n\u00e9alogie-300x212.png 300w, https:\/\/blogs.univ-jfc.fr\/vphn\/wp-content\/uploads\/sites\/65\/2020\/01\/G\u00e9n\u00e9alogie-768x543.png 768w, https:\/\/blogs.univ-jfc.fr\/vphn\/wp-content\/uploads\/sites\/65\/2020\/01\/G\u00e9n\u00e9alogie-1024x724.png 1024w\" sizes=\"(max-width: 706px) 89vw, (max-width: 767px) 82vw, 740px\" \/><figcaption id=\"caption-attachment-5703\" class=\"wp-caption-text\">Tableau g\u00e9n\u00e9alogique non-exhaustif de la dynastie Reille puis Reille-Soult jusqu\u2019en 1971, image r\u00e9alis\u00e9e par les \u00e9tudiants.<\/figcaption><\/figure>\n<p align=\"justify\">\u00a0\u00a0\u00a0\u00a0\u00a0\u00a0\u00a0\u00a0\u00a0 Leur pouvoir s\u2019implante dans le temps long, car les membres de la dynastie se relaient tour \u00e0 tour dans l&rsquo;exercice de la charge de d\u00e9put\u00e9, sous trois g\u00e9n\u00e9rations, de 1871 \u00e0 1958. Or M\u00eame si Xavier Reille est battu \u00e0 la premi\u00e8re circonscription de Castres en 1910, la seconde, men\u00e9e par Am\u00e9d\u00e9e, reste entre les mains de la dynastie et n&rsquo;en sort provisoirement qu&rsquo;en 1924. La circonscription de Mazamet reste donc comparable \u00e0 un fief \u00e9lectoral cons\u00e9quent.<\/p>\n<p style=\"text-align: center\" align=\"justify\">***<\/p>\n<p align=\"justify\">\u00a0\u00a0\u00a0\u00a0\u00a0\u00a0\u00a0\u00a0\u00a0 Soult \u00e9tait un homme militaire de son temps, utilisant les strat\u00e9gies de l&rsquo;\u00e9poque. Bien que sa moralit\u00e9 et sa loyaut\u00e9 soient toutes relatives, cela n\u2018enl\u00e8ve rien \u00e0 ses capacit\u00e9s militaires et tactiques certaines. Il s\u2018agit aussi, de sa part, d\u2018une intelligence politique : cette loyaut\u00e9 tr\u00e8s faillible lui permit de \u201esauver sa t\u00eate\u201c \u00e0 plusieurs reprises lors des bouleversements politiques fran\u00e7ais. Il faut certainement une bonne capacit\u00e9 politique pour que, s\u2018affichant fervent partisan de Charles X avant 1830, on puisse devenir pr\u00e9sident du Conseil des Ministres sous Louis-Philippe. Ce sont ces postes et ces honneurs qui permettent une certaine accumulation de ses richesses, jouant tels les fondations de la Dynastie Reille-Soult survenant quelque temps plus tard, usant des m\u00eames r\u00e9seaux \u00e9conomiques et politiques.<span style=\"color: #000000\"><br \/>\n<\/span><\/p>\n<p align=\"justify\">Une bibliographie non-exhaustive est propos\u00e9e dans cette <a href=\"http:\/\/blogs.univ-jfc.fr\/vphn\/?page_id=6402&amp;preview=true\">page annexe : <\/a><\/p>\n<p>Etudiant.es : L2 : GAILLAC Maxime (L2) et DELAIRE Nicolas (L2), Piquet Sarah (L1) et Pages Laura (L1)<\/p>\n","protected":false},"excerpt":{"rendered":"<p>\u00a0\u00a0\u00a0\u00a0\u00a0\u00a0\u00a0\u00a0\u00a0 Personnage bien \u00e9tonnant que Jean-De-Dieu Soult. Strat\u00e8ge hors pair, Homme de main de Louis-Philippe, agent du d\u00e9veloppement du Sud-Tarn durant une bonne partie du XIXe si\u00e8cle, il fut un homme ayant su sortir de son cadre mazam\u00e9tain pour devenir un personnage national. Sa mort n\u2018\u00e9teint pas l\u2019aura qui l\u2019a entour\u00e9 dans le sud du &hellip; <\/p>\n<p class=\"link-more\"><a href=\"https:\/\/blogs.univ-jfc.fr\/vphn\/jean-de-dieu-soult-personnage-national-a-lheritage-mazametain\/\" class=\"more-link\">Continuer la lecture<span class=\"screen-reader-text\"> de &laquo;&nbsp;Jean-de-Dieu Soult, personnage national \u00e0 l&rsquo;h\u00e9ritage mazam\u00e9tain [2020]&nbsp;&raquo;<\/span><\/a><\/p>\n","protected":false},"author":19,"featured_media":0,"parent":0,"menu_order":0,"comment_status":"closed","ping_status":"closed","template":"","meta":[],"_links":{"self":[{"href":"https:\/\/blogs.univ-jfc.fr\/vphn\/wp-json\/wp\/v2\/pages\/5215"}],"collection":[{"href":"https:\/\/blogs.univ-jfc.fr\/vphn\/wp-json\/wp\/v2\/pages"}],"about":[{"href":"https:\/\/blogs.univ-jfc.fr\/vphn\/wp-json\/wp\/v2\/types\/page"}],"author":[{"embeddable":true,"href":"https:\/\/blogs.univ-jfc.fr\/vphn\/wp-json\/wp\/v2\/users\/19"}],"replies":[{"embeddable":true,"href":"https:\/\/blogs.univ-jfc.fr\/vphn\/wp-json\/wp\/v2\/comments?post=5215"}],"version-history":[{"count":47,"href":"https:\/\/blogs.univ-jfc.fr\/vphn\/wp-json\/wp\/v2\/pages\/5215\/revisions"}],"predecessor-version":[{"id":6798,"href":"https:\/\/blogs.univ-jfc.fr\/vphn\/wp-json\/wp\/v2\/pages\/5215\/revisions\/6798"}],"wp:attachment":[{"href":"https:\/\/blogs.univ-jfc.fr\/vphn\/wp-json\/wp\/v2\/media?parent=5215"}],"curies":[{"name":"wp","href":"https:\/\/api.w.org\/{rel}","templated":true}]}}