{"id":5271,"date":"2020-02-13T11:11:09","date_gmt":"2020-02-13T10:11:09","guid":{"rendered":"http:\/\/blogs.univ-jfc.fr\/vphn\/?page_id=5271"},"modified":"2020-03-06T12:29:47","modified_gmt":"2020-03-06T11:29:47","slug":"cathedrale-notre-dame-de-lassomption-de-montauban-2020","status":"publish","type":"page","link":"https:\/\/blogs.univ-jfc.fr\/vphn\/patrimoine-et-sites-remarquables\/cathedrale-notre-dame-de-lassomption-de-montauban-2020\/","title":{"rendered":"Cath\u00e9drale Notre-Dame de l&rsquo;Assomption de Montauban [2020]"},"content":{"rendered":"<p align=\"justify\">La ville de Montauban fut cr\u00e9\u00e9e en 1144 par le comte de Toulouse et l&rsquo;abbaye de Montauriol. Situ\u00e9e sur un point strat\u00e9gique permettant le contr\u00f4le du commerce fluvial du Tarn, Montauban se d\u00e9veloppe rapidement gr\u00e2ce \u00e0 l&rsquo;artisanat et le commerce du textile, elle se convertit par ailleurs au calvinisme d\u00e8s 1530.<\/p>\n<figure id=\"attachment_5499\" aria-describedby=\"caption-attachment-5499\" style=\"width: 738px\" class=\"wp-caption aligncenter\"><img loading=\"lazy\" class=\"size-full wp-image-5499\" src=\"http:\/\/blogs.univ-jfc.fr\/vphn\/wp-content\/uploads\/sites\/65\/2020\/01\/image-montauban2.jpg\" alt=\"\" width=\"738\" height=\"512\" srcset=\"https:\/\/blogs.univ-jfc.fr\/vphn\/wp-content\/uploads\/sites\/65\/2020\/01\/image-montauban2.jpg 738w, https:\/\/blogs.univ-jfc.fr\/vphn\/wp-content\/uploads\/sites\/65\/2020\/01\/image-montauban2-300x208.jpg 300w\" sizes=\"(max-width: 738px) 100vw, 738px\" \/><figcaption id=\"caption-attachment-5499\" class=\"wp-caption-text\">Plan de la ville de Montauban au XIIe si\u00e8cle (Montauban (Tarn-et-Garonne), secteur urbain : Montauban centre.<br \/>R\u00e9f\u00e9rence : IVC82121_20058200020NUCA &#8211; Plan de la ville de Montauban vers milieu du 12e si\u00e8cle. &#8211; Chabbert, Roland (reproduction), (c) Ville de Montauban ; (c) Inventaire g\u00e9n\u00e9ral R\u00e9gion Midi-Pyr\u00e9n\u00e9es.)<\/figcaption><\/figure>\n<p align=\"justify\">Durant les guerres de religion de 1562 \u00e0 1598, la ville prend le parti des protestants aussi appel\u00e9s <a href=\"http:\/\/blogs.univ-jfc.fr\/vphn\/patrimoine-et-sites-remarquables\/cathedrale-notre-dame-de-lassomption-de-montauban-2020\/annexe-huguenots-et-calvinisme\/\">\u00ab\u00a0huguenots\u00a0\u00bb<\/a>, elle fait alors partie des trois capitales de l&rsquo;union protestante du midi, avec La Rochelle et N\u00eemes.<\/p>\n<figure id=\"attachment_5440\" aria-describedby=\"caption-attachment-5440\" style=\"width: 525px\" class=\"wp-caption aligncenter\"><img loading=\"lazy\" class=\"wp-image-5440 size-large\" src=\"http:\/\/blogs.univ-jfc.fr\/vphn\/wp-content\/uploads\/sites\/65\/2020\/01\/image-montauban-1-1-1024x753.jpg\" alt=\"tir\u00e9 du site wikip\u00e9dia\" width=\"525\" height=\"386\" srcset=\"https:\/\/blogs.univ-jfc.fr\/vphn\/wp-content\/uploads\/sites\/65\/2020\/01\/image-montauban-1-1-1024x753.jpg 1024w, https:\/\/blogs.univ-jfc.fr\/vphn\/wp-content\/uploads\/sites\/65\/2020\/01\/image-montauban-1-1-300x221.jpg 300w, https:\/\/blogs.univ-jfc.fr\/vphn\/wp-content\/uploads\/sites\/65\/2020\/01\/image-montauban-1-1-768x564.jpg 768w, https:\/\/blogs.univ-jfc.fr\/vphn\/wp-content\/uploads\/sites\/65\/2020\/01\/image-montauban-1-1.jpg 1200w\" sizes=\"(max-width: 525px) 100vw, 525px\" \/><figcaption id=\"caption-attachment-5440\" class=\"wp-caption-text\">Repr\u00e9sentation du si\u00e8ge de Montauban en 1621<\/figcaption><\/figure>\n<p align=\"justify\"><span id=\"p40\">Au XVIIe si\u00e8cle, apr\u00e8s l&rsquo;\u00e9dit de Nantes, la ville reste fortement peupl\u00e9e de protestants et demeure sous leur contr\u00f4le.<\/span><span id=\"p41\"> Elle devient la cible du pouvoir royal lors de la r\u00e9volte du <a href=\"http:\/\/blogs.univ-jfc.fr\/vphn\/patrimoine-et-sites-remarquables\/cathedrale-notre-dame-de-lassomption-de-montauban-2020\/annexe-huguenots-et-calvinisme\/\">duc de Rohan<\/a> <span id=\"p39\">(1621-1629)<\/span>.<\/span><span id=\"p42\"> Apr\u00e8s plusieurs si\u00e8ges, la ville dite imprenable ouvre finalement ses portes apr\u00e8s la chute de La Rochelle, prise par le cardinal de Richelieu.<\/span><span id=\"p43\"> Une fois soumise \u00e0 l&rsquo;autorit\u00e9 royale, la ville conna\u00eet des modifications urbaines importantes sous l&rsquo;influence du clerg\u00e9 catholique.<\/span><span id=\"p44\"> En 1685, la r\u00e9vocation de l&rsquo;\u00e9dit de Nantes conforte le pouvoir du clerg\u00e9 catholique et son monopole \u00e0 Montauban.<\/span><\/p>\n<h2><span id=\"p45\">La construction d\u2019un symbole catholique et royal.<\/span><\/h2>\n<p>&nbsp;<\/p>\n<p align=\"justify\"><span id=\"p15\">Apr\u00e8s la conqu\u00eate, le roi et son clerg\u00e9 cherchent \u00e0 imposer leur pouvoir sur l&rsquo;ancienne ville protestante.<\/span><span id=\"p16\"> Ce mouvement est \u00e0 l&rsquo;origine de nombreux \u00e9difices eccl\u00e9siastiques tels que le coll\u00e8ge j\u00e9suite ou encore de nouvelles \u00e9glises.<\/span><\/p>\n<p align=\"justify\"><span id=\"p17\">Dans ce contexte d&rsquo;affirmation du pouvoir, l\u2019\u00e9v\u00eaque en charge, monseigneur de <span id=\"27\" class=\"s-rg\">Nesmond,<\/span> fait raser des quartiers protestants afin de b\u00e2tir une nouvelle cath\u00e9drale.<\/span><span id=\"p46\"> La construction est d\u00e9l\u00e9gu\u00e9e \u00e0 l&rsquo;architecte royal <a href=\"http:\/\/blogs.univ-jfc.fr\/vphn\/patrimoine-et-sites-remarquables\/cathedrale-notre-dame-de-lassomption-de-montauban-2020\/biographie-cathedrale-notre-dame-de-lassomption-de-montauban\/\">Fran\u00e7ois d&rsquo;<span id=\"53\" class=\"s-rg\">Orbay<\/span> <\/a>puis \u00e0 ses successeurs <a href=\"http:\/\/blogs.univ-jfc.fr\/vphn\/patrimoine-et-sites-remarquables\/cathedrale-notre-dame-de-lassomption-de-montauban-2020\/biographie-cathedrale-notre-dame-de-lassomption-de-montauban\/\">Jules Hardouin Mansart<\/a> et <a href=\"http:\/\/blogs.univ-jfc.fr\/vphn\/patrimoine-et-sites-remarquables\/cathedrale-notre-dame-de-lassomption-de-montauban-2020\/biographie-cathedrale-notre-dame-de-lassomption-de-montauban\/\">Robert de Cotte<\/a>, afin de cr\u00e9er un monument \u00e0 la hauteur du prestige du roi Louis XIV.<\/span><span id=\"p47\"> Le choix de ces architectes par le roi rel\u00e8ve de sa volont\u00e9 d&rsquo;affirmer son pouvoir, marquant ainsi une rupture avec la traditionnelle fondation d&rsquo;une cath\u00e9drale.<\/span><span id=\"p48\"> Habituellement, l\u2019\u00c9glise pr\u00e9levait des taxes sur ses paroissiens pour financer une partie des constructions quand l&rsquo;autre \u00e9tait prise en charge par les fonds eccl\u00e9siastiques.<\/span><span id=\"p49\"> Or, dans le cas de la cath\u00e9drale Notre-dame de l&rsquo;Assomption, l&rsquo;imposition est prise en charge par la royaut\u00e9, avec le retour des administrations locales telles que la g\u00e9n\u00e9ralit\u00e9 en 1635 ou encore la s\u00e9n\u00e9chauss\u00e9e.<\/span><span id=\"p50\"> Ainsi, le vote des lois du Conseil d&rsquo;\u00c9tat autorise la lev\u00e9e d&rsquo;imp\u00f4ts pour financer les travaux.<\/span><span id=\"p51\"> Les changements de plan de la cath\u00e9drale et d&rsquo;architectes entra\u00eenent un accroissement du co\u00fbt, n\u00e9cessitant un budget toujours plus \u00e9lev\u00e9 et donc de nouveaux imp\u00f4ts ou dons tels que celui de monseigneur de Haussonville.<\/span><span id=\"p52\"> Ainsi, le budget initial de 144 000 livres atteint au terme des travaux en 1739 la somme de 715 000 livres.<\/span><\/p>\n<p>&nbsp;<\/p>\n<figure id=\"attachment_5510\" aria-describedby=\"caption-attachment-5510\" style=\"width: 1024px\" class=\"wp-caption alignnone\"><img loading=\"lazy\" class=\"size-full wp-image-5510\" src=\"http:\/\/blogs.univ-jfc.fr\/vphn\/wp-content\/uploads\/sites\/65\/2020\/01\/image-montauban-3.jpg\" alt=\"\" width=\"1024\" height=\"938\" srcset=\"https:\/\/blogs.univ-jfc.fr\/vphn\/wp-content\/uploads\/sites\/65\/2020\/01\/image-montauban-3.jpg 1024w, https:\/\/blogs.univ-jfc.fr\/vphn\/wp-content\/uploads\/sites\/65\/2020\/01\/image-montauban-3-300x275.jpg 300w, https:\/\/blogs.univ-jfc.fr\/vphn\/wp-content\/uploads\/sites\/65\/2020\/01\/image-montauban-3-768x704.jpg 768w\" sizes=\"(max-width: 706px) 89vw, (max-width: 767px) 82vw, 740px\" \/><figcaption id=\"caption-attachment-5510\" class=\"wp-caption-text\">Aper\u00e7u de la fa\u00e7ade de la Cath\u00e9drale Notre-Dame de l&rsquo;Assomption de Montauban<\/figcaption><\/figure>\n<p align=\"justify\"><span id=\"p120\">Pour la construction, la pierre blanche fut privil\u00e9gi\u00e9e en opposition aux briques rouges utilis\u00e9es dans la r\u00e9gion.<\/span><span id=\"p121\"> Ce contraste marque la domination versaillaise sur la cit\u00e9 montalbanaise.<\/span><span id=\"p122\"> La cath\u00e9drale est b\u00e2tie dans le style <a href=\"http:\/\/blogs.univ-jfc.fr\/vphn\/patrimoine-et-sites-remarquables\/cathedrale-notre-dame-de-lassomption-de-montauban-2020\/biographie-cathedrale-notre-dame-de-lassomption-de-montauban\/\">classique<\/a>, diffusant la propagande royale principalement sous le r\u00e8gne du roi soleil.<\/span><span id=\"p123\"> Cette esth\u00e9tique, \u00e0 l&rsquo;antique, a pour but de magnifier la figure royale et l\u2019\u00c9glise.<\/span><\/p>\n<p align=\"justify\"><span id=\"p125\">La fa\u00e7ade se caract\u00e9rise par une sobri\u00e9t\u00e9 <span id=\"p124\">(pas de relief)<\/span>, le regard est d&rsquo;abord attir\u00e9 par les quatre statues reposant sur l&rsquo;entablement maintenu par une colonnade d&rsquo;ordre dorique.<\/span><span id=\"p126\"> La porte centrale, dite charreti\u00e8re par sa taille et sa largeur, est encadr\u00e9e par cette m\u00eame colonnade.<\/span><span id=\"p127\"> Adjacentes \u00e0 celle-ci, les portes d&rsquo;entr\u00e9e dites pi\u00e9tonnes sont celles d&rsquo;usage.<\/span><span id=\"p110\"> Deux niches vides se trouvant \u00e0 l\u2019extr\u00e9mit\u00e9 de la fa\u00e7ade auraient d\u00fb accueillir deux docteurs de l\u2019\u00c9glise.<\/span><span id=\"p111\"> Sur le second niveau, se trouve le vitrail surplomb\u00e9 par un fronton arborant les armoiries du roi de France et de Navarre.<\/span><span id=\"p112\"> Les statues de l\u2019Esp\u00e9rance et la Religion se posent <span id=\"119\" class=\"s-or\">sur<\/span> elles, montrant ainsi la continuit\u00e9 entre l\u2019\u00c9glise et le roi.<\/span><span id=\"p113\"> De part et d&rsquo;autre du fronton, se dressent deux campaniles.<\/span><\/p>\n<p align=\"justify\"><span id=\"p114\">Les statuaires des <a href=\"http:\/\/blogs.univ-jfc.fr\/vphn\/patrimoine-et-sites-remarquables\/cathedrale-notre-dame-de-lassomption-de-montauban-2020\/biographie-des-hommes-deglise\/\">quatre \u00e9vang\u00e9listes<\/a> mod\u00e9lisent la pens\u00e9e catholique dans une logique didactique imposant la vision papale aux protestants qui renoncent au culte des saints.<\/span><span id=\"p115\"> \u00c0 l&rsquo;int\u00e9rieur de la cath\u00e9drale, deux autres statues sont expos\u00e9es face aux deux portes pi\u00e9tonnes repr\u00e9sentant deux docteurs de l\u2019\u00c9glise, <a href=\"http:\/\/blogs.univ-jfc.fr\/vphn\/patrimoine-et-sites-remarquables\/cathedrale-notre-dame-de-lassomption-de-montauban-2020\/biographie-des-hommes-deglise\/\">saint Ambroise<\/a> et<a href=\"http:\/\/blogs.univ-jfc.fr\/vphn\/patrimoine-et-sites-remarquables\/cathedrale-notre-dame-de-lassomption-de-montauban-2020\/biographie-des-hommes-deglise\/\"> saint Augustin<\/a>.<\/span><span id=\"p116\"> Le plan de la cath\u00e9drale suit la forme d&rsquo;une croix grecque et non-latine, ce qui marque la c\u00e9sure entre la nef et le ch\u0153ur.<\/span><\/p>\n<p align=\"justify\"><span id=\"p117\">L&rsquo;int\u00e9rieur est aussi vou\u00e9 \u00e0 la gloire des saints par le biais de nombreuses chapelles richement d\u00e9cor\u00e9es.<\/span><span id=\"p118\"> Ainsi, les tr\u00e9sors expos\u00e9s dans la cath\u00e9drale suivent la logique globale de l&rsquo;\u00e9difice.<\/span><span id=\"p100\"> Un des tr\u00e9sors les plus repr\u00e9sentatifs est le tableau d&rsquo;Ingres de 1824, le <em>v\u0153u de Louis XIII<\/em>.<\/span><\/p>\n<figure id=\"attachment_6239\" aria-describedby=\"caption-attachment-6239\" style=\"width: 800px\" class=\"wp-caption aligncenter\"><img loading=\"lazy\" class=\"wp-image-6239 size-full\" src=\"http:\/\/blogs.univ-jfc.fr\/vphn\/wp-content\/uploads\/sites\/65\/2020\/01\/800px-Le_Voeu_de_Louis_XIII.jpg\" alt=\"\" width=\"800\" height=\"1272\" srcset=\"https:\/\/blogs.univ-jfc.fr\/vphn\/wp-content\/uploads\/sites\/65\/2020\/01\/800px-Le_Voeu_de_Louis_XIII.jpg 800w, https:\/\/blogs.univ-jfc.fr\/vphn\/wp-content\/uploads\/sites\/65\/2020\/01\/800px-Le_Voeu_de_Louis_XIII-189x300.jpg 189w, https:\/\/blogs.univ-jfc.fr\/vphn\/wp-content\/uploads\/sites\/65\/2020\/01\/800px-Le_Voeu_de_Louis_XIII-768x1221.jpg 768w, https:\/\/blogs.univ-jfc.fr\/vphn\/wp-content\/uploads\/sites\/65\/2020\/01\/800px-Le_Voeu_de_Louis_XIII-644x1024.jpg 644w\" sizes=\"(max-width: 706px) 89vw, (max-width: 767px) 82vw, 740px\" \/><figcaption id=\"caption-attachment-6239\" class=\"wp-caption-text\">Le v\u0153u de Louis XIII de Ingres en 1824<\/figcaption><\/figure>\n<p align=\"justify\"><span id=\"p139\">La cath\u00e9drale Notre-dame de l&rsquo;Assomption de Montauban a pour but de ranimer la foi catholique dans un ancien centre protestant, de ce fait, son nom n&rsquo;est pas anodin.<\/span><span id=\"p140\"> \u00c0 partir de 1787, la cath\u00e9drale perd de son sens avec le r\u00e9tablissement du protestantisme et donc la perte du monopole du clerg\u00e9 catholique.<\/span><span id=\"p141\"> De plus, la chute de la monarchie en 1792 marque une nouvelle perte d&rsquo;influence de l&rsquo;\u00e9difice accompagn\u00e9e du retour du pouvoir municipal de la ville.<\/span><\/p>\n<p>&nbsp;<\/p>\n<p><a href=\"http:\/\/blogs.univ-jfc.fr\/vphn\/patrimoine-et-sites-remarquables\/cathedrale-notre-dame-de-lassomption-de-montauban-2020\/bibliographie-cathedrale-notre-dame-de-lassomption-de-montauban\/\">Bibliographie<\/a><\/p>\n<p>&nbsp;<\/p>\n<p>L2 : Gr\u00e9gory DA CRUZ, Anthony BAUD<\/p>\n<p>L1 : Chlo\u00e9 ESPAGNET, Mathis BONHOMME<\/p>\n","protected":false},"excerpt":{"rendered":"<p>La ville de Montauban fut cr\u00e9\u00e9e en 1144 par le comte de Toulouse et l&rsquo;abbaye de Montauriol. Situ\u00e9e sur un point strat\u00e9gique permettant le contr\u00f4le du commerce fluvial du Tarn, Montauban se d\u00e9veloppe rapidement gr\u00e2ce \u00e0 l&rsquo;artisanat et le commerce du textile, elle se convertit par ailleurs au calvinisme d\u00e8s 1530. Durant les guerres de &hellip; <\/p>\n<p class=\"link-more\"><a href=\"https:\/\/blogs.univ-jfc.fr\/vphn\/patrimoine-et-sites-remarquables\/cathedrale-notre-dame-de-lassomption-de-montauban-2020\/\" class=\"more-link\">Continuer la lecture<span class=\"screen-reader-text\"> de &laquo;&nbsp;Cath\u00e9drale Notre-Dame de l&rsquo;Assomption de Montauban [2020]&nbsp;&raquo;<\/span><\/a><\/p>\n","protected":false},"author":706,"featured_media":0,"parent":30,"menu_order":1,"comment_status":"closed","ping_status":"closed","template":"","meta":[],"_links":{"self":[{"href":"https:\/\/blogs.univ-jfc.fr\/vphn\/wp-json\/wp\/v2\/pages\/5271"}],"collection":[{"href":"https:\/\/blogs.univ-jfc.fr\/vphn\/wp-json\/wp\/v2\/pages"}],"about":[{"href":"https:\/\/blogs.univ-jfc.fr\/vphn\/wp-json\/wp\/v2\/types\/page"}],"author":[{"embeddable":true,"href":"https:\/\/blogs.univ-jfc.fr\/vphn\/wp-json\/wp\/v2\/users\/706"}],"replies":[{"embeddable":true,"href":"https:\/\/blogs.univ-jfc.fr\/vphn\/wp-json\/wp\/v2\/comments?post=5271"}],"version-history":[{"count":16,"href":"https:\/\/blogs.univ-jfc.fr\/vphn\/wp-json\/wp\/v2\/pages\/5271\/revisions"}],"predecessor-version":[{"id":8336,"href":"https:\/\/blogs.univ-jfc.fr\/vphn\/wp-json\/wp\/v2\/pages\/5271\/revisions\/8336"}],"up":[{"embeddable":true,"href":"https:\/\/blogs.univ-jfc.fr\/vphn\/wp-json\/wp\/v2\/pages\/30"}],"wp:attachment":[{"href":"https:\/\/blogs.univ-jfc.fr\/vphn\/wp-json\/wp\/v2\/media?parent=5271"}],"curies":[{"name":"wp","href":"https:\/\/api.w.org\/{rel}","templated":true}]}}