{"id":5313,"date":"2020-02-20T13:14:37","date_gmt":"2020-02-20T12:14:37","guid":{"rendered":"http:\/\/blogs.univ-jfc.fr\/vphn\/?page_id=5313"},"modified":"2020-03-06T17:24:04","modified_gmt":"2020-03-06T16:24:04","slug":"la-cathedrale-notre-dame-de-rodez-au-fil-des-siecles-2020","status":"publish","type":"page","link":"https:\/\/blogs.univ-jfc.fr\/vphn\/patrimoine-et-sites-remarquables\/la-cathedrale-notre-dame-de-rodez-au-fil-des-siecles-2020\/","title":{"rendered":"La Cath\u00e9drale Notre-Dame de Rodez au fil des si\u00e8cles [2020]"},"content":{"rendered":"<p>&nbsp;<\/p>\n<figure id=\"attachment_6387\" aria-describedby=\"caption-attachment-6387\" style=\"width: 296px\" class=\"wp-caption alignnone\"><img loading=\"lazy\" class=\" wp-image-6387\" src=\"http:\/\/blogs.univ-jfc.fr\/vphn\/wp-content\/uploads\/sites\/65\/2020\/02\/1200px-Cathedral_Notre-Dame_of_Rodez_09-229x300.jpg\" alt=\"\" width=\"296\" height=\"387\" srcset=\"https:\/\/blogs.univ-jfc.fr\/vphn\/wp-content\/uploads\/sites\/65\/2020\/02\/1200px-Cathedral_Notre-Dame_of_Rodez_09-229x300.jpg 229w, https:\/\/blogs.univ-jfc.fr\/vphn\/wp-content\/uploads\/sites\/65\/2020\/02\/1200px-Cathedral_Notre-Dame_of_Rodez_09-768x1006.jpg 768w, https:\/\/blogs.univ-jfc.fr\/vphn\/wp-content\/uploads\/sites\/65\/2020\/02\/1200px-Cathedral_Notre-Dame_of_Rodez_09-782x1024.jpg 782w, https:\/\/blogs.univ-jfc.fr\/vphn\/wp-content\/uploads\/sites\/65\/2020\/02\/1200px-Cathedral_Notre-Dame_of_Rodez_09.jpg 1200w\" sizes=\"(max-width: 296px) 100vw, 296px\" \/><figcaption id=\"caption-attachment-6387\" class=\"wp-caption-text\">(Wikipedia)<\/figcaption><\/figure>\n<p><strong>La cath\u00e9drale Notre-Dame de Rodez au fil des si\u00e8cles [2020]<\/strong><\/p>\n<p align=\"justify\">La cath\u00e9drale Notre-dame de l\u2019assomption de Rodez a entam\u00e9 sa construction en 1277 et l&rsquo;a achev\u00e9 en 1542. Elle appartient au dioc\u00e8se de Rodez et de Vabre dans l\u2019Aveyron. Sa construction sur plusieurs si\u00e8cles n\u2019est pas sans raison. En effet de nombreux \u00e9v\u00e9nements ont ralenti ou rallong\u00e9 les constructions du monument. En 1348, le fl\u00e9au s\u2019abat sur l\u2019Europe, Rodez n\u2019est pas \u00e9pargn\u00e9 par la peste. Le grand nombre de victimes ralentit \u00e9norm\u00e9ment les travaux. Le chantier est donc vu sous une nouvelle perspective. Enfin en 1793, \u00e0 la suite de la r\u00e9volution et des d\u00e9g\u00e2ts subis, la cath\u00e9drale de Rodez conna\u00eet un renouveau architectural. La Cath\u00e9drale Ruth\u00e9noise a \u00e9t\u00e9 conserv\u00e9e durant tous ces si\u00e8cles jusqu\u2019\u00e0 nos jours. Malgr\u00e9 la travers\u00e9e d\u2019\u00e9v\u00e9nements \u201ccontemporains\u201d marquants, elle reste aujourd\u2019hui un monument incontournable de Rodez.<\/p>\n<p align=\"justify\"><i><span style=\"font-weight: 400\">L\u2019architecture et la conservation de la cath\u00e9drale de Rodez refl\u00e8tent-elles l\u2019Histoire de la r\u00e9gion ruth\u00e9noise ?<\/span><\/i><\/p>\n<p><b>De multiples campagnes de constructions (1277 &#8211; 1503)\u00a0<\/b><\/p>\n<p align=\"justify\">Apr\u00e8s l\u2019effondrement du clocher de la cath\u00e9drale romane de Rodez en f\u00e9vrier 1276, l\u2019\u00e9v\u00eaque de la ville : Raymond de Calmont d\u00e9cide de financer la construction d\u2019une cath\u00e9drale plus importante et qui colle avec son temps, c\u2019est-\u00e0-dire une cath\u00e9drale gothique. Gr\u00e2ce au soutien du pape Nicolas IV, de multiples chapelles ont pu voir le jour. La premi\u00e8re est fond\u00e9e en 1291 et la seconde en 1299. Ces chapelles seront des lieux de culte des saints dont notamment la deuxi\u00e8me qui est consacr\u00e9e \u00e0 St-Pierre. Enfin, apr\u00e8s pr\u00e8s de 80 ans de construction, les travaux sont interrompus par une maladie infectieuse et tr\u00e8s contagieuse venue du vieux-port de Marseille. La peste bubonique ou \u00ab\u00a0 peste noire \u00bb arrive dans le rouergue en 1347, touchant la moiti\u00e9 de la population ruth\u00e9noise et ainsi entra\u00eenant une crise de main d\u2019\u0153uvre.<\/p>\n<p align=\"justify\">\u00c0 partir du milieu du XV si\u00e8cle, les travaux reprennent rapidement sous l\u2019\u00e9piscopat de Guillaume de la Tour d\u2019Oliergues. En effet, la guerre de cent ans termin\u00e9e, l&rsquo;\u00e9v\u00eaque d\u00e9cide alors de compl\u00e9ter et d\u2019embellir la cath\u00e9drale. Sont alors construits le portail Sud de la cath\u00e9drale aux 108 statues mais \u00e9galement la troisi\u00e8me trav\u00e9e du choeur.<\/p>\n<figure id=\"attachment_7047\" aria-describedby=\"caption-attachment-7047\" style=\"width: 300px\" class=\"wp-caption aligncenter\"><img loading=\"lazy\" class=\" wp-image-7047\" src=\"http:\/\/blogs.univ-jfc.fr\/vphn\/wp-content\/uploads\/sites\/65\/2020\/02\/Rodezcath\u00e9draleint\u00e9rieur101nef_moiti\u00e9_orientale-240x300.jpg\" alt=\"\" width=\"300\" height=\"375\" srcset=\"https:\/\/blogs.univ-jfc.fr\/vphn\/wp-content\/uploads\/sites\/65\/2020\/02\/Rodezcath\u00e9draleint\u00e9rieur101nef_moiti\u00e9_orientale-240x300.jpg 240w, https:\/\/blogs.univ-jfc.fr\/vphn\/wp-content\/uploads\/sites\/65\/2020\/02\/Rodezcath\u00e9draleint\u00e9rieur101nef_moiti\u00e9_orientale.jpg 480w\" sizes=\"(max-width: 300px) 100vw, 300px\" \/><figcaption id=\"caption-attachment-7047\" class=\"wp-caption-text\">Ch\u0153ur de la cath\u00e9drale<br \/>(Wikimedia Commons)<\/figcaption><\/figure>\n<p>&nbsp;<\/p>\n<p><strong style=\"font-size: 1rem\">Une<\/strong><b style=\"font-size: 1rem\"> cath\u00e9drale en transition : du gothique \u00e0 la modernit\u00e9 (1503 &#8211; 1793)<\/b><\/p>\n<p align=\"justify\">Plusieurs hommes hors du commun laissent une trace ind\u00e9l\u00e9bile \u00e0 cet \u00e9difice : les \u00e9v\u00eaques Fran\u00e7ois d&rsquo;Estaing et Georges d\u2019Armagnac. L\u2019installation de Fran\u00e7ois d\u2019Estaing sur le si\u00e8ge \u00e9piscopal en 1504 ouvre une p\u00e9riode faste pour la cath\u00e9drale, conclue par son ach\u00e8vement cinquante ans plus tard.<\/p>\n<p align=\"justify\">Ces deux \u00e9v\u00eaques donnent \u00e0 la cath\u00e9drale la reconnaissance et la beaut\u00e9 qu\u2019elle m\u00e9rite. Peu de temps apr\u00e8s son installation comme \u00e9v\u00eaque de Rodez, Fran\u00e7ois d\u2019Estaing \u00e9labore le clocher de la cath\u00e9drale ainsi qu\u2019une nouvelle architecture, d\u00e9coration de la fa\u00e7ade. Toutefois, Georges d&rsquo;Armagnac est bien d\u00e9cid\u00e9 \u00e0 rivaliser de projets grandioses avec son pr\u00e9d\u00e9cesseur. Avec d\u2019Armagnac, c&rsquo;est l&rsquo;esprit de l&rsquo;humanisme qui souffle sur Rodez. Ce dernier s&rsquo;entoure de savants, parmi lesquels Guillaume Philandrier. Il avait notamment \u00e9dit\u00e9 et comment\u00e9 l&rsquo;ouvrage de Vitruve, le classique de l&rsquo;architecture antique.<\/p>\n<figure id=\"attachment_7049\" aria-describedby=\"caption-attachment-7049\" style=\"width: 366px\" class=\"wp-caption aligncenter\"><img loading=\"lazy\" class=\" wp-image-7049\" src=\"http:\/\/blogs.univ-jfc.fr\/vphn\/wp-content\/uploads\/sites\/65\/2020\/02\/Clocher_de_la_cath\u00e9drale_de_Rodez_3084449500-296x300.jpg\" alt=\"\" width=\"366\" height=\"371\" srcset=\"https:\/\/blogs.univ-jfc.fr\/vphn\/wp-content\/uploads\/sites\/65\/2020\/02\/Clocher_de_la_cath\u00e9drale_de_Rodez_3084449500-296x300.jpg 296w, https:\/\/blogs.univ-jfc.fr\/vphn\/wp-content\/uploads\/sites\/65\/2020\/02\/Clocher_de_la_cath\u00e9drale_de_Rodez_3084449500-100x100.jpg 100w, https:\/\/blogs.univ-jfc.fr\/vphn\/wp-content\/uploads\/sites\/65\/2020\/02\/Clocher_de_la_cath\u00e9drale_de_Rodez_3084449500.jpg 394w\" sizes=\"(max-width: 366px) 100vw, 366px\" \/><figcaption id=\"caption-attachment-7049\" class=\"wp-caption-text\">Clocher de la cath\u00e9drale<br \/>(Wikimedia Commons)<\/figcaption><\/figure>\n<p>&nbsp;<\/p>\n<p><b>De la R\u00e9volution \u00e0 nos jours<\/b><\/p>\n<p align=\"justify\">\u00c0 la R\u00e9volution, la cath\u00e9drale fit l&rsquo;objet de terribles actes de vandalisme tels que le pillage et la destruction de tombeaux d&rsquo;\u00e9v\u00eaques, dont celui de Fran\u00e7ois d&rsquo;Estaing avec ses cinq colonnes de bronze \u00abregard\u00e9es que comme des monuments d&rsquo;orgueil et de faste\u00bb par les membres de la municipalit\u00e9 de Rodez. Ils jet\u00e8rent les cloches, d\u00e9molirent la statuaire du jub\u00e9 et des portails ainsi qu&rsquo;une partie des pi\u00e8ces d&rsquo;orf\u00e8vrerie ornant les ch\u00e2sses, objets en ivoire, pierreries, reliquaires etc. Pour le cath\u00e9drale, ce drame est l\u2019occasion d&rsquo;\u00e9laborer une toute nouvelle architecture. Les \u00e9l\u00e9ments d\u00e9truits ne seront jamais reconstruits \u00a0\u00e0 l\u2019identique, mais bel et bien remplac\u00e9s<\/p>\n<p align=\"justify\">Cette r\u00e9novation qui dure depuis plusieurs si\u00e8cles, est encore aujourd\u2019hui au go\u00fbt du jour. Il s\u2019agit de la deuxi\u00e8me \u00e9tape de la campagne de travaux 2018-2021, d\u00e9but\u00e9e en octobre 2018 avec la restauration et la mise en valeur int\u00e9rieure de la chapelle du Saint-S\u00e9pulcre. Les travaux ext\u00e9rieurs, qui ont d\u00e9but\u00e9 au mois de mars 2019 pour une dur\u00e9e de 36 mois, consistent pour l\u2019essentiel \u00e0 renforcer le massif de fondation. En effet, le massif occidental souffre de probl\u00e8mes de stabilit\u00e9, signal\u00e9s d\u00e8s 1883, lors de la chute d\u2019un escalier interne, et par de nombreuses fissures traversant les murs. Les \u00e9tudes r\u00e9alis\u00e9es \u00e0 partir de 2015 ont pr\u00e9cis\u00e9 et confort\u00e9 ce diagnostic. L&rsquo;op\u00e9ration, d&rsquo;un montant s\u2019\u00e9levant aux alentours de 3 millions d\u2019euros, sera r\u00e9alis\u00e9e sous la ma\u00eetrise d&rsquo;ouvrage de la direction r\u00e9gionale des affaires culturelles d\u2019Occitanie (CRMH) et dirig\u00e9e par l\u2019architecte en chef des Monuments historiques. Cette op\u00e9ration sera la plus importante restauration d\u2019un monument historique de l\u2019\u00c9tat relevant du minist\u00e8re de la Culture en Occitanie.<\/p>\n<p>&nbsp;<\/p>\n<p>&nbsp;<\/p>\n<p>Pour aller plus loin :<\/p>\n<p><a href=\"http:\/\/polymathe.over-blog.com\/article-35575161.html\">La cath\u00e9drale Notre-Dame de Rodez<\/a><\/p>\n<p><a href=\"http:\/\/blogs.univ-jfc.fr\/vphn\/patrimoine-et-sites-remarquables\/la-cathedrale-notre-dame-de-rodez-au-fil-des-siecles-2020\/annexes\/\">Annexes<\/a><\/p>\n<p>Etudiants : VINTILLAS Romain, POINTIE Jeremy, GARRIC Manuel, ESTEBAN Valentin<\/p>\n","protected":false},"excerpt":{"rendered":"<p>&nbsp; La cath\u00e9drale Notre-Dame de Rodez au fil des si\u00e8cles [2020] La cath\u00e9drale Notre-dame de l\u2019assomption de Rodez a entam\u00e9 sa construction en 1277 et l&rsquo;a achev\u00e9 en 1542. Elle appartient au dioc\u00e8se de Rodez et de Vabre dans l\u2019Aveyron. Sa construction sur plusieurs si\u00e8cles n\u2019est pas sans raison. En effet de nombreux \u00e9v\u00e9nements ont &hellip; <\/p>\n<p class=\"link-more\"><a href=\"https:\/\/blogs.univ-jfc.fr\/vphn\/patrimoine-et-sites-remarquables\/la-cathedrale-notre-dame-de-rodez-au-fil-des-siecles-2020\/\" class=\"more-link\">Continuer la lecture<span class=\"screen-reader-text\"> de &laquo;&nbsp;La Cath\u00e9drale Notre-Dame de Rodez au fil des si\u00e8cles [2020]&nbsp;&raquo;<\/span><\/a><\/p>\n","protected":false},"author":702,"featured_media":0,"parent":30,"menu_order":0,"comment_status":"closed","ping_status":"closed","template":"","meta":[],"_links":{"self":[{"href":"https:\/\/blogs.univ-jfc.fr\/vphn\/wp-json\/wp\/v2\/pages\/5313"}],"collection":[{"href":"https:\/\/blogs.univ-jfc.fr\/vphn\/wp-json\/wp\/v2\/pages"}],"about":[{"href":"https:\/\/blogs.univ-jfc.fr\/vphn\/wp-json\/wp\/v2\/types\/page"}],"author":[{"embeddable":true,"href":"https:\/\/blogs.univ-jfc.fr\/vphn\/wp-json\/wp\/v2\/users\/702"}],"replies":[{"embeddable":true,"href":"https:\/\/blogs.univ-jfc.fr\/vphn\/wp-json\/wp\/v2\/comments?post=5313"}],"version-history":[{"count":30,"href":"https:\/\/blogs.univ-jfc.fr\/vphn\/wp-json\/wp\/v2\/pages\/5313\/revisions"}],"predecessor-version":[{"id":7736,"href":"https:\/\/blogs.univ-jfc.fr\/vphn\/wp-json\/wp\/v2\/pages\/5313\/revisions\/7736"}],"up":[{"embeddable":true,"href":"https:\/\/blogs.univ-jfc.fr\/vphn\/wp-json\/wp\/v2\/pages\/30"}],"wp:attachment":[{"href":"https:\/\/blogs.univ-jfc.fr\/vphn\/wp-json\/wp\/v2\/media?parent=5313"}],"curies":[{"name":"wp","href":"https:\/\/api.w.org\/{rel}","templated":true}]}}