{"id":5428,"date":"2020-01-20T15:52:28","date_gmt":"2020-01-20T14:52:28","guid":{"rendered":"http:\/\/blogs.univ-jfc.fr\/vphn\/?page_id=5428"},"modified":"2020-09-10T22:52:26","modified_gmt":"2020-09-10T20:52:26","slug":"le-chateau-de-miglos-2020","status":"publish","type":"page","link":"https:\/\/blogs.univ-jfc.fr\/vphn\/patrimoine-et-sites-remarquables\/le-chateau-de-miglos-2020\/","title":{"rendered":"Le ch\u00e2teau de Miglos [2020]"},"content":{"rendered":"<h1 style=\"text-align: center\"><strong>Le ch\u00e2teau de Miglos<\/strong><\/h1>\n<figure id=\"attachment_7178\" aria-describedby=\"caption-attachment-7178\" style=\"width: 276px\" class=\"wp-caption aligncenter\"><img loading=\"lazy\" class=\"wp-image-7178\" src=\"http:\/\/blogs.univ-jfc.fr\/vphn\/wp-content\/uploads\/sites\/65\/2020\/01\/ch\u00e2teau-de-miglos-300x197.jpg\" alt=\"\" width=\"276\" height=\"181\" srcset=\"https:\/\/blogs.univ-jfc.fr\/vphn\/wp-content\/uploads\/sites\/65\/2020\/01\/ch\u00e2teau-de-miglos-300x197.jpg 300w, https:\/\/blogs.univ-jfc.fr\/vphn\/wp-content\/uploads\/sites\/65\/2020\/01\/ch\u00e2teau-de-miglos-768x503.jpg 768w, https:\/\/blogs.univ-jfc.fr\/vphn\/wp-content\/uploads\/sites\/65\/2020\/01\/ch\u00e2teau-de-miglos.jpg 1024w\" sizes=\"(max-width: 276px) 100vw, 276px\" \/><figcaption id=\"caption-attachment-7178\" class=\"wp-caption-text\">Photo du ch\u00e2teau du Miglos pris en 2017 par l&rsquo;AACM<\/figcaption><\/figure>\n<p align=\"justify\">Miglos est une commune d&rsquo;Ari\u00e8ge situ\u00e9e dans la vaste vall\u00e9e de Vicdessos, \u00e0 proximit\u00e9 de Niaux. Il s&rsquo;agit d&rsquo;une commune que certains documents\u00a0 mentionnent d\u00e8s le Xe si\u00e8cle.<\/p>\n<p align=\"justify\">La commune de Miglos est notamment connue pour son ch\u00e2teau install\u00e9 du haut d&rsquo;un promontoire des Pyr\u00e9n\u00e9es. Nous ignorons\u00a0 encore aujourd&rsquo;hui la date exacte de la construction de ce ch\u00e2teau, mais nous pouvons l&rsquo;estimer\u00a0 au XIIe si\u00e8cle&#8230;<\/p>\n<p><b>Les barons de Miglos : une illustration de la soci\u00e9t\u00e9 F\u00e9odale et de l\u2019Ancien R\u00e9gime<\/b><\/p>\n<p align=\"justify\">A la base, la commune fut une seigneurie dont la famille Miglos en fut la plus illustre. Elle a r\u00e9gn\u00e9 sur le domaine de Miglos du d\u00e9but du XII\u200be si\u00e8cle jusqu&rsquo;en 1310, date \u00e0 laquelle le titre de baron leur est confisqu\u00e9 par le comte de Foix. Le manque de sources nous emp\u00eache de savoir comment est apparue la seigneurie. Mais il semblerait qu&rsquo;\u00e0 cette \u00e9poque, il n&rsquo;y avait qu&rsquo;une seule famille pour exercer une domination financi\u00e8re sur les autres. C&rsquo;est ce qui leur a permis de s\u2019\u00e9lever au titre de seigneur dans une soci\u00e9t\u00e9 f\u00e9odale en plein d\u00e9veloppement.<\/p>\n<p align=\"justify\">Vers 1310, la famille \u00ab\u00a0de Miglos\u00a0\u00bb perdait son titre de seigneurie, celle-ci leur a \u00e9t\u00e9 confisqu\u00e9 par le comte de Foix, Gaston Ier,\u00a0 pour montrer aux yeux de l\u2019\u00e9glise qu&rsquo;il lutte contre l&rsquo;h\u00e9r\u00e9sie cathare (grandement pr\u00e9sente dans le comt\u00e9 de Foix au XIIIe si\u00e8cle). Cette confiscation est due \u00e0 l&rsquo;h\u00e9r\u00e9sie du seigneur <a href=\"http:\/\/blogs.univ-jfc.fr\/vphn\/arnaud-de-miglos\/\">Arnaud de Miglos<\/a> (seigneur de Miglos de 1210 \u00e0 1250). Le comte de Foix va par ailleurs donner la seigneurie de Miglos \u00e0 la famille de Sons en \u00e9change de leur terre dans <a href=\"https:\/\/fr.wikipedia.org\/wiki\/Donezan\">le Donnezan<\/a> qu&rsquo;il convoitait depuis un certain temps.<\/p>\n<figure id=\"attachment_7241\" aria-describedby=\"caption-attachment-7241\" style=\"width: 197px\" class=\"wp-caption alignleft\"><img loading=\"lazy\" class=\"wp-image-7241\" src=\"http:\/\/blogs.univ-jfc.fr\/vphn\/wp-content\/uploads\/sites\/65\/2020\/01\/blason.png\" alt=\"\" width=\"197\" height=\"245\" \/><figcaption id=\"caption-attachment-7241\" class=\"wp-caption-text\">Armoiries de la famille \u00ab\u00a0de Miglos\u00a0\u00bb<\/figcaption><\/figure>\n<p align=\"justify\">\u00a0La famille de Sons ne r\u00e9gna que pendant 30 ans avant de laisser sa place \u00e0 Jourdain de Rabat. Au total, 6 familles de seigneurs, puis de barons vont se succ\u00e9der entre 1310 et 1599 : <strong>De Sons<\/strong>, <strong>Rabat<\/strong>, <strong>Arnave<\/strong>, <strong>B\u00e9on<\/strong>, <strong>Louvie<\/strong> et <strong>De Goth<\/strong>. La plupart des familles ont d&rsquo;ailleurs pris la t\u00eate du domaine en \u00e9pousant des filles de seigneurs, comme par exemple Manaud de Louvie qui devint le seigneur de Miglos en 1450, apr\u00e8s avoir \u00e9pous\u00e9 Marguerite de B\u00e9on, la fille unique de Guilhem de B\u00e9on. Par ailleurs, ce dernier est le premier baron de Miglos mentionn\u00e9 pour la premi\u00e8re fois en 1410 dans une source en temps que baron et non en temps que seigneur.\u00a0 La seigneurie de Miglos devint alors une baronnie. <em><br \/>\n<\/em><\/p>\n<p align=\"justify\">En 1599,<a href=\"http:\/\/blogs.univ-jfc.fr\/vphn\/la-vente-de-la-barronie-de-miglos-en-1599\/\"> Charles de Miglos rach\u00e8te la baronnie \u00e0 Catherine de Goth<\/a>. Son neveu, Pierre de Miglos, qui lui succ\u00e8de en 1606, devint \u00e9galement le seigneur de Junac depuis la mort de son p\u00e8re. D\u00e8s lors, la seigneurie de Junac et la baronnie de Miglos sont dirig\u00e9es par le baron de Miglos. En 1646, la baronnie de Miglos et la seigneurie de Junac furent en possession de la famille Montaud, avec Louis-Alexandre de Montaud. Cette famille, dont le si\u00e8ge est d\u00e9tenu par\u00a0 celle des Rabat, obtient la baronnie gr\u00e2ce \u00e0 des mariages avec les descendantes de Marguerite de Miglos, la soeur de Charles de Miglos. La commune de Rabat est ainsi rattach\u00e9e au domaine des barons de Miglos en 1733. Entre temps, la seigneurie de Junac est \u00e9lev\u00e9e en Maquisard \u00e0 une date qui nous est inconnue. Ainsi, le dernier baron de Miglos Jean-Louis de Miglos se nommait \u201cbaron de Miglos, marquis de Junac et seigneur de Labat\u201d. Ce dernier perdra ses titres apr\u00e8s l\u2019incendie du ch\u00e2teau en 1792 \u00e0 la suite d&rsquo;une r\u00e9volte des paysans.<\/p>\n<p align=\"justify\"><a href=\"http:\/\/blogs.univ-jfc.fr\/vphn\/wp-content\/uploads\/sites\/65\/2020\/01\/G\u00e9n\u00e9alogie-des-Barons-de-Miglos.pdf\">G\u00e9n\u00e9alogie des Barons de Miglos (de 1599 \u00e0 1792)<\/a><\/p>\n<p><b>Les relations du ch\u00e2teau avec son entourage dans le Comt\u00e9 de Foix<\/b><\/p>\n<figure id=\"attachment_7405\" aria-describedby=\"caption-attachment-7405\" style=\"width: 120px\" class=\"wp-caption alignright\"><img loading=\"lazy\" class=\"wp-image-7405\" src=\"http:\/\/blogs.univ-jfc.fr\/vphn\/wp-content\/uploads\/sites\/65\/2020\/01\/Armoiries-Comt\u00e9-de-Foix-273x300.png\" alt=\"\" width=\"120\" height=\"131\" srcset=\"https:\/\/blogs.univ-jfc.fr\/vphn\/wp-content\/uploads\/sites\/65\/2020\/01\/Armoiries-Comt\u00e9-de-Foix-273x300.png 273w, https:\/\/blogs.univ-jfc.fr\/vphn\/wp-content\/uploads\/sites\/65\/2020\/01\/Armoiries-Comt\u00e9-de-Foix.png 600w\" sizes=\"(max-width: 120px) 100vw, 120px\" \/><figcaption id=\"caption-attachment-7405\" class=\"wp-caption-text\">Armoirie du\u00a0\u00a0\u00a0\u00a0\u00a0\u00a0 Comt\u00e9 de Foix<\/figcaption><\/figure>\n<p align=\"justify\">Qu\u2019ils s\u2019agissent des miglosiens (habitants de Miglos), des villages voisins, ou encore du comte de Foix\u2026 Le ch\u00e2teau de Miglos entretient des rapports divergents, parfois ambigus avec le monde qui l\u2019entoure (avec les villageois, le ch\u00e2teau a longtemps entretenu une relation plut\u00f4t autoritaire sur ses habitants).<\/p>\n<p align=\"justify\">Certaines sources historiographiques mentionnent des r\u00e9glementations municipales port\u00e9es par le <a href=\"http:\/\/blogs.univ-jfc.fr\/vphn\/le-syndicat\/\">syndicat<\/a> (<a href=\"http:\/\/blogs.univ-jfc.fr\/vphn\/larrete-municipal-de-1785\/\">arr\u00eat\u00e9 syndical de 1785<\/a>) mentionnent que des sanctions pouvaient \u00eatre attribu\u00e9es en cas de d\u00e9sob\u00e9issance, dont des peines d\u2019emprisonnement au ch\u00e2teau.<\/p>\n<p align=\"justify\">Sachant qu\u2019\u00e0 sa construction, le ch\u00e2teau \u00e9tait un \u00e9l\u00e9ment de la propri\u00e9t\u00e9 seigneuriale, il devient, aux yeux des miglosiens du XVIIIe si\u00e8cle, une prison (cela justifie s\u00fbrement l\u2019incendie caus\u00e9s par les paysans \u00e0 la R\u00e9volution).<\/p>\n<figure id=\"attachment_7242\" aria-describedby=\"caption-attachment-7242\" style=\"width: 302px\" class=\"wp-caption alignleft\"><img loading=\"lazy\" class=\"wp-image-7242\" src=\"http:\/\/blogs.univ-jfc.fr\/vphn\/wp-content\/uploads\/sites\/65\/2020\/01\/Comt\u00e9-de-Foix-2_LI-281x300.jpg\" alt=\"\" width=\"302\" height=\"322\" srcset=\"https:\/\/blogs.univ-jfc.fr\/vphn\/wp-content\/uploads\/sites\/65\/2020\/01\/Comt\u00e9-de-Foix-2_LI-281x300.jpg 281w, https:\/\/blogs.univ-jfc.fr\/vphn\/wp-content\/uploads\/sites\/65\/2020\/01\/Comt\u00e9-de-Foix-2_LI.jpg 596w\" sizes=\"(max-width: 302px) 100vw, 302px\" \/><figcaption id=\"caption-attachment-7242\" class=\"wp-caption-text\">La baronnie de Miglos et les seigneuries en possession du baron de Miglos dans le Comt\u00e9 de Foix dans l&rsquo;Ancien R\u00e9gime<\/figcaption><\/figure>\n<p align=\"justify\">Parmi les contr\u00e9es voisines du village de Miglos figurent les seigneuries de Junac, Gesti\u00e8s et Ch\u00e2teau-Verdun.\u00a0\u00a0 Au cours de son histoire, le ch\u00e2teau a entretenu des relations divergentes avec ses voisins. Par exemple avec Ch\u00e2teau-Verdun et Gesti\u00e8s o\u00f9 il y eu de nombreux \u00e9changes sur le \u00ab\u00a0droit de p\u00e2turage\u00a0\u00bb, il y avait des relations pacifiques entre villages voisins.<\/p>\n<p align=\"justify\">Cependant, certaines de nos sources mentionnent des proc\u00e8s au Parlement de Toulouse, par exemple avec Gesti\u00e8s \u00e0 propos de p\u00e2turages ill\u00e9gaux, mais surtout avec Junac o\u00f9 Miglos connu de longs conflits juridiques avec son ennemi de longue date. En effet, \u00e0 partir du XVIIe si\u00e8cle, la seigneurie (jadis ind\u00e9pendante) de Junac\u00a0 passa sous l&rsquo;autorit\u00e9 de Miglos et cette derni\u00e8re b\u00e9n\u00e9ficiait donc de la moiti\u00e9 du taille pay\u00e9 par Junac.<\/p>\n<p align=\"justify\">Enfin, pour que le ch\u00e2teau de Miglos puisse b\u00e9n\u00e9ficier d&rsquo;une seigneurie, il faut qu&rsquo;il ait de bonnes relations avec le comte de Foix\u2026 Ce fut le cas en 1162, un document \u00e0 cette date nous indique qu&rsquo;il eu un mariage entre Guilhem Arnaud de Marquefave et la fille du comte de Foix, dont le t\u00e9moin f\u00fbt Pierre de Miglos, le seigneur de Miglos.<\/p>\n<p><b>\u00a0Le ch\u00e2teau de Miglos : entre strat\u00e9gie et symbole de puissance<\/b><\/p>\n<figure id=\"attachment_7245\" aria-describedby=\"caption-attachment-7245\" style=\"width: 357px\" class=\"wp-caption aligncenter\"><img loading=\"lazy\" class=\"wp-image-7245\" src=\"http:\/\/blogs.univ-jfc.fr\/vphn\/wp-content\/uploads\/sites\/65\/2020\/01\/reconstruction-3D-300x169.jpg\" alt=\"\" width=\"357\" height=\"201\" srcset=\"https:\/\/blogs.univ-jfc.fr\/vphn\/wp-content\/uploads\/sites\/65\/2020\/01\/reconstruction-3D-300x169.jpg 300w, https:\/\/blogs.univ-jfc.fr\/vphn\/wp-content\/uploads\/sites\/65\/2020\/01\/reconstruction-3D-768x432.jpg 768w, https:\/\/blogs.univ-jfc.fr\/vphn\/wp-content\/uploads\/sites\/65\/2020\/01\/reconstruction-3D-1024x576.jpg 1024w, https:\/\/blogs.univ-jfc.fr\/vphn\/wp-content\/uploads\/sites\/65\/2020\/01\/reconstruction-3D.jpg 1280w\" sizes=\"(max-width: 357px) 100vw, 357px\" \/><figcaption id=\"caption-attachment-7245\" class=\"wp-caption-text\">Reconstruction du ch\u00e2teau en 3D par Laurent Chanal<\/figcaption><\/figure>\n<p align=\"justify\">Le ch\u00e2teau se trouve \u00e0 l\u2019entr\u00e9e d\u2019une vaste vall\u00e9e dans lequel se trouve la commune de Miglos. Selon Florence Guillot, le ch\u00e2teau fut construit par la famille Miglos qui voyait un moyen de montrer sa domination sur la communaut\u00e9. La vall\u00e9e devait \u00eatre d\u00e9fendue car elle permettait \u00e0 la fois d\u2019avoir une ouverture sur Tarascon-sur-Ari\u00e8ge (qui offre un chemin en direction de l\u2019Andorre et vers Foix) mais aussi une ouverture sur <a href=\"https:\/\/www.ariege.com\/decouvrir-ariege\/les-4-pays-ariegeois\/le-couserans\">le Couserans<\/a> via le Port de l&rsquo;Hers. Le ch\u00e2teau se situ sur un promontoire, le faisant culminer \u00e0 750m d\u2019altitude. Cette plateforme mesure environ 100 m de long sur 25 \u00e0 30 m de large. Les vestiges, qui sont encore visibles aujourd&rsquo;hui, datent du XIVe si\u00e8cle, il s\u2019agit d&rsquo;une restauration du ch\u00e2teau par Bernard de Son en 1320. Cette modernisation architecturale est notamment caract\u00e9ris\u00e9e par sa g\u00e9om\u00e9trie carr\u00e9e. Il y a une vaste <a href=\"http:\/\/blogs.univ-jfc.fr\/vphn\/la-basse-cour\/\">basse-cour<\/a> couvrant la surface de la plateforme. <em>\u00a0\u00a0\u00a0\u00a0\u00a0\u00a0\u00a0\u00a0\u00a0\u00a0\u00a0\u00a0\u00a0\u00a0\u00a0\u00a0\u00a0\u00a0\u00a0\u00a0\u00a0\u00a0\u00a0\u00a0\u00a0\u00a0 <\/em><\/p>\n<p align=\"justify\">Enfin, il\u00a0 y avait une cour int\u00e9rieure (haute-cours), s\u00e9parant l\u2019habitation seigneuriale et les d\u00e9pendances, au Sud et Sud-Ouest. Une autre salle pouvant servir de pi\u00e8ce \u00e0 vivre ou de cuisine poss\u00e9dait une large chemin\u00e9e.<\/p>\n<p><img loading=\"lazy\" class=\"size-medium wp-image-7440 alignright\" src=\"http:\/\/blogs.univ-jfc.fr\/vphn\/wp-content\/uploads\/sites\/65\/2020\/01\/plan-architectural-5-300x127.png\" alt=\"\" width=\"300\" height=\"127\" srcset=\"https:\/\/blogs.univ-jfc.fr\/vphn\/wp-content\/uploads\/sites\/65\/2020\/01\/plan-architectural-5-300x127.png 300w, https:\/\/blogs.univ-jfc.fr\/vphn\/wp-content\/uploads\/sites\/65\/2020\/01\/plan-architectural-5.png 544w\" sizes=\"(max-width: 300px) 100vw, 300px\" \/><\/p>\n<figure id=\"attachment_7441\" aria-describedby=\"caption-attachment-7441\" style=\"width: 261px\" class=\"wp-caption alignnone\"><img loading=\"lazy\" class=\"wp-image-7441\" src=\"http:\/\/blogs.univ-jfc.fr\/vphn\/wp-content\/uploads\/sites\/65\/2020\/01\/plan-architectural-300x178.png\" alt=\"\" width=\"261\" height=\"155\" srcset=\"https:\/\/blogs.univ-jfc.fr\/vphn\/wp-content\/uploads\/sites\/65\/2020\/01\/plan-architectural-300x178.png 300w, https:\/\/blogs.univ-jfc.fr\/vphn\/wp-content\/uploads\/sites\/65\/2020\/01\/plan-architectural.png 547w\" sizes=\"(max-width: 261px) 100vw, 261px\" \/><figcaption id=\"caption-attachment-7441\" class=\"wp-caption-text\">Plan architectural du ch\u00e2teau<\/figcaption><\/figure>\n<p align=\"justify\">La demeure seigneuriale, c\u0153ur du ch\u00e2teau, est sensiblement carr\u00e9e avec 24 m de c\u00f4t\u00e9 en moyenne, pour une superficie d\u2019environ 600 m\u00b2. Elle est compos\u00e9e d\u2019un <a href=\"http:\/\/blogs.univ-jfc.fr\/vphn\/le-donjon\/\">donjon<\/a> carr\u00e9 se situant \u00e0 l\u2019Est. Il atteignait une hauteur de 20 m et ses fonctions sont purement militaire. Il est \u00e0 noter qu\u2019il ne poss\u00e9dait ni vo\u00fbte ni escalier. Une autre tour s\u2019\u00e9levait \u00e0 environ 15 m et tout comme le donjon, avait comme fonction principale une fonction militaire. Il y avait une grande salle de 15 m de long, poss\u00e9dant cinq <a href=\"http:\/\/blogs.univ-jfc.fr\/vphn\/les-meurtrieres\/\">meurtri\u00e8res<\/a> obliques, orient\u00e9es sur l\u2019axe Arquizat-Baychon, c\u00f4t\u00e9 Levant. Les deux tours \u00e9taient couronn\u00e9es de <a href=\"http:\/\/blogs.univ-jfc.fr\/vphn\/creneau\/\">cr\u00e9neaux<\/a> droits sans <a href=\"http:\/\/blogs.univ-jfc.fr\/vphn\/le-machicoulis\/\">m\u00e2chicoulis<\/a>. Sa structure castrale est une repr\u00e9sentation des ch\u00e2teaux de seigneurs du XIII si\u00e8cle, <a href=\"http:\/\/blogs.univ-jfc.fr\/vphn\/la-motte-castrale\/\">la motte castrale<\/a>, sa seule particularit\u00e9 est le donjon qui ne poss\u00e8de pas d\u2019escalier permettant de passer du rez de chauss\u00e9e au premier \u00e9tage.<\/p>\n<p>Plusieurs\u00a0 autres repr\u00e9sentations en 3D du ch\u00e2teau r\u00e9alis\u00e9es par Laurent Chanal sont visibles :<a href=\"https:\/\/www.youtube.com\/watch?v=po1HaJqPUHE\"> https:\/\/www.youtube.com\/watch?v=po1HaJqPUHE<\/a><\/p>\n<hr \/>\n<figure id=\"attachment_7531\" aria-describedby=\"caption-attachment-7531\" style=\"width: 176px\" class=\"wp-caption alignright\"><img loading=\"lazy\" class=\"wp-image-7531\" src=\"http:\/\/blogs.univ-jfc.fr\/vphn\/wp-content\/uploads\/sites\/65\/2020\/01\/Logo-association.png\" alt=\"\" width=\"176\" height=\"176\" srcset=\"https:\/\/blogs.univ-jfc.fr\/vphn\/wp-content\/uploads\/sites\/65\/2020\/01\/Logo-association.png 225w, https:\/\/blogs.univ-jfc.fr\/vphn\/wp-content\/uploads\/sites\/65\/2020\/01\/Logo-association-150x150.png 150w, https:\/\/blogs.univ-jfc.fr\/vphn\/wp-content\/uploads\/sites\/65\/2020\/01\/Logo-association-100x100.png 100w\" sizes=\"(max-width: 176px) 100vw, 176px\" \/><figcaption id=\"caption-attachment-7531\" class=\"wp-caption-text\">Dessin de Robert Milan, devenu depuis le logo de l'\u00a0\u00bb<a href=\"https:\/\/chateau-miglos.fr\/wordpress-test\/\">Association des Amis du Ch\u00e2teau de Miglos<\/a>\u00ab\u00a0<\/figcaption><\/figure>\n<p align=\"justify\">Fond\u00e9e en 1987, l&rsquo;A.A.C.M (<a href=\"https:\/\/chateau-miglos.fr\/wordpress-test\/\">Association des Amis du Ch\u00e2teau de Miglos<\/a>) a toujours eu pour objectif de faire conna\u00eetre, sensibiliser et de sauvegarder les ruines du Ch\u00e2teau f\u00e9odal. Depuis sa cr\u00e9ation, l&rsquo;association a non seulement permit de rassembler plusieurs habitants de Miglos avec ceux de la vall\u00e9e de Vicdessos (en comptant d\u00e9sormais pr\u00e8s de 160 adh\u00e9rents dans l&rsquo;association), mais en plus, elle a permit l&rsquo;organisation d\u2019\u00e9v\u00e9nements festifs et culturels comme les veill\u00e9es au pied du ch\u00e2teau accompagn\u00e9s de chants traditionnels et de contes pyr\u00e9n\u00e9ens.<\/p>\n<p align=\"justify\"><a href=\"http:\/\/blogs.univ-jfc.fr\/vphn\/patrimoine-et-sites-remarquables\/le-chateau-de-miglos-2020\/bibliographie-chateau-de-miglos\/\">Notre bibliographie<\/a><\/p>\n<p>Travaux de Morgan Garrau (L2), Lo\u00efc Cevenes (L2), Thomas Marty (L1) et Henri Darbas (L1).<\/p>\n","protected":false},"excerpt":{"rendered":"<p>Le ch\u00e2teau de Miglos Miglos est une commune d&rsquo;Ari\u00e8ge situ\u00e9e dans la vaste vall\u00e9e de Vicdessos, \u00e0 proximit\u00e9 de Niaux. Il s&rsquo;agit d&rsquo;une commune que certains documents\u00a0 mentionnent d\u00e8s le Xe si\u00e8cle. La commune de Miglos est notamment connue pour son ch\u00e2teau install\u00e9 du haut d&rsquo;un promontoire des Pyr\u00e9n\u00e9es. Nous ignorons\u00a0 encore aujourd&rsquo;hui la date &hellip; <\/p>\n<p class=\"link-more\"><a href=\"https:\/\/blogs.univ-jfc.fr\/vphn\/patrimoine-et-sites-remarquables\/le-chateau-de-miglos-2020\/\" class=\"more-link\">Continuer la lecture<span class=\"screen-reader-text\"> de &laquo;&nbsp;Le ch\u00e2teau de Miglos [2020]&nbsp;&raquo;<\/span><\/a><\/p>\n","protected":false},"author":711,"featured_media":0,"parent":30,"menu_order":2,"comment_status":"closed","ping_status":"closed","template":"","meta":[],"_links":{"self":[{"href":"https:\/\/blogs.univ-jfc.fr\/vphn\/wp-json\/wp\/v2\/pages\/5428"}],"collection":[{"href":"https:\/\/blogs.univ-jfc.fr\/vphn\/wp-json\/wp\/v2\/pages"}],"about":[{"href":"https:\/\/blogs.univ-jfc.fr\/vphn\/wp-json\/wp\/v2\/types\/page"}],"author":[{"embeddable":true,"href":"https:\/\/blogs.univ-jfc.fr\/vphn\/wp-json\/wp\/v2\/users\/711"}],"replies":[{"embeddable":true,"href":"https:\/\/blogs.univ-jfc.fr\/vphn\/wp-json\/wp\/v2\/comments?post=5428"}],"version-history":[{"count":77,"href":"https:\/\/blogs.univ-jfc.fr\/vphn\/wp-json\/wp\/v2\/pages\/5428\/revisions"}],"predecessor-version":[{"id":7827,"href":"https:\/\/blogs.univ-jfc.fr\/vphn\/wp-json\/wp\/v2\/pages\/5428\/revisions\/7827"}],"up":[{"embeddable":true,"href":"https:\/\/blogs.univ-jfc.fr\/vphn\/wp-json\/wp\/v2\/pages\/30"}],"wp:attachment":[{"href":"https:\/\/blogs.univ-jfc.fr\/vphn\/wp-json\/wp\/v2\/media?parent=5428"}],"curies":[{"name":"wp","href":"https:\/\/api.w.org\/{rel}","templated":true}]}}