{"id":6402,"date":"2020-02-05T10:24:07","date_gmt":"2020-02-05T09:24:07","guid":{"rendered":"http:\/\/blogs.univ-jfc.fr\/vphn\/?page_id=6402"},"modified":"2020-02-05T13:15:43","modified_gmt":"2020-02-05T12:15:43","slug":"jean-de-dieu-soult-bibliographie","status":"publish","type":"page","link":"https:\/\/blogs.univ-jfc.fr\/vphn\/jean-de-dieu-soult-personnage-national-a-lheritage-mazametain\/jean-de-dieu-soult-bibliographie\/","title":{"rendered":"Jean de Dieu Soult : Bibliographie"},"content":{"rendered":"<p>Pour ceux cherchant plus d&rsquo;informations sur le sujet, nous pouvons vous renvoyer \u00e0 une bibliographie succincte mais vari\u00e9e sur le sujet de Soult et de son h\u00e9ritage, d&rsquo;une vingtaine de r\u00e9f\u00e9rences :<\/p>\n<h2>\u00a0\u00a0\u00a0\u00a0 Histoire politique de la France au XIXe Si\u00e8cle :<\/h2>\n<h3>\u00a0\u00a0\u00a0\u00a0\u00a0\u00a0\u00a0\u00a0\u00a0 Concernant le Premier Empire<\/h3>\n<p>&nbsp;<\/p>\n<p class=\"western\" align=\"left\">&#8211; BIARD M., BOURDIN P., MARZAGALLI S., <em>R\u00e9volution, Consulat, Empire, 1789-1815,<\/em> Paris, Belin, Coll. \u00ab\u00a0Histoire de France, 2014, 715 p.<\/p>\n<p class=\"western\" align=\"left\">&#8211; BOUDON J-O., <em>La France et l&rsquo;Europe de Napol\u00e9on<\/em>, Paris, Armand Collin, Coll. U, 2006, 352 p<\/p>\n<p class=\"western\" align=\"left\">&#8211; LENTZ T. <em>Le Premier Empire: 1804 \u2013 1815<\/em>, Paris, Fayard\/Pluriel, Coll. \u00ab\u00a0Grand Pluriel\u00a0\u00bb, 2018, 832 p.<\/p>\n<h3>\u00a0\u00a0\u00a0\u00a0\u00a0\u00a0\u00a0\u00a0\u00a0 Concernant la Monarchie de Juillet<\/h3>\n<p>&nbsp;<\/p>\n<p>&#8211; CHARL\u00c9TY S., <em>Histoire de la Monarchie de Juillet, 1830 \u2013 1848<\/em>, Paris, Perrin, 1921 (R\u00e9ed. 2018), 576 p.<\/p>\n<p>&#8211; DE BROGLIE G.,<em> La monarchie de Juillet<\/em>, Paris,Fayard, 2011, 464 p.<\/p>\n<p>&#8211; HERVE R.,<em> La monarchie de Juillet<\/em>, Paris, Presses Universitaires de France (PUF), Collection Que sais-je ?, 2000, 128 p.<\/p>\n<h2>\u00a0\u00a0\u00a0\u00a0 Histoire sociale de la Noblesse imp\u00e9riale fran\u00e7aise<\/h2>\n<p>&nbsp;<\/p>\n<p>&#8211; PETITEAU N. \u00ab Prosopographie et noblesse imp\u00e9riale : de l&rsquo;histoire d&rsquo;une \u00e9lite \u00e0 l&rsquo;histoire sociale \u00bb <em>Histoire, \u00e9conomie et soci\u00e9t\u00e9<\/em>, 1998, 17\u1d49 ann\u00e9e, n\u00b02. pp. 277-285.<\/p>\n<p>&#8211; PETITEAU N., \u00ab Les lignages de la noblesse d&rsquo;Empire entre partis et pouvoirs locaux au XIX\u2091 si\u00e8cle \u00bb, <em>Rives M\u00e9dit\u00e9ran\u00e9ennes<\/em>, n\u00b01, 1998, pp. 53 \u2013 67.<\/p>\n<p>&#8211; TULARD J. <em>Napol\u00e9on et la noblesse d&rsquo;Empire<\/em>, Paris, Talandier, 1979 (r\u00e9\u00e9d. 2003), 414 p.<\/p>\n<h2>\u00a0\u00a0\u00a0\u00a0 Histoire du Tarn<\/h2>\n<p>&nbsp;<\/p>\n<p>&#8211; CALVET J., <em>Histoire de la ville de Saint-Amans<\/em>, Paris, le Livre d&rsquo;Histoire, Coll. \u00ab\u00a0MVVF\u00a0\u00bb, 343 p.<\/p>\n<p>&#8211; CAZALS R., <em>Histoire de Castres, Mazamet, la Montagne<\/em>, Toulouse, Privat, 1992, 320 p.<\/p>\n<p>&#8211; PECH R., AMALVI C., LE POTTIER J., <em>Histoire du Tarn<\/em>, Toulouse, Privat, Coll. \u00ab\u00a0Histoire des Villes\u00a0\u00bb, 2018, 1020 p.<\/p>\n<h2>\u00a0\u00a0\u00a0\u00a0 Jean de Dieu Soult<\/h2>\n<h3>\u00a0\u00a0\u00a0\u00a0\u00a0\u00a0\u00a0\u00a0\u00a0\u00a0 Sa vie<\/h3>\n<p>&nbsp;<\/p>\n<p>&#8211; GOTTERI N., <em>Soult: Mar\u00e9chal d&rsquo;Empire et Homme d&rsquo;Etat<\/em>, Besan\u00e7on, La Manufacture, 1991, 669 p.<\/p>\n<p>&#8211; HAYMAN P., <em>Soult : Napoleon&rsquo;s maligned Mashall<\/em>, Londres, Weindenfeld &amp; Nicolson, 1990, 240 p.<\/p>\n<p>&#8211; HULOT F., <em>Le Mar\u00e9chal Soult<\/em>, Paris, Pygmalion, Coll. Grands Visages, 2003, 253 p.<\/p>\n<h3>\u00a0\u00a0\u00a0\u00a0\u00a0\u00a0\u00a0\u00a0\u00a0 Ses campagnes militaires durant l&rsquo;Empire<\/h3>\n<p>&nbsp;<\/p>\n<p>&#8211; ESCALETTES J.P, <em>10 Avril : la Bataille de Toulouse<\/em>, Toulouse, Ed. Loubati\u00e8res, 1999, 320 p.<\/p>\n<p>&#8211; GOTTERI N., \u00ab\u00a0Le mar\u00e9chal Soult et la royaut\u00e9 de Portugal en 1809\u00a0\u00bb <em>Biblioth\u00e8que de l&rsquo;\u00e9cole des chartes<\/em>. 1990, tome 148, pp. 115-139.<\/p>\n<p>&#8211; SALMER\u00d3N GIMENEZ F-J, \u00ab\u00a0De Hu\u00e9scar a Caravaca: el camino del mariscal Soult en su retirada desde Andaluc\u00eda\u00a0\u00bb, <em>Revista Andelma<\/em>. 2018, Issue 27, pp. 32-36.<\/p>\n<h3>\u00a0\u00a0\u00a0\u00a0\u00a0\u00a0\u00a0\u00a0\u00a0 Son h\u00e9ritage : la famille des Reille-Soult<\/h3>\n<p>&nbsp;<\/p>\n<p>&#8211; BOUDOU S., (dir. RIVES J.), <em>Une dynastie dans le Tarn : la famille Reille-Soult : de la fin du XIX\u2091 sie\u0300cle au milieu du XX\u2091 sie\u0300cle. <\/em>M\u00e9moire de ma\u00eetrise, Histoire contemporaine. Toulouse 2. 1997, 151 p.<\/p>\n<p>&#8211; RAYNAUD P., (dir. PEYRUSSE L.) <em>Le Ch\u00e2teau Soult-Berg<\/em>, M\u00e9moire de Ma\u00eetrise, Histoire de l&rsquo;Art, Toulouse 2. 2003, 97 p.<\/p>\n","protected":false},"excerpt":{"rendered":"<p>Pour ceux cherchant plus d&rsquo;informations sur le sujet, nous pouvons vous renvoyer \u00e0 une bibliographie succincte mais vari\u00e9e sur le sujet de Soult et de son h\u00e9ritage, d&rsquo;une vingtaine de r\u00e9f\u00e9rences : \u00a0\u00a0\u00a0\u00a0 Histoire politique de la France au XIXe Si\u00e8cle : \u00a0\u00a0\u00a0\u00a0\u00a0\u00a0\u00a0\u00a0\u00a0 Concernant le Premier Empire &nbsp; &#8211; BIARD M., BOURDIN P., MARZAGALLI S., &hellip; <\/p>\n<p class=\"link-more\"><a href=\"https:\/\/blogs.univ-jfc.fr\/vphn\/jean-de-dieu-soult-personnage-national-a-lheritage-mazametain\/jean-de-dieu-soult-bibliographie\/\" class=\"more-link\">Continuer la lecture<span class=\"screen-reader-text\"> de &laquo;&nbsp;Jean de Dieu Soult : Bibliographie&nbsp;&raquo;<\/span><\/a><\/p>\n","protected":false},"author":592,"featured_media":0,"parent":5215,"menu_order":0,"comment_status":"closed","ping_status":"closed","template":"","meta":[],"_links":{"self":[{"href":"https:\/\/blogs.univ-jfc.fr\/vphn\/wp-json\/wp\/v2\/pages\/6402"}],"collection":[{"href":"https:\/\/blogs.univ-jfc.fr\/vphn\/wp-json\/wp\/v2\/pages"}],"about":[{"href":"https:\/\/blogs.univ-jfc.fr\/vphn\/wp-json\/wp\/v2\/types\/page"}],"author":[{"embeddable":true,"href":"https:\/\/blogs.univ-jfc.fr\/vphn\/wp-json\/wp\/v2\/users\/592"}],"replies":[{"embeddable":true,"href":"https:\/\/blogs.univ-jfc.fr\/vphn\/wp-json\/wp\/v2\/comments?post=6402"}],"version-history":[{"count":8,"href":"https:\/\/blogs.univ-jfc.fr\/vphn\/wp-json\/wp\/v2\/pages\/6402\/revisions"}],"predecessor-version":[{"id":6413,"href":"https:\/\/blogs.univ-jfc.fr\/vphn\/wp-json\/wp\/v2\/pages\/6402\/revisions\/6413"}],"up":[{"embeddable":true,"href":"https:\/\/blogs.univ-jfc.fr\/vphn\/wp-json\/wp\/v2\/pages\/5215"}],"wp:attachment":[{"href":"https:\/\/blogs.univ-jfc.fr\/vphn\/wp-json\/wp\/v2\/media?parent=6402"}],"curies":[{"name":"wp","href":"https:\/\/api.w.org\/{rel}","templated":true}]}}