{"id":6960,"date":"2020-02-13T15:43:09","date_gmt":"2020-02-13T14:43:09","guid":{"rendered":"http:\/\/blogs.univ-jfc.fr\/vphn\/?page_id=6960"},"modified":"2020-02-13T15:49:47","modified_gmt":"2020-02-13T14:49:47","slug":"bibliographie-cathedrale-notre-dame-de-lassomption-de-montauban","status":"publish","type":"page","link":"https:\/\/blogs.univ-jfc.fr\/vphn\/patrimoine-et-sites-remarquables\/cathedrale-notre-dame-de-lassomption-de-montauban-2020\/bibliographie-cathedrale-notre-dame-de-lassomption-de-montauban\/","title":{"rendered":"Bibliographie-Cath\u00e9drale Notre-dame de l&rsquo;Assomption de Montauban"},"content":{"rendered":"<p>Ouvrages g\u00e9n\u00e9raux<\/p>\n<ul>\n<li>\n<p align=\"justify\">BLUNT A.,<i> Art et architecture en France 1500-1700<\/i>, collection Histoire de l\u2019art, \u00e9dition Macula, Paris, 1983.<\/p>\n<\/li>\n<li>\n<p align=\"justify\">BOISSON D., DAUSSY H., <i>Les protestants dans la France moderne, <\/i>\u00c9dition Belin Histoire, Paris, 2006.<\/p>\n<\/li>\n<li>\n<p align=\"justify\">CHRISTIN O., <i>Une r\u00e9volution symbolique. L\u2019iconoclasme huguenot et la reconstruction catholique<\/i>, \u00e9dition de Minuit, Paris, 1991.<\/p>\n<\/li>\n<li>\n<p align=\"justify\">LAPRADRE A., <i>Fran\u00e7ois d\u2019Orbay : architecte de Louis XIV<\/i>, Les Grands architectes, Vincent Fr\u00e9al &amp; Cie, Paris, 1960, 1 vol.<\/p>\n<\/li>\n<\/ul>\n<p>Ouvrages sp\u00e9cifiques:<\/p>\n<ul>\n<li style=\"list-style-type: none\">\n<ul>\n<li>\n<p align=\"justify\">DANNY B.,<i> La difficile r\u00e9int\u00e9gration d\u2019une communaut\u00e9 religieuse et la cr\u00e9ation d\u2019une soci\u00e9t\u00e9 biconfessionnelle : l\u2019espace de Fete-Dieu \u00e0 Montauban au XVII\u00e8 si\u00e8cle<\/i>, Citoyen, cit\u00e9, espace et communaut\u00e9s sous l\u2019Ancien R\u00e9gime, universit\u00e9 de Toulouse, Toulouse, 2015.<\/p>\n<\/li>\n<li>\n<p align=\"justify\">GUICHARNAUD H., <i>Montauban au XVIIe si\u00e8cle: Urbanisme et architecture<\/i>, Picard, Paris, 1991.<\/p>\n<\/li>\n<li>\n<p align=\"justify\">HUILLET D\u2019ISTRIA M., <i>les architectes de la cath\u00e9drale de Montauban<\/i>, Foresti\u00e9, Montauban, 1951, 1 vol., 24 p.<\/p>\n<\/li>\n<\/ul>\n<\/li>\n<\/ul>\n<p>&lt;li<\/p>\n<p align=\"justify\">&gt;LIGOU D., <i>Histoire de Montauban<\/i>, \u00e9dition Privat, Toulouse, 1992.<\/p>\n<p>Articles<\/p>\n<ul>\n<li>\n<p align=\"justify\">DUBLED H., <i>\u00a0<\/i>\u201cLe duc Henri de Rohan et la r\u00e9volte des protestants du Midi jusqu&rsquo;\u00e0 la paix d&rsquo;Al\u00e8s (1617-1629)\u201d, <i>Annales du Midi : revue arch\u00e9ologique, historique et philologique de la France m\u00e9ridionale<\/i>, Privat, Paris, Tome 99, N\u00b0177, 1987. pp. 53-78.<\/p>\n<\/li>\n<li>\n<p align=\"justify\">VENARD M., \u201cLa construction des \u00e9glises paroissiales du XVe au XVIIe si\u00e8cle\u201d, <i>revue d\u2019histoire de l\u2019Eglise de France<\/i>, Ecole nationale des Chartes, Paris, 1987, tome 73 (n\u00b0190).<\/p>\n<\/li>\n<\/ul>\n<p>&nbsp;<\/p>\n<p>&nbsp;<\/p>\n","protected":false},"excerpt":{"rendered":"<p>Ouvrages g\u00e9n\u00e9raux BLUNT A., Art et architecture en France 1500-1700, collection Histoire de l\u2019art, \u00e9dition Macula, Paris, 1983. BOISSON D., DAUSSY H., Les protestants dans la France moderne, \u00c9dition Belin Histoire, Paris, 2006. CHRISTIN O., Une r\u00e9volution symbolique. L\u2019iconoclasme huguenot et la reconstruction catholique, \u00e9dition de Minuit, Paris, 1991. LAPRADRE A., Fran\u00e7ois d\u2019Orbay : architecte &hellip; <\/p>\n<p class=\"link-more\"><a href=\"https:\/\/blogs.univ-jfc.fr\/vphn\/patrimoine-et-sites-remarquables\/cathedrale-notre-dame-de-lassomption-de-montauban-2020\/bibliographie-cathedrale-notre-dame-de-lassomption-de-montauban\/\" class=\"more-link\">Continuer la lecture<span class=\"screen-reader-text\"> de &laquo;&nbsp;Bibliographie-Cath\u00e9drale Notre-dame de l&rsquo;Assomption de Montauban&nbsp;&raquo;<\/span><\/a><\/p>\n","protected":false},"author":706,"featured_media":0,"parent":5271,"menu_order":2,"comment_status":"closed","ping_status":"closed","template":"","meta":[],"_links":{"self":[{"href":"https:\/\/blogs.univ-jfc.fr\/vphn\/wp-json\/wp\/v2\/pages\/6960"}],"collection":[{"href":"https:\/\/blogs.univ-jfc.fr\/vphn\/wp-json\/wp\/v2\/pages"}],"about":[{"href":"https:\/\/blogs.univ-jfc.fr\/vphn\/wp-json\/wp\/v2\/types\/page"}],"author":[{"embeddable":true,"href":"https:\/\/blogs.univ-jfc.fr\/vphn\/wp-json\/wp\/v2\/users\/706"}],"replies":[{"embeddable":true,"href":"https:\/\/blogs.univ-jfc.fr\/vphn\/wp-json\/wp\/v2\/comments?post=6960"}],"version-history":[{"count":3,"href":"https:\/\/blogs.univ-jfc.fr\/vphn\/wp-json\/wp\/v2\/pages\/6960\/revisions"}],"predecessor-version":[{"id":6966,"href":"https:\/\/blogs.univ-jfc.fr\/vphn\/wp-json\/wp\/v2\/pages\/6960\/revisions\/6966"}],"up":[{"embeddable":true,"href":"https:\/\/blogs.univ-jfc.fr\/vphn\/wp-json\/wp\/v2\/pages\/5271"}],"wp:attachment":[{"href":"https:\/\/blogs.univ-jfc.fr\/vphn\/wp-json\/wp\/v2\/media?parent=6960"}],"curies":[{"name":"wp","href":"https:\/\/api.w.org\/{rel}","templated":true}]}}