{"id":6976,"date":"2020-02-17T10:38:56","date_gmt":"2020-02-17T09:38:56","guid":{"rendered":"http:\/\/blogs.univ-jfc.fr\/vphn\/?page_id=6976"},"modified":"2020-03-05T11:09:15","modified_gmt":"2020-03-05T10:09:15","slug":"bibliographie-exhaustive","status":"publish","type":"page","link":"https:\/\/blogs.univ-jfc.fr\/vphn\/bibliographie-exhaustive\/","title":{"rendered":"Bibliographie exhaustive"},"content":{"rendered":"<p>Ouvrages g\u00e9n\u00e9raux :<\/p>\n<p><strong>Religions :<\/strong><\/p>\n<p>DRAVIL. A. &amp; PALAZZO, E. <em>La vie des moines au temps des grandes abbayes Xe-XIIIe Si\u00e8cles,<\/em> Paris, Ed Hachette Litt\u00e9rature, 2009.<br \/>\nHUREL. &amp; DANIEL-ODON, <em>Saint Beno\u00eet<\/em>, Paris, Ed Perrin, 2019.<br \/>\nLE BRUN. X, <em>Les grandes dates du christianisme<\/em>, Paris, Ed Larousse, 1989.<br \/>\nLE GOFF. J &amp; REMOND. R, <em>Histoire de la France religieuse Tome 1 Des dieux de la Gaule \u00e0 la papaut\u00e9\u0301 d&rsquo;Avignon, Des origines au XIVe Si\u00e8cle<\/em>, Paris, Ed Seuil, 1988.<br \/>\nSCHIMTZ. P, <em>Histoire de l&rsquo;ordre de Saint Beno\u00eet<\/em>, Tome I Origines, diffusion et constitution Jusqu&rsquo;au XIIe Si\u00e8cle. Belgique, Ed. De Maredsous, 1942.<br \/>\nSCHUTZ. B,<em> Abbayes et monast\u00e8res d&rsquo;Europe histoire, Art Et Architecture<\/em>, Paris, Ed Citadelles et Mazenod, 2005.<\/p>\n<p><strong>Contexte historique g\u00e9n\u00e9ral :<\/strong><\/p>\n<p>BUHRER-THIERRY. G, <em>L\u2019Europe carolingienne (714-888)<\/em>, Paris, Ed Armand Colin 2010.<br \/>\nDe La BROSSE, <em>Chronologie universelle, Eglise et culture occidentale<\/em>, Paris, Ed Hachette, 1987.<br \/>\nDUBY. G, Une histoire du monde m\u00e9di\u00e9val, Paris, Ed Larousse, 2005.<br \/>\nDUBY. G, Le moyen-\u00e2ge de Hugues Capet \u00e0 Jeanne d\u2019Arc, Paris, Ed Hachette, 1984.<br \/>\nGAILLARD. M, \u201cLa pr\u00e9sence \u00e9piscopale dans la ville du haut-Moyen \u00c2ge : sanctuaires et processions\u201d, Histoire urbaine, n\u00b010, n\u00b02 (2004) : 123-40.<br \/>\nKAPLAN. M. Le Moyen \u00c2ge, IVe-Xe si\u00e8cle, Paris, Ed Br\u00e9al, 1994.<\/p>\n<p>Ouvrages sp\u00e9cialis\u00e9s :<\/p>\n<p><strong>Histoire de l\u2019Occitanie :<\/strong><\/p>\n<p>ESPIEUX. H. LAFONT. R. REVEST. J &amp; SEVERAC. JL,<em> Histoire de l&rsquo;Occitanie<\/em>, Agen : Ed Cap E Cap Centre Culturel\u00a0 d&rsquo;Occitanie, 1970.<br \/>\nMACE. L. BONNASSIE. P. &amp; Universit\u00e9\u0301 Toulouse-Jean Jaur\u00e8s, <em>Les comtes de Toulouse et leur entourage<\/em> (1112-1229) (1998), (Th\u00e8se ou M\u00e9moire).<\/p>\n<p><strong>Histoire du Tarn :<\/strong><\/p>\n<p>AMALVI. C. LE POTTIER. J. PECH. R. &amp; RAMOND. C, <em>Histoire du Tarn<\/em>, Toulouse, Ed Privat, 2018.<br \/>\nCATEL. G, <em>M\u00e9moire de l&rsquo;histoire du Languedoc curieusement et fid\u00e8lement recueillis de divers auteurs&#8230; et de plusieurs titres et chartes<\/em> &#8230; par Me Guillaume de Catel, 1633.<br \/>\nCUGNASSE. C. &amp; GRAS. O, <em>Histoire du dioc\u00e8se et des paroisses du Tarn &#8211; Des origines \u00e0 nos jours,<\/em> Strasbourg, Ed Du Signe, 2012.<br \/>\nDOM VAYSSETTE &amp; DE VIC, <em>Histoire g\u00e9n\u00e9rale du Languedoc : avec des notes et les pi\u00e8ces justificatives, compos\u00e9e sur les auteurs et les titres<\/em> [&#8230;], XVIIIe.<br \/>\nNELIDOFF. P. &amp; Centre Albigeois d&rsquo;histoire du droit et des institutions,<em> Foi, art et culture en pays tarnais<\/em>, Albi, Ed Presses Du Centre Universitaire Champollion, 2009.<br \/>\nROQUEBERT. M. L, <em>Epop\u00e9e Cathare<\/em>, Toulouse, Ed Privat, 1970.<br \/>\nROSSIGNOL. E. A. PIFTEAU. F. et Facult\u00e9\u0301 de th\u00e9ologie protestante Montauban Biblioth\u00e8que, <em>Monographies Communales Ou \u00c9tude Statistique, Historique et monumentale du d\u00e9partement du\u00a0Tarn<\/em>, Premi\u00e8re Partie Arrondissement De Gaillac Tome I-[IV]. Toulouse Paris Albi : Delboy E. Dentu Chaillol, 1864.<\/p>\n<p><strong>Histoire de Gaillac :<\/strong><\/p>\n<p>CABIE.E, \u00ab\u00a0Rapports de saint Didier, \u00e9v\u00eaque de Cahors et de Saint , \u00e9v\u00eaque d&rsquo;Auxerre avec l&rsquo;Albigeois\u00a0\u00bb,\u00a0<em>Annales du Midi: revue arch\u00e9ologique, historique et philologique de la m\u00e9riodionale, Tome 6, N024, 1894. pp.401-419<\/em><br \/>\n<span style=\"font-weight: 400\">COUSTEAUX. F. &amp; PLAGEOLES.R,\u00a0<\/span><i><span style=\"font-weight: 400\">Le vin de Gaillac : 2000 ans d\u2019histoire<\/span><\/i><span style=\"font-weight: 400\">, Toulouse, Ed Privat, 2000.<\/span><br \/>\n<span style=\"font-weight: 400\">DE VIVIES. B. &amp; SORIANO. A,\u00a0<\/span><i><span style=\"font-weight: 400\">Vingt si\u00e8cle d&rsquo;Histoire : Gaillac et le Gaillacois<\/span><\/i><span style=\"font-weight: 400\">, Albi, Ed Grand Sud<\/span><span style=\"font-weight: 400\">, <\/span><span style=\"font-weight: 400\">2006.<\/span><br \/>\n<span style=\"font-weight: 400\">GRAND. P,\u00a0<\/span><i><span style=\"font-weight: 400\">Le vieux Gaillac et ses environs<\/span><\/i><span style=\"font-weight: 400\">, Carcassonne, Ed L.Bonnafous. (Conf\u00e9rence)<\/span><br \/>\n<span style=\"font-weight: 400\">LENGARD. A. SORIANO. A. (collaborateur) &amp; PEDOUSSAUT. G. (collaborateur), <\/span><i><span style=\"font-weight: 400\">Les hameaux de Gaillac des origines \u00e0 nos jours, <\/span><\/i><span style=\"font-weight: 400\">Gaillac, Ed Soci\u00e9t\u00e9 des amis des mus\u00e9es et du patrimoine de Gaillac, 2015<\/span><span style=\"font-weight: 400\">.<\/span><\/p>\n<p><strong>Histoire des Abbayes :<\/strong><\/p>\n<p>CHAVOT.P, <em>Artisans des monast\u00e8res<\/em>, Paris, Ed Aubanel, 2001<br \/>\nCHRIST. Y, <em>Abbayes de France<\/em>, Paris, Ed des Deux mondes, 1955.<br \/>\nDECENEUX. M, <em>Les abbayes M\u00e9di\u00e9vales en France<\/em>, Rennes, Ed Ouest France, 2005.<br \/>\nKNEUBUHLER. M. PEIRE. JF. SOULA. C. ANDRIEU. N, <em>Des solitudes habit\u00e9es : anciennes abbayes en Midi-Pyr\u00e9n\u00e9es<\/em>, Toulouse, Ed Privat ; ADDOCC Midi-Pyr\u00e9n\u00e9es, 1991.<br \/>\nMOREL. J, <em>Guide des abbayes et prieures en r\u00e9gion Midi-Pyr\u00e9n\u00e9es, Lyon, Ed autre vue<\/em>, 2011.<br \/>\nTARALON. J. &amp; MADAULE. J, <em>La France des abbayes<\/em>, Paris, Ed Hachette \u201dR\u00e9alit\u00e9\u201d, 1978.<\/p>\n<p><strong>L\u2019Abbaye Saint-Michel de Gaillac :<\/strong><\/p>\n<p>AHLSELL de TOULZA. G. &amp; CAZES. D, \u00ab\u00a0L\u2019\u00e9glise abbatiale Saint-Michel de Gaillac\u00a0\u00bb, Congr\u00e8s arch\u00e9ologique de France, 1982, PP. 280-293.<br \/>\nDURLIAT. M, <em>Patrimoine artistique de Gaillac ; visite commune des \u00e9glises Saint-Michel et Saint-Pierre<\/em>, Mill\u00e9naire de Gaillac, 1972, pp.199-277.<br \/>\nLACGER. L, \u201cL&rsquo;abbaye Saint-Michel de Gaillac en albigeois, de sa fondation a\u0300 sa s\u00e9cularisation, du milieu du Xe si\u00e8cle a\u0300 l&rsquo;ann\u00e9e 1534\u2026\u201d, La Revue Mabillon, 1923-1924, Liguge\u0301 : Impr. E. Aubin.<\/p>\n<p><strong>La R\u00e8gle de Saint-Beno\u00eet<\/strong><\/p>\n<p>DUMAS. A,<em> Des hommes en qu\u00eate de Dieu : la r\u00e8gle de saint beno\u00eet<\/em>, Paris, Ed du Cerf, 1967.<br \/>\nGUY. JC, \u00ab Saint Beno\u00eet 480-1980\u00a0: Des moines parmi nous \u00bb, \u00c9tudes, Pages 365 \u00e0 378, Tome 352,<br \/>\nMars 1980.<br \/>\nNESMY. CJ, <em>Saint-Beno\u00eet et la vie monastique<\/em>, Paris, Ed Points, 2001<br \/>\nSAINT-BENOIT. NEUFVILLE. J. DE VOGUE, A. <em>La R\u00e8gle de saint Beno\u00eet<\/em>, Paris, Ed du Cerf, 1972.<\/p>\n","protected":false},"excerpt":{"rendered":"<p>Ouvrages g\u00e9n\u00e9raux : Religions : DRAVIL. A. &amp; PALAZZO, E. La vie des moines au temps des grandes abbayes Xe-XIIIe Si\u00e8cles, Paris, Ed Hachette Litt\u00e9rature, 2009. HUREL. &amp; DANIEL-ODON, Saint Beno\u00eet, Paris, Ed Perrin, 2019. LE BRUN. X, Les grandes dates du christianisme, Paris, Ed Larousse, 1989. LE GOFF. J &amp; REMOND. R, Histoire de &hellip; <\/p>\n<p class=\"link-more\"><a href=\"https:\/\/blogs.univ-jfc.fr\/vphn\/bibliographie-exhaustive\/\" class=\"more-link\">Continuer la lecture<span class=\"screen-reader-text\"> de &laquo;&nbsp;Bibliographie exhaustive&nbsp;&raquo;<\/span><\/a><\/p>\n","protected":false},"author":708,"featured_media":0,"parent":0,"menu_order":0,"comment_status":"closed","ping_status":"closed","template":"","meta":[],"_links":{"self":[{"href":"https:\/\/blogs.univ-jfc.fr\/vphn\/wp-json\/wp\/v2\/pages\/6976"}],"collection":[{"href":"https:\/\/blogs.univ-jfc.fr\/vphn\/wp-json\/wp\/v2\/pages"}],"about":[{"href":"https:\/\/blogs.univ-jfc.fr\/vphn\/wp-json\/wp\/v2\/types\/page"}],"author":[{"embeddable":true,"href":"https:\/\/blogs.univ-jfc.fr\/vphn\/wp-json\/wp\/v2\/users\/708"}],"replies":[{"embeddable":true,"href":"https:\/\/blogs.univ-jfc.fr\/vphn\/wp-json\/wp\/v2\/comments?post=6976"}],"version-history":[{"count":5,"href":"https:\/\/blogs.univ-jfc.fr\/vphn\/wp-json\/wp\/v2\/pages\/6976\/revisions"}],"predecessor-version":[{"id":7552,"href":"https:\/\/blogs.univ-jfc.fr\/vphn\/wp-json\/wp\/v2\/pages\/6976\/revisions\/7552"}],"wp:attachment":[{"href":"https:\/\/blogs.univ-jfc.fr\/vphn\/wp-json\/wp\/v2\/media?parent=6976"}],"curies":[{"name":"wp","href":"https:\/\/api.w.org\/{rel}","templated":true}]}}