{"id":6998,"date":"2020-02-18T21:29:01","date_gmt":"2020-02-18T20:29:01","guid":{"rendered":"http:\/\/blogs.univ-jfc.fr\/vphn\/?page_id=6998"},"modified":"2020-03-06T16:46:12","modified_gmt":"2020-03-06T15:46:12","slug":"grottes-et-cavernes-magdaleniennes-des-pyrenees-ariegeoises-2020-2","status":"publish","type":"page","link":"https:\/\/blogs.univ-jfc.fr\/vphn\/patrimoine-et-sites-remarquables\/grottes-et-cavernes-magdaleniennes-des-pyrenees-ariegeoises-2020-2\/","title":{"rendered":"Grottes et cavernes magdal\u00e9niennes des Pyr\u00e9n\u00e9es-Ari\u00e9geoises [2020]"},"content":{"rendered":"<p style=\"text-align: left\">L\u2019\u00e9poque magdal\u00e9nienne est une p\u00e9riode connue du grand public qui correspond \u00e0 la derni\u00e8re phase du pal\u00e9olithique sup\u00e9rieur datant d\u2019environ de 17\u00a0000 \u00e0 11\u00a0000 avant notre \u00e8re (BP). Cette derni\u00e8re phase correspond \u00e0 la fin de la derni\u00e8re glaciation qui s\u2019ouvre alors sur un climat plus doux et humide.<\/p>\n<p style=\"text-align: left\">C\u2019est une \u00e9volution climatique mais pas seulement, puisque nous pouvons voir des changements au niveau des d\u00e9placements et des modes de vies des populations, notamment \u00e0 l\u2019\u00e9chelle europ\u00e9enne.<\/p>\n<p>Jean Clottes disait lui-m\u00eame \u00ab\u00a0<em>les variations du climat ont \u00e0 l\u2019\u00e9vidence conditionn\u00e9 le peuplement des zones montagneuses<\/em>\u00a0\u00bb. En effet, nous avons d\u00e9cid\u00e9 de travailler sur le th\u00e8me des grottes orn\u00e9es des Pyr\u00e9n\u00e9es ari\u00e9geoises occup\u00e9es \u00e0 l\u2019\u00e9poque du Magdal\u00e9nien et plus pr\u00e9cis\u00e9ment sur leurs habitats et leurs modes de vie.<\/p>\n<p>Les Magdal\u00e9niens formaient une civilisation qui a su tirer profit de son environnement qui n\u2019\u00e9tait gu\u00e8re facile puisqu\u2019il s\u2019agit de la fin de la derni\u00e8re glaciation.<\/p>\n<p>En effet, ils ont su s\u2019approprier des\u00a0<a href=\"http:\/\/blogs.univ-jfc.fr\/vphn\/?page_id=6057&amp;preview=true\">techniques diverses et vari\u00e9es\u00a0<\/a>permettant la chasse, la p\u00eache et la cueillette et ils ont su \u00e9galement tirer profit des abris naturels que leur offrait la nature en explorant notamment la grotte La Vache et celle de Niaux.<\/p>\n<figure id=\"attachment_6535\" aria-describedby=\"caption-attachment-6535\" style=\"width: 442px\" class=\"wp-caption aligncenter\"><img loading=\"lazy\" class=\" wp-image-6535\" src=\"http:\/\/blogs.univ-jfc.fr\/vphn\/wp-content\/uploads\/sites\/65\/2020\/02\/N\u00b019-300x263.jpg\" alt=\"\" width=\"442\" height=\"387\" srcset=\"https:\/\/blogs.univ-jfc.fr\/vphn\/wp-content\/uploads\/sites\/65\/2020\/02\/N\u00b019-300x263.jpg 300w, https:\/\/blogs.univ-jfc.fr\/vphn\/wp-content\/uploads\/sites\/65\/2020\/02\/N\u00b019.jpg 582w\" sizes=\"(max-width: 442px) 100vw, 442px\" \/><figcaption id=\"caption-attachment-6535\" class=\"wp-caption-text\">Illustration des sites magdal\u00e9niens extraite d&rsquo;un panneau d&rsquo;informations<\/figcaption><\/figure>\n<p>Beaucoup de vestiges et de d\u00e9couvertes arch\u00e9ologiques t\u00e9moignent du passage de cette civilisation dans les grottes orn\u00e9es des Pyr\u00e9n\u00e9es-Ari\u00e9geoises. Ces fouilles arch\u00e9ologiques ont \u00e9galement prouv\u00e9 le d\u00e9veloppement d\u2019une sph\u00e8re symbolique qui est une notion nouvelle \u00e0 cette \u00e9poque avec par exemple le d\u00e9veloppement de l\u2019art pari\u00e9tal, de l\u2019art mobilier et de la parure.<\/p>\n<h4><\/h4>\n<h3><strong><span style=\"text-decoration: underline\">L&rsquo;art pari\u00e9tal et la parure<\/span>\u00a0:<\/strong><\/h3>\n<p>Aujourd\u2019hui, beaucoup de chercheurs \u00e9mettent des hypoth\u00e8ses quant aux motivations des Magdal\u00e9niens dans la r\u00e9alisation de ces \u0153uvres, certains pensent qu\u2019il s\u2019agit du domaine religieux ou m\u00eame du domaine chamanique.<\/p>\n<figure id=\"attachment_5983\" aria-describedby=\"caption-attachment-5983\" style=\"width: 182px\" class=\"wp-caption alignleft\"><img loading=\"lazy\" class=\"size-medium wp-image-5983\" src=\"http:\/\/blogs.univ-jfc.fr\/vphn\/wp-content\/uploads\/sites\/65\/2020\/01\/bis-182x300.jpg\" alt=\"\" width=\"182\" height=\"300\" srcset=\"https:\/\/blogs.univ-jfc.fr\/vphn\/wp-content\/uploads\/sites\/65\/2020\/01\/bis-182x300.jpg 182w, https:\/\/blogs.univ-jfc.fr\/vphn\/wp-content\/uploads\/sites\/65\/2020\/01\/bis.jpg 530w\" sizes=\"(max-width: 182px) 100vw, 182px\" \/><figcaption id=\"caption-attachment-5983\" class=\"wp-caption-text\">Illustration extrait de Clottes J., Les Cavernes de Niaux, Paris, 1995,p. 42.<\/figcaption><\/figure>\n<blockquote><p>&nbsp;<\/p><\/blockquote>\n<p>&nbsp;<\/p>\n<p>Les peintures et les objets d\u2019art mobilier retrouv\u00e9s dans la grotte de Niaux et celle de La Vache nous montrent que Niaux n\u2019avait pas seulement servi de refuge mais repr\u00e9sentait surtout un sanctuaire.<\/p>\n<h1 style=\"padding-left: 60px;text-align: center\"><\/h1>\n<figure id=\"attachment_5998\" aria-describedby=\"caption-attachment-5998\" style=\"width: 300px\" class=\"wp-caption alignright\"><img loading=\"lazy\" class=\"size-medium wp-image-5998\" src=\"http:\/\/blogs.univ-jfc.fr\/vphn\/wp-content\/uploads\/sites\/65\/2020\/01\/par-coq-300x221.jpg\" alt=\"\" width=\"300\" height=\"221\" srcset=\"https:\/\/blogs.univ-jfc.fr\/vphn\/wp-content\/uploads\/sites\/65\/2020\/01\/par-coq-300x221.jpg 300w, https:\/\/blogs.univ-jfc.fr\/vphn\/wp-content\/uploads\/sites\/65\/2020\/01\/par-coq.jpg 304w\" sizes=\"(max-width: 300px) 100vw, 300px\" \/><figcaption id=\"caption-attachment-5998\" class=\"wp-caption-text\">Parures en coquillages<br \/>http:\/\/www.sculpture.prehistoire.culture.fr\/fr\/contenu\/la-vie-il-y-15-000-ans.html#-materiaux<\/figcaption><\/figure>\n<p>&nbsp;<\/p>\n<p style=\"text-align: center\">En termes d\u2019objets retrouv\u00e9s li\u00e9s \u00e0 la parure, on retrouve par exemple des perles en bois de rennes ou encore des ossements.<\/p>\n<h1 style=\"text-align: left\"><\/h1>\n<h3 style=\"text-align: left\"><strong><span style=\"text-decoration: underline\">L&rsquo;art mobilier<\/span> :\u00a0<\/strong><\/h3>\n<p style=\"text-align: left\">Le d\u00e9veloppement de l\u2019art f\u00fbt possible par la ma\u00eetrise d\u2019un arsenal de techniques que les Magdal\u00e9niens ont su s\u2019approprier. Par exemple, en ce qui concerne l\u2019art mobilier, les entr\u00e9es de grotte ont servi aux civilisations magdal\u00e9niennes \u00e0 s&rsquo;installer et \u00e0 d\u00e9velopper des outils domestiques pal\u00e9olithiques.<\/p>\n<p style=\"text-align: left\">L&rsquo;int\u00e9r\u00eat majeur de la grotte de La Vache est son art mobilier, de par les aiguilles en os, les pin\u00e7ons, per\u00e7oirs,&#8230; Il y a\u00a0 \u00e9galement quelques galets et certains ont \u00e9t\u00e9 grav\u00e9s. Mais ils restent mineurs par rapport aux os et aux bois de rennes d\u00e9cor\u00e9s, parmi lesquels\u00a0 on d\u00e9nombre des dizaines d\u2019\u0153uvres superbes.<\/p>\n<figure id=\"attachment_5976\" aria-describedby=\"caption-attachment-5976\" style=\"width: 329px\" class=\"wp-caption aligncenter\"><img loading=\"lazy\" class=\"wp-image-5976 \" src=\"http:\/\/blogs.univ-jfc.fr\/vphn\/wp-content\/uploads\/sites\/65\/2020\/01\/MOBILIER-300x195.png\" alt=\"\" width=\"329\" height=\"214\" srcset=\"https:\/\/blogs.univ-jfc.fr\/vphn\/wp-content\/uploads\/sites\/65\/2020\/01\/MOBILIER-300x195.png 300w, https:\/\/blogs.univ-jfc.fr\/vphn\/wp-content\/uploads\/sites\/65\/2020\/01\/MOBILIER.png 714w\" sizes=\"(max-width: 329px) 100vw, 329px\" \/><figcaption id=\"caption-attachment-5976\" class=\"wp-caption-text\">Outils domestiques pal\u00e9olithiques.<br \/>http:\/\/www.sculpture.prehistoire.culture.fr\/fr\/contenu\/la-vie-il-y-15-000-ans.html#-outils<\/figcaption><\/figure>\n<p>Malgr\u00e9 les nombreuses hypoth\u00e8ses sur les motivations des Magdal\u00e9niens quant \u00e0 la r\u00e9alisation de ces \u0153uvres, tout cela reste sp\u00e9culation car aucune preuve n\u2019atteste r\u00e9ellement qu&rsquo;ils s\u2019agissait d\u2019actes religieux ou m\u00eame de rites chamaniques comme l\u2019avait propos\u00e9 David Levis- Williams dans ses recherches.<\/p>\n<p>N\u00e9anmoins nous pouvons dire que les Magdal\u00e9niens \u00e9taient un peuple en avance sur leur temps gr\u00e2ce \u00e0 leurs techniques et au d\u00e9veloppement de cet art qui est arriv\u00e9 jusqu\u2019\u00e0 nous aujourd\u2019hui.<\/p>\n<p>&nbsp;<\/p>\n<h3 style=\"text-align: left\"><strong><span style=\"text-decoration: underline\">La conservation des grottes<\/span><\/strong>\u00a0:<\/h3>\n<p style=\"text-align: left\">Enfin, nous pouvons dire qu\u2019il est n\u00e9cessaire de continuer \u00e0 prot\u00e9ger et \u00e0 conserver du mieux que l\u2019on peut ces grottes et ces sites qui t\u00e9moignent du passage de cette civilisation si particuli\u00e8re dans les Pyr\u00e9n\u00e9es-Ari\u00e9geoises.<\/p>\n<p style=\"text-align: left\">En effet, ces sites sont fragiles en raison des catastrophes naturelles et de l\u2019agression des hommes, c\u2019est pour cela qu&rsquo;il faut d\u2019autant plus conserver les vestiges qui nous restent de cette \u00e9poque si lointaine.<\/p>\n<figure id=\"attachment_5979\" aria-describedby=\"caption-attachment-5979\" style=\"width: 155px\" class=\"wp-caption alignleft\"><img loading=\"lazy\" class=\"wp-image-5979 size-medium\" src=\"http:\/\/blogs.univ-jfc.fr\/vphn\/wp-content\/uploads\/sites\/65\/2020\/01\/STALAGMITES-155x300.jpg\" alt=\"Stalagmites li\u00e9s aux remplissages de sables\" width=\"155\" height=\"300\" srcset=\"https:\/\/blogs.univ-jfc.fr\/vphn\/wp-content\/uploads\/sites\/65\/2020\/01\/STALAGMITES-155x300.jpg 155w, https:\/\/blogs.univ-jfc.fr\/vphn\/wp-content\/uploads\/sites\/65\/2020\/01\/STALAGMITES.jpg 424w\" sizes=\"(max-width: 155px) 100vw, 155px\" \/><figcaption id=\"caption-attachment-5979\" class=\"wp-caption-text\">Illustration extrait de Clottes J.,\u00a0<em>Les Cavernes de Niaux<\/em>, Paris, 1995, p. 54.<\/figcaption><\/figure>\n<figure id=\"attachment_5978\" aria-describedby=\"caption-attachment-5978\" style=\"width: 395px\" class=\"wp-caption alignright\"><img loading=\"lazy\" class=\"wp-image-5978\" src=\"http:\/\/blogs.univ-jfc.fr\/vphn\/wp-content\/uploads\/sites\/65\/2020\/01\/STALACTITES-300x228.jpg\" alt=\"Stalactites fistuleuses pr\u00e8s de l'entr\u00e9e\" width=\"395\" height=\"300\" srcset=\"https:\/\/blogs.univ-jfc.fr\/vphn\/wp-content\/uploads\/sites\/65\/2020\/01\/STALACTITES-300x228.jpg 300w, https:\/\/blogs.univ-jfc.fr\/vphn\/wp-content\/uploads\/sites\/65\/2020\/01\/STALACTITES.jpg 651w\" sizes=\"(max-width: 395px) 100vw, 395px\" \/><figcaption id=\"caption-attachment-5978\" class=\"wp-caption-text\">Illustration extrait de Clottes J., Les Cavernes de Niaux, Paris, 1995, p. 84.<\/figcaption><\/figure>\n<p>&nbsp;<\/p>\n<p>&nbsp;<\/p>\n<p>&nbsp;<\/p>\n<p>&nbsp;<\/p>\n<p>&nbsp;<\/p>\n<p>&nbsp;<\/p>\n<p>&nbsp;<\/p>\n<p>&nbsp;<\/p>\n<p>&nbsp;<\/p>\n<p>\u00c9tudiants : LABEGUERIE Cl\u00e9ment (L2), TAURIN Yann (L1)<\/p>\n<p><a href=\"http:\/\/blogs.univ-jfc.fr\/vphn\/?page_id=6104&amp;preview=true\">Pour aller plus loin, quelques notes bibliographiques<\/a><\/p>\n<p>&nbsp;<\/p>\n","protected":false},"excerpt":{"rendered":"<p>L\u2019\u00e9poque magdal\u00e9nienne est une p\u00e9riode connue du grand public qui correspond \u00e0 la derni\u00e8re phase du pal\u00e9olithique sup\u00e9rieur datant d\u2019environ de 17\u00a0000 \u00e0 11\u00a0000 avant notre \u00e8re (BP). Cette derni\u00e8re phase correspond \u00e0 la fin de la derni\u00e8re glaciation qui s\u2019ouvre alors sur un climat plus doux et humide. C\u2019est une \u00e9volution climatique mais pas &hellip; <\/p>\n<p class=\"link-more\"><a href=\"https:\/\/blogs.univ-jfc.fr\/vphn\/patrimoine-et-sites-remarquables\/grottes-et-cavernes-magdaleniennes-des-pyrenees-ariegeoises-2020-2\/\" class=\"more-link\">Continuer la lecture<span class=\"screen-reader-text\"> de &laquo;&nbsp;Grottes et cavernes magdal\u00e9niennes des Pyr\u00e9n\u00e9es-Ari\u00e9geoises [2020]&nbsp;&raquo;<\/span><\/a><\/p>\n","protected":false},"author":707,"featured_media":0,"parent":30,"menu_order":0,"comment_status":"closed","ping_status":"closed","template":"","meta":[],"_links":{"self":[{"href":"https:\/\/blogs.univ-jfc.fr\/vphn\/wp-json\/wp\/v2\/pages\/6998"}],"collection":[{"href":"https:\/\/blogs.univ-jfc.fr\/vphn\/wp-json\/wp\/v2\/pages"}],"about":[{"href":"https:\/\/blogs.univ-jfc.fr\/vphn\/wp-json\/wp\/v2\/types\/page"}],"author":[{"embeddable":true,"href":"https:\/\/blogs.univ-jfc.fr\/vphn\/wp-json\/wp\/v2\/users\/707"}],"replies":[{"embeddable":true,"href":"https:\/\/blogs.univ-jfc.fr\/vphn\/wp-json\/wp\/v2\/comments?post=6998"}],"version-history":[{"count":33,"href":"https:\/\/blogs.univ-jfc.fr\/vphn\/wp-json\/wp\/v2\/pages\/6998\/revisions"}],"predecessor-version":[{"id":8466,"href":"https:\/\/blogs.univ-jfc.fr\/vphn\/wp-json\/wp\/v2\/pages\/6998\/revisions\/8466"}],"up":[{"embeddable":true,"href":"https:\/\/blogs.univ-jfc.fr\/vphn\/wp-json\/wp\/v2\/pages\/30"}],"wp:attachment":[{"href":"https:\/\/blogs.univ-jfc.fr\/vphn\/wp-json\/wp\/v2\/media?parent=6998"}],"curies":[{"name":"wp","href":"https:\/\/api.w.org\/{rel}","templated":true}]}}