{"id":7619,"date":"2020-03-05T16:17:25","date_gmt":"2020-03-05T15:17:25","guid":{"rendered":"http:\/\/blogs.univ-jfc.fr\/vphn\/?page_id=7619"},"modified":"2020-03-05T23:23:58","modified_gmt":"2020-03-05T22:23:58","slug":"les-meurtrieres","status":"publish","type":"page","link":"https:\/\/blogs.univ-jfc.fr\/vphn\/les-meurtrieres\/","title":{"rendered":"Les Meurtri\u00e8res"},"content":{"rendered":"<p align=\"justify\">Les meurtri\u00e8res sont des embrasures perc\u00e9es \u00e0 travers les murs fortifi\u00e9s permettant le tir.<\/p>\n<figure style=\"width: 278px\" class=\"wp-caption aligncenter\"><img loading=\"lazy\" src=\"https:\/\/upload.wikimedia.org\/wikipedia\/commons\/2\/2e\/Meurtri%C3%A8re_int%C3%A9rieure_-_Eglise_Saint-Pierre_de_Brocas.jpg\" alt=\"R\u00e9sultat de recherche d'images pour &quot;meurtri\u00e8re&quot;\" width=\"278\" height=\"370\" \/><figcaption class=\"wp-caption-text\">photo d&rsquo;une meurtri\u00e8re de l&rsquo;\u00e9glise Saint-Pierre de Brocas<\/figcaption><\/figure>\n","protected":false},"excerpt":{"rendered":"<p>Les meurtri\u00e8res sont des embrasures perc\u00e9es \u00e0 travers les murs fortifi\u00e9s permettant le tir.<\/p>\n","protected":false},"author":711,"featured_media":0,"parent":0,"menu_order":0,"comment_status":"closed","ping_status":"closed","template":"","meta":[],"_links":{"self":[{"href":"https:\/\/blogs.univ-jfc.fr\/vphn\/wp-json\/wp\/v2\/pages\/7619"}],"collection":[{"href":"https:\/\/blogs.univ-jfc.fr\/vphn\/wp-json\/wp\/v2\/pages"}],"about":[{"href":"https:\/\/blogs.univ-jfc.fr\/vphn\/wp-json\/wp\/v2\/types\/page"}],"author":[{"embeddable":true,"href":"https:\/\/blogs.univ-jfc.fr\/vphn\/wp-json\/wp\/v2\/users\/711"}],"replies":[{"embeddable":true,"href":"https:\/\/blogs.univ-jfc.fr\/vphn\/wp-json\/wp\/v2\/comments?post=7619"}],"version-history":[{"count":3,"href":"https:\/\/blogs.univ-jfc.fr\/vphn\/wp-json\/wp\/v2\/pages\/7619\/revisions"}],"predecessor-version":[{"id":7679,"href":"https:\/\/blogs.univ-jfc.fr\/vphn\/wp-json\/wp\/v2\/pages\/7619\/revisions\/7679"}],"wp:attachment":[{"href":"https:\/\/blogs.univ-jfc.fr\/vphn\/wp-json\/wp\/v2\/media?parent=7619"}],"curies":[{"name":"wp","href":"https:\/\/api.w.org\/{rel}","templated":true}]}}