{"id":7659,"date":"2020-03-05T22:24:14","date_gmt":"2020-03-05T21:24:14","guid":{"rendered":"http:\/\/blogs.univ-jfc.fr\/vphn\/?page_id=7659"},"modified":"2020-03-05T22:24:14","modified_gmt":"2020-03-05T21:24:14","slug":"bibliographie-chateau-de-miglos","status":"publish","type":"page","link":"https:\/\/blogs.univ-jfc.fr\/vphn\/patrimoine-et-sites-remarquables\/le-chateau-de-miglos-2020\/bibliographie-chateau-de-miglos\/","title":{"rendered":"Bibliographie Ch\u00e2teau de Miglos"},"content":{"rendered":"<h1>sources<\/h1>\n<h2><span style=\"font-weight: 400\">sources \u00e9dit\u00e9es<\/span><\/h2>\n<p><span style=\"font-weight: 400\">Anonyme, <\/span><i><span style=\"font-weight: 400\">Catalogue des gentilshommes de Roussillon, Foix, Comminges et Couseran, qui ont pris part ou envoy\u00e9 leur procuration aux assembl\u00e9es de la noblesse pour l&rsquo;\u00e9lection des d\u00e9put\u00e9s aux Etats-g\u00e9n\u00e9raux de 1789<\/span><\/i><span style=\"font-weight: 400\">, \u00e9dit\u00e9 par Louis de La Roque et Edouard de Barth\u00e9lemy, Dentu, Paris, 1863.<\/span><\/p>\n<p><span style=\"font-weight: 400\">Anonyme, \u201cDiff\u00e9rend entre les habitants de Miglos et ceux de Junac au sujet du droit de d\u00e9paissance que ces derniers pr\u00e9tendaient dans le territoire de Miglos\u201d, Archives de l\u2019Ari\u00e8ge. B. 1. <\/span><i><span style=\"font-weight: 400\">Cartulaire de Miglos<\/span><\/i><span style=\"font-weight: 400\">, 1346.<\/span><\/p>\n<p><span style=\"font-weight: 400\">Bonassie P. et Trevas B., \u201cDonation du ch\u00e2teau et de la vall\u00e9e de Miglos \u00e0 Bernard de Son par le comte de Foix\u201d, 1311.<\/span><\/p>\n<p><span style=\"font-weight: 400\">Caux B. de, <\/span><i><span style=\"font-weight: 400\">Registre de Bernard de Caux : Pamiers 1246-1247<\/span><\/i><span style=\"font-weight: 400\">, \u00e9dit\u00e9 par Duvernoy Jean, Bulletin de la Soci\u00e9t\u00e9 Ari\u00e9geoise des Sciences Lettre et Arts, 1990.<\/span><\/p>\n<p><span style=\"font-weight: 400\">Douais C., <\/span><i><span style=\"font-weight: 400\">Documents pour servir \u00e0 l\u2019histoire de l\u2019Inquisition dans le Languedoc, <\/span><\/i><span style=\"font-weight: 400\">Renouard, Paris, 1900.<\/span><\/p>\n<p><span style=\"font-weight: 400\">Douais (abb\u00e9), \u201cRestitution faite par Pons Ad\u00e9mar, \u00e0 Saint-Sernin de Toulouse, des \u00e9glises d\u2019Arignac, d\u2019Ornost, de Mercus et de Miglos\u201d, <\/span><i><span style=\"font-weight: 400\">Cartulaire de Saint-Sernin<\/span><\/i><span style=\"font-weight: 400\"> n\u00b0278, 1080-1108.<\/span><\/p>\n<p><span style=\"font-weight: 400\">Guenegaud, \u201cLettre patentes de Louis XIV, confirmant, \u00e0 la requ\u00eate des habitants de Miglos, les privil\u00e8ges dont ils jouissaient\u201d, Archives du Parlement de Toulouse, 1653.<\/span><\/p>\n<p><span style=\"font-weight: 400\">Miglos G. de, \u201cdonation faite par Guillem de Miglos \u00e0 A. Guilhem, abb\u00e9 de Boulbonne, de sa personne et de ses biens\u201d, 1312.<\/span><\/p>\n<p><span style=\"font-weight: 400\">Podio G. de, \u201csentence du comte de Foix, pris comme arbitre dans le diff\u00e9rend entre le seigneur de Miglos et les habitants de la vall\u00e9e, au sujet de la qu\u00eate volontaire, des p\u00e2turages, de la coupe des bois, etc,&#8230;\u201d, Archive de l\u2019Ari\u00e8ge. B. 1.<\/span><i><span style=\"font-weight: 400\"> Cartulaire de Miglos<\/span><\/i><span style=\"font-weight: 400\">, 1312.<\/span><\/p>\n<p><span style=\"font-weight: 400\">Son B. de, \u201cBernard de Son, seigneur de Miglos, exempte les habitants de la seigneurie du droit de leude ou p\u00e9age, qu\u2019ils payaient pour les bestiaux et le bois vendu dans les limites de la vall\u00e9e, Archive de l\u2019Ari\u00e8ge. B. 1. <\/span><i><span style=\"font-weight: 400\">Cartulaire de Miglos<\/span><\/i><span style=\"font-weight: 400\">, 1312.<\/span><\/p>\n<p><span style=\"font-weight: 400\">Son B. de, \u201cDonation de la seigneurie de Miglos, par Bernard de Son \u00e0 Jean de Son son fils, et hommage des habitants de Miglos \u00e0 jean de Son, Archive de l\u2019Ari\u00e8ge. B. 1. <\/span><i><span style=\"font-weight: 400\">Cartulaire de Miglos<\/span><\/i><span style=\"font-weight: 400\">, 1331.<\/span><\/p>\n<p><span style=\"font-weight: 400\">Source litt\u00e9raire<\/span><\/p>\n<p><span style=\"font-weight: 400\">Catel G. <\/span><i><span style=\"font-weight: 400\">Histoire des comtes de Toulouse<\/span><\/i><span style=\"font-weight: 400\">, Pierre Bosc marchand libraire, Toulouse, 1623.<\/span><\/p>\n<h1><span style=\"font-weight: 400\">Bibliographie<\/span><\/h1>\n<h2><span style=\"font-weight: 400\">Outils de travail<\/span><\/h2>\n<p><span style=\"font-weight: 400\">B\u00e9ly L. (dir), <\/span><i><span style=\"font-weight: 400\">dictionnaire de l\u2019Ancien R\u00e9gime<\/span><\/i><span style=\"font-weight: 400\">, Presse universitaire de France, Paris, 1996.<\/span><\/p>\n<p><span style=\"font-weight: 400\">Favier J.,\u00a0 <\/span><i><span style=\"font-weight: 400\">dictionnaire de la France m\u00e9di\u00e9vale<\/span><\/i><span style=\"font-weight: 400\">, Fayard, Paris, 1993.<\/span><\/p>\n<h2><span style=\"font-weight: 400\">Ouvrage g\u00e9n\u00e9raux<\/span><\/h2>\n<h3><span style=\"font-weight: 400\">Soci\u00e9t\u00e9 f\u00e9odale<\/span><\/h3>\n<p><span style=\"font-weight: 400\">Boutruche R., <\/span><i><span style=\"font-weight: 400\">Seigneurie et F\u00e9odalit\u00e9 : l\u2019Apog\u00e9e (XI<\/span><\/i><i><span style=\"font-weight: 400\">e<\/span><\/i><i><span style=\"font-weight: 400\">-XIII<\/span><\/i><i><span style=\"font-weight: 400\">e<\/span><\/i><i><span style=\"font-weight: 400\"> si\u00e8cles)<\/span><\/i><span style=\"font-weight: 400\">, Montaigne, Paris, 1970.<\/span><\/p>\n<p><span style=\"font-weight: 400\">Duby G., <\/span><i><span style=\"font-weight: 400\">L\u2019\u00e9conomie rurale et la vie des campagnes dans l\u2019occident m\u00e9di\u00e9val tome 1 : France, Angleterre, Empire (IX<\/span><\/i><i><span style=\"font-weight: 400\">e<\/span><\/i><i><span style=\"font-weight: 400\">-XV<\/span><\/i><i><span style=\"font-weight: 400\">e<\/span><\/i><i><span style=\"font-weight: 400\"> si\u00e8cle), <\/span><\/i><span style=\"font-weight: 400\">Flammarion, Manchecourt, 1995.<\/span><\/p>\n<p><span style=\"font-weight: 400\">Feller L., <\/span><i><span style=\"font-weight: 400\">Paysans et seigneurs au Moyen \u00c2ge (VIII<\/span><\/i><i><span style=\"font-weight: 400\">e<\/span><\/i><i><span style=\"font-weight: 400\">-XV<\/span><\/i><span style=\"font-weight: 400\">e<\/span><span style=\"font-weight: 400\"> si\u00e8cle), Armand Colin, Paris, 2017.<\/span><\/p>\n<p><span style=\"font-weight: 400\">Lemarignier J-F., <\/span><i><span style=\"font-weight: 400\">\u201cLes temps f\u00e9odaux\u201d <\/span><\/i><span style=\"font-weight: 400\">dans <\/span><i><span style=\"font-weight: 400\">La France m\u00e9di\u00e9vale (institution et soci\u00e9t\u00e9)<\/span><\/i><span style=\"font-weight: 400\">, Armand Colin, Paris, 2016 (2<\/span><span style=\"font-weight: 400\">\u00e8me<\/span><span style=\"font-weight: 400\"> \u00e9dition).<\/span><\/p>\n<p><span style=\"font-weight: 400\">Le Roy Ladurie E., <\/span><i><span style=\"font-weight: 400\">Les paysans fran\u00e7ais d\u2019ancien r\u00e9gime du XIV<\/span><\/i><i><span style=\"font-weight: 400\">e<\/span><\/i><i><span style=\"font-weight: 400\"> si\u00e8cle au XVIII<\/span><\/i><i><span style=\"font-weight: 400\">e<\/span><\/i><i><span style=\"font-weight: 400\"> si\u00e8cle<\/span><\/i><span style=\"font-weight: 400\">, Seuil, Paris, 2015.<\/span><\/p>\n<p><span style=\"font-weight: 400\">Le Roy Ladurie E., <\/span><i><span style=\"font-weight: 400\">histoire des paysans fran\u00e7ais : De la Peste noire \u00e0 la R\u00e9volution<\/span><\/i><span style=\"font-weight: 400\">, Seuil, Paris, 2002.<\/span><\/p>\n<p><span style=\"font-weight: 400\">Leturcq S., <\/span><i><span style=\"font-weight: 400\">La vie rurale en France au Moyen-\u00c2ge (X<\/span><\/i><i><span style=\"font-weight: 400\">e<\/span><\/i><i><span style=\"font-weight: 400\">-XV<\/span><\/i><i><span style=\"font-weight: 400\">e <\/span><\/i><i><span style=\"font-weight: 400\">si\u00e8cle)<\/span><\/i><span style=\"font-weight: 400\">, Armand Colin, Paris 2004.<\/span><\/p>\n<h3><span style=\"font-weight: 400\">Ch\u00e2teaux m\u00e9di\u00e9vaux<\/span><\/h3>\n<p><span style=\"font-weight: 400\">Beffeyte R., <\/span><i><span style=\"font-weight: 400\">L\u2019art de la Guerre au Moyen \u00c2ge<\/span><\/i><span style=\"font-weight: 400\">, Ouest-France, Rennes, 2005.<\/span><\/p>\n<p><span style=\"font-weight: 400\">Ch\u00e2telain A., <\/span><i><span style=\"font-weight: 400\">ch\u00e2teaux forts : Images de pierres des guerres m\u00e9di\u00e9vales, <\/span><\/i><span style=\"font-weight: 400\">Rempart, Cahors, 1991.<\/span><\/p>\n<p><span style=\"font-weight: 400\">Contamine P., <\/span><i><span style=\"font-weight: 400\">La guerre au Moyen-\u00c2ge,<\/span><\/i><span style=\"font-weight: 400\"> Presses universitaires de France, Paris, 1980.<\/span><\/p>\n<p><span style=\"font-weight: 400\">Mesqui J., <\/span><i><span style=\"font-weight: 400\">Ch\u00e2teaux et enceintes de la France m\u00e9di\u00e9vale, de la d\u00e9fense \u00e0 la r\u00e9sidence tome 1 : les organes de la d\u00e9fense,<\/span><\/i><span style=\"font-weight: 400\"> Picard, Paris, 1991.<\/span><\/p>\n<p><span style=\"font-weight: 400\">Mesqui J., <\/span><i><span style=\"font-weight: 400\">Ch\u00e2teaux et enceintes de la France m\u00e9di\u00e9vale, de la d\u00e9fense \u00e0 la r\u00e9sidence tome 2 : les \u00e9l\u00e9ments architecturaux, <\/span><\/i><span style=\"font-weight: 400\">Picard, Paris, 2000.<\/span><\/p>\n<p><span style=\"font-weight: 400\">Rocolle P., <\/span><i><span style=\"font-weight: 400\">Le temps des ch\u00e2teaux forts (X<\/span><\/i><i><span style=\"font-weight: 400\">e<\/span><\/i><i><span style=\"font-weight: 400\">&#8211; XV<\/span><\/i><i><span style=\"font-weight: 400\">e<\/span><\/i><i><span style=\"font-weight: 400\"> si\u00e8cle)<\/span><\/i><span style=\"font-weight: 400\">, Armand Colin, Paris, 1994.<\/span><\/p>\n<h3><span style=\"font-weight: 400\">H\u00e9r\u00e9sie cathare<\/span><\/h3>\n<p><span style=\"font-weight: 400\">Biget J-L (dir)., <\/span><i><span style=\"font-weight: 400\">H\u00e9r\u00e9sie et inquisition dans le midi de la France<\/span><\/i><span style=\"font-weight: 400\">, Picard, Paris, 2007.<\/span><\/p>\n<p><span style=\"font-weight: 400\">Jim\u00e9nez-Sanchez P., <\/span><i><span style=\"font-weight: 400\">Les catharisme : Mod\u00e8les dissidents du christianisme m\u00e9di\u00e9val (XII<\/span><\/i><i><span style=\"font-weight: 400\">e<\/span><\/i><i><span style=\"font-weight: 400\">-XIII<\/span><\/i><i><span style=\"font-weight: 400\">e<\/span><\/i><i><span style=\"font-weight: 400\"> si\u00e8cle), <\/span><\/i><span style=\"font-weight: 400\">Presses universitaire de Rennes, Rennes, 2008.<\/span><\/p>\n<p><span style=\"font-weight: 400\">Moore. I. R., <\/span><i><span style=\"font-weight: 400\">H\u00e9r\u00e9tiques : R\u00e9sistances et r\u00e9pression dans l&rsquo;Occident m\u00e9di\u00e9val, <\/span><\/i><span style=\"font-weight: 400\">Belin, Paris, 2014 (trad 2017).<\/span><\/p>\n<p><span style=\"font-weight: 400\">Pales-Gobilliard A., Le catharcisme dans le comt\u00e9 de Foix, des origines au d\u00e9but du XIV<\/span><span style=\"font-weight: 400\">e<\/span><span style=\"font-weight: 400\"> si\u00e8cle, dans <\/span><i><span style=\"font-weight: 400\">Revue de l\u2019histoire des religions tome 189, <\/span><\/i><span style=\"font-weight: 400\">p. 181-200, 1976.<\/span><\/p>\n<p><span style=\"font-weight: 400\">Roquebert M., <\/span><i><span style=\"font-weight: 400\">l&rsquo;\u00c9pop\u00e9e cathare tome 4 : mourir \u00e0 monts\u00e9gur (1230-1244), <\/span><\/i><span style=\"font-weight: 400\">Perrin, Paris, 1989.<\/span><\/p>\n<p><span style=\"font-weight: 400\">Roquebert M., <\/span><i><span style=\"font-weight: 400\">l&rsquo;\u00c9pop\u00e9e cathare tome 5 : La fin des Amis de Dieu (1244-1321)<\/span><\/i><span style=\"font-weight: 400\">, Perrin, Paris, 1998.<\/span><\/p>\n<p><span style=\"font-weight: 400\">Roquebert M., <\/span><i><span style=\"font-weight: 400\">La religion cathare : le Bien, le Mal et le Salut dans l\u2019h\u00e9r\u00e9sie, <\/span><\/i><span style=\"font-weight: 400\">Perrin, Paris 2001.<\/span><\/p>\n<p><span style=\"font-weight: 400\">Zb\u00edral D., \u00ab D\u00e9finir les \u00ab cathares \u00bb : le dualisme dans les registres d\u2019inquisition \u00bb, Revue de l\u2019histoire des religions, n\u00b0 2, 2010, 195-210.<\/span><\/p>\n<h3><span style=\"font-weight: 400\">La R\u00e9volution en Ari\u00e8ge<\/span><\/h3>\n<p><span style=\"font-weight: 400\">Arnaud G., <\/span><i><span style=\"font-weight: 400\">Histoire de la R\u00e9volution dans le d\u00e9partement de l\u2019Ari\u00e8ge (1789-1795),<\/span><\/i><span style=\"font-weight: 400\"> Toulouse ,Privat, 1904.<\/span><\/p>\n<p><span style=\"font-weight: 400\">De Casteras P., <\/span><i><span style=\"font-weight: 400\">Histoire de la R\u00e9volution fran\u00e7aise dans le pays de Foix et dans l\u2019Ari\u00e8ge<\/span><\/i><span style=\"font-weight: 400\">, Ernest Thorin, Paris, 1876.<\/span><\/p>\n<p><span style=\"font-weight: 400\">Delpont H., <\/span><i><span style=\"font-weight: 400\">La victoire des croquants (les r\u00e9voltes paysannes du grand sud-ouest pendant la R\u00e9volution (1789-1799), <\/span><\/i><span style=\"font-weight: 400\">Amis du vieux n\u00e9rac, Aubenas, 2002.<\/span><\/p>\n<p><span style=\"font-weight: 400\">Fuchslock T., <\/span><i><span style=\"font-weight: 400\">troubles urbains et ruraux en Ari\u00e8ge de 1750 au Directoire, <\/span><\/i><span style=\"font-weight: 400\">Universit\u00e9 Toulouse le Mirail, Toulouse, 1994.<\/span><\/p>\n<p><span style=\"font-weight: 400\">Lefebvre G., <\/span><i><span style=\"font-weight: 400\">La grande peur de 1789, <\/span><\/i><span style=\"font-weight: 400\">Armand Colin, Paris, 1932.<\/span><\/p>\n<p><span style=\"font-weight: 400\">Sevin A., <\/span><i><span style=\"font-weight: 400\">Une communaut\u00e9 rurale pendant la R\u00e9volution : la vall\u00e9e de Vicdessos (1785-an VIII), <\/span><\/i><span style=\"font-weight: 400\">Paris, ?, 1975.<\/span><\/p>\n<p><span style=\"font-weight: 400\">Soboul A (dir)., <\/span><i><span style=\"font-weight: 400\">dictionnaire historique de la R\u00e9volution fran\u00e7aise, <\/span><\/i><span style=\"font-weight: 400\">Presse Universitaire Fran\u00e7aise, Paris, 2005.<\/span><\/p>\n<h3><span style=\"font-weight: 400\">Comt\u00e9 de Foix<\/span><\/h3>\n<p><span style=\"font-weight: 400\">Castillon d\u2019Aspet H., <\/span><i><span style=\"font-weight: 400\">Histoire du Comt\u00e9 de Foix<\/span><\/i><span style=\"font-weight: 400\">, tome 1, Garnier, Paris, 1852.<\/span><\/p>\n<p><span style=\"font-weight: 400\">Chauvigny, Bourgeois L (dir)., <\/span><i><span style=\"font-weight: 400\">Montr\u00e9al-de-Sos, fortification plurimill\u00e9naire du versant nord des Pyr\u00e9n\u00e9es centrales<\/span><\/i><span style=\"font-weight: 400\">.<\/span><\/p>\n<p><span style=\"font-weight: 400\">Dufau de Maluquer A., <\/span><i><span style=\"font-weight: 400\">Le pays de Foix sous Gaston Phoebus : R\u00f4le des feux du Comt\u00e9 de Foix en 1390, <\/span><\/i><span style=\"font-weight: 400\">Gadrat A\u00een\u00e9, Foix, 1901.<\/span><\/p>\n<p><span style=\"font-weight: 400\">Guillot F (dir)., \u201cSeigneurs et castra en Sabart\u00e8s (haute vall\u00e9e de l\u2019Ari\u00e8ge) aux XIe-XIIe si\u00e8cles\u201d<\/span><i><span style=\"font-weight: 400\">, <\/span><\/i><span style=\"font-weight: 400\">in<\/span><i><span style=\"font-weight: 400\"> Ch\u00e2teaux Pyr\u00e9n\u00e9ens au Moyen-\u00c2ge<\/span><\/i><span style=\"font-weight: 400\">, 81-108, 2009.<\/span><\/p>\n<p><span style=\"font-weight: 400\">Guillot F (dir)., <\/span><i><span style=\"font-weight: 400\">Programme collectif de recherche Naissance, \u00e9volutions et fonctions des fortifications m\u00e9di\u00e9vales dans les comt\u00e9s de Foix, Couserans et Comminges<\/span><\/i><\/p>\n<p><span style=\"font-weight: 400\">Guillot F., <\/span><i><span style=\"font-weight: 400\">\u201cLa mise en place de l\u2019habitat en haute et basse vall\u00e9e de l\u2019Ari\u00e8ge, X<\/span><\/i><i><span style=\"font-weight: 400\">e<\/span><\/i><i><span style=\"font-weight: 400\">-XIV<\/span><\/i><i><span style=\"font-weight: 400\">e<\/span><\/i><i><span style=\"font-weight: 400\"> si\u00e8cle, des syst\u00e8mes de peuplement peu territorialis\u00e9s\u201d <\/span><\/i><span style=\"font-weight: 400\">dans <\/span><i><span style=\"font-weight: 400\">Habitats et peuplement dans les Pyr\u00e9n\u00e9es<\/span><\/i><span style=\"font-weight: 400\">, Presse universitaire de l\u2019universit\u00e9 Toulouse Mirail, Toulouse, 79-94, 2010.<\/span><\/p>\n<p><span style=\"font-weight: 400\">Guillot F.,<\/span> <span style=\"font-weight: 400\">\u201cLes fortifications des comtes de Foix au Moyen \u00c2ge\u201d dans<\/span><i><span style=\"font-weight: 400\"> Arch\u00e9ologie du Midi M\u00e9di\u00e9vale<\/span><\/i><span style=\"font-weight: 400\">, pp 265-292, 2006.<\/span><\/p>\n<p><span style=\"font-weight: 400\">Le Roy Ladurie E (dir)., <\/span><i><span style=\"font-weight: 400\">Autour de Montaillou un village occitan. Histoire et religiosit\u00e9 d\u2019une communaut\u00e9 villageoise au Moyen \u00c2ge, <\/span><\/i><span style=\"font-weight: 400\">L\u2019hydre, Castelnaud la chapelle, 2001.<\/span><\/p>\n<p><span style=\"font-weight: 400\">Moulis A., <\/span><i><span style=\"font-weight: 400\">L\u2019Ari\u00e8ge et ses ch\u00e2teaux f\u00e9odaux<\/span><\/i><span style=\"font-weight: 400\">, \u00e9dition r\u00e9sonance, Tarascon-sur-Ari\u00e8ge, 1977.<\/span><\/p>\n<h2><span style=\"font-weight: 400\">Ouvrage sp\u00e9cialis\u00e9<\/span><\/h2>\n<h3><span style=\"font-weight: 400\">Miglos<\/span><\/h3>\n<p><span style=\"font-weight: 400\">Barri\u00e8re-Flavy C., <\/span><i><span style=\"font-weight: 400\">La baronnie de Miglos, \u00e9tude historique sur une seigneurie du haut-comt\u00e9 de Foix, <\/span><\/i><span style=\"font-weight: 400\">A Chauvin et fils, Toulouse, 1894.<\/span><\/p>\n<p><span style=\"font-weight: 400\">Guillot F., <\/span><i><span style=\"font-weight: 400\">Seigneurie, villages et ch\u00e2teau, la vall\u00e9e de Miglos au Moyen \u00c2ge, un ensemble exemplaire<\/span><\/i><span style=\"font-weight: 400\">, second colloque du Programme Collectif de Recherche \u201dNaissance, \u00e9volutions et fonctions des fortifications m\u00e9di\u00e9vales dans les comt\u00e9s de Foix, Couserans et Comminges\u201d, Dec 2011, Foix, 319-343.\u00a0<\/span><\/p>\n<p><span style=\"font-weight: 400\">Lafuente S., <\/span><i><span style=\"font-weight: 400\">Miglos, une baronnie du haut-comt\u00e9 de Foix sous l\u2019Ancien r\u00e9gime (1599-1789)<\/span><\/i><span style=\"font-weight: 400\">, Edition Lacour, N\u00eemes, 2001.<\/span><\/p>\n<h2><span style=\"font-weight: 400\">Sitographie<\/span><\/h2>\n<p><span style=\"font-weight: 400\">http:\/\/www.histariege.com\/miglos.htm\u00a0<\/span><\/p>\n<p><span style=\"font-weight: 400\">https:\/\/chateau-miglos.fr<\/span><\/p>\n","protected":false},"excerpt":{"rendered":"<p>sources sources \u00e9dit\u00e9es Anonyme, Catalogue des gentilshommes de Roussillon, Foix, Comminges et Couseran, qui ont pris part ou envoy\u00e9 leur procuration aux assembl\u00e9es de la noblesse pour l&rsquo;\u00e9lection des d\u00e9put\u00e9s aux Etats-g\u00e9n\u00e9raux de 1789, \u00e9dit\u00e9 par Louis de La Roque et Edouard de Barth\u00e9lemy, Dentu, Paris, 1863. Anonyme, \u201cDiff\u00e9rend entre les habitants de Miglos et &hellip; <\/p>\n<p class=\"link-more\"><a href=\"https:\/\/blogs.univ-jfc.fr\/vphn\/patrimoine-et-sites-remarquables\/le-chateau-de-miglos-2020\/bibliographie-chateau-de-miglos\/\" class=\"more-link\">Continuer la lecture<span class=\"screen-reader-text\"> de &laquo;&nbsp;Bibliographie Ch\u00e2teau de Miglos&nbsp;&raquo;<\/span><\/a><\/p>\n","protected":false},"author":711,"featured_media":0,"parent":5428,"menu_order":0,"comment_status":"closed","ping_status":"closed","template":"","meta":[],"_links":{"self":[{"href":"https:\/\/blogs.univ-jfc.fr\/vphn\/wp-json\/wp\/v2\/pages\/7659"}],"collection":[{"href":"https:\/\/blogs.univ-jfc.fr\/vphn\/wp-json\/wp\/v2\/pages"}],"about":[{"href":"https:\/\/blogs.univ-jfc.fr\/vphn\/wp-json\/wp\/v2\/types\/page"}],"author":[{"embeddable":true,"href":"https:\/\/blogs.univ-jfc.fr\/vphn\/wp-json\/wp\/v2\/users\/711"}],"replies":[{"embeddable":true,"href":"https:\/\/blogs.univ-jfc.fr\/vphn\/wp-json\/wp\/v2\/comments?post=7659"}],"version-history":[{"count":1,"href":"https:\/\/blogs.univ-jfc.fr\/vphn\/wp-json\/wp\/v2\/pages\/7659\/revisions"}],"predecessor-version":[{"id":7661,"href":"https:\/\/blogs.univ-jfc.fr\/vphn\/wp-json\/wp\/v2\/pages\/7659\/revisions\/7661"}],"up":[{"embeddable":true,"href":"https:\/\/blogs.univ-jfc.fr\/vphn\/wp-json\/wp\/v2\/pages\/5428"}],"wp:attachment":[{"href":"https:\/\/blogs.univ-jfc.fr\/vphn\/wp-json\/wp\/v2\/media?parent=7659"}],"curies":[{"name":"wp","href":"https:\/\/api.w.org\/{rel}","templated":true}]}}