{"id":8603,"date":"2021-02-13T11:02:43","date_gmt":"2021-02-13T10:02:43","guid":{"rendered":"http:\/\/blogs.univ-jfc.fr\/vphn\/?page_id=8603"},"modified":"2021-02-13T11:02:43","modified_gmt":"2021-02-13T10:02:43","slug":"bibliographie-la-grotte-de-foissac","status":"publish","type":"page","link":"https:\/\/blogs.univ-jfc.fr\/vphn\/patrimoine-et-sites-remarquables\/la-grotte-de-foissac-2021\/bibliographie-la-grotte-de-foissac\/","title":{"rendered":"Bibliographie &#8211; La grotte de Foissac"},"content":{"rendered":"\n<h2>Ouvrages sur le n\u00e9olithique :<\/h2>\n\n\n\n<ul><li>Demoule J.-P. (dir.), <em>La r\u00e9volution n\u00e9olithique en France<\/em>, Paris, 2007.<\/li><li>Guilaine J., <em>Au temps des dolmens. M\u00e9galithes et vie quotidienne en France m\u00e9diterran\u00e9enne il y a 5000 ans<\/em>, Toulouse, 1998.<\/li><li>Guilaine J., <em>La seconde naissance de l\u2019homme : le n\u00e9olithique<\/em>, Paris, 2015.<\/li><\/ul>\n\n\n\n<h2>Ouvrages et articles sur la grotte :<\/h2>\n\n\n\n<ul><li>Du Fayet de la Tour A. (dir.), Cours S., Delpont J., Duday H., Garcia M., Gombert J., Rouzaud A. et F., <em>La grotte pr\u00e9historique de Foissac. Monument Historique<\/em>, Boulogne, 2008.<\/li><li>Du Fayet de la Tour A. et S., Le Guillou Y., Maksud F., \u00ab La salle Fran\u00e7ois Rouzaud de Foissac (Aveyron). Une nouvelle grotte orn\u00e9e en Quercy \u00bb, <em>Pr\u00e9histoire du sud-ouest<\/em>, N\u00b013, 2006, pp. 167-171.<\/li><li><a rel=\"noreferrer noopener\" href=\"https:\/\/www.persee.fr\/doc\/bspf_0249-7638_2018_num_115_1_14862\" target=\"_blank\">Du Fayet de la Tour A., Philibert S., Vaquer J., \u00ab Les outils \u00e0 moissonner de la grotte de Foissac (Aveyron) dans le cadre du N\u00e9olithique final dans le Sud-Ouest de la France \u00bb, <em>Bulletin de la Soci\u00e9t\u00e9 pr\u00e9historique fran\u00e7aise<\/em>, Tome 115, N\u00b01, 2018, pp. 99-124.<\/a>&nbsp;<\/li><\/ul>\n\n\n\n<p><\/p>\n","protected":false},"excerpt":{"rendered":"<p>Ouvrages sur le n\u00e9olithique : Demoule J.-P. (dir.), La r\u00e9volution n\u00e9olithique en France, Paris, 2007. Guilaine J., Au temps des dolmens. M\u00e9galithes et vie quotidienne en France m\u00e9diterran\u00e9enne il y a 5000 ans, Toulouse, 1998. Guilaine J., La seconde naissance de l\u2019homme : le n\u00e9olithique, Paris, 2015. Ouvrages et articles sur la grotte : Du &hellip; <\/p>\n<p class=\"link-more\"><a href=\"https:\/\/blogs.univ-jfc.fr\/vphn\/patrimoine-et-sites-remarquables\/la-grotte-de-foissac-2021\/bibliographie-la-grotte-de-foissac\/\" class=\"more-link\">Continuer la lecture<span class=\"screen-reader-text\"> de &laquo;&nbsp;Bibliographie &#8211; La grotte de Foissac&nbsp;&raquo;<\/span><\/a><\/p>\n","protected":false},"author":759,"featured_media":0,"parent":8572,"menu_order":0,"comment_status":"closed","ping_status":"closed","template":"","meta":[],"_links":{"self":[{"href":"https:\/\/blogs.univ-jfc.fr\/vphn\/wp-json\/wp\/v2\/pages\/8603"}],"collection":[{"href":"https:\/\/blogs.univ-jfc.fr\/vphn\/wp-json\/wp\/v2\/pages"}],"about":[{"href":"https:\/\/blogs.univ-jfc.fr\/vphn\/wp-json\/wp\/v2\/types\/page"}],"author":[{"embeddable":true,"href":"https:\/\/blogs.univ-jfc.fr\/vphn\/wp-json\/wp\/v2\/users\/759"}],"replies":[{"embeddable":true,"href":"https:\/\/blogs.univ-jfc.fr\/vphn\/wp-json\/wp\/v2\/comments?post=8603"}],"version-history":[{"count":9,"href":"https:\/\/blogs.univ-jfc.fr\/vphn\/wp-json\/wp\/v2\/pages\/8603\/revisions"}],"predecessor-version":[{"id":8827,"href":"https:\/\/blogs.univ-jfc.fr\/vphn\/wp-json\/wp\/v2\/pages\/8603\/revisions\/8827"}],"up":[{"embeddable":true,"href":"https:\/\/blogs.univ-jfc.fr\/vphn\/wp-json\/wp\/v2\/pages\/8572"}],"wp:attachment":[{"href":"https:\/\/blogs.univ-jfc.fr\/vphn\/wp-json\/wp\/v2\/media?parent=8603"}],"curies":[{"name":"wp","href":"https:\/\/api.w.org\/{rel}","templated":true}]}}