{"id":8615,"date":"2021-02-13T11:01:52","date_gmt":"2021-02-13T10:01:52","guid":{"rendered":"http:\/\/blogs.univ-jfc.fr\/vphn\/?page_id=8615"},"modified":"2021-02-13T11:01:52","modified_gmt":"2021-02-13T10:01:52","slug":"lexique-la-grotte-de-foissac","status":"publish","type":"page","link":"https:\/\/blogs.univ-jfc.fr\/vphn\/patrimoine-et-sites-remarquables\/la-grotte-de-foissac-2021\/lexique-la-grotte-de-foissac\/","title":{"rendered":"Lexique &#8211; La grotte de Foissac"},"content":{"rendered":"\n<p><strong>N\u00e9olithique :<\/strong> c\u2019est la derni\u00e8re grande p\u00e9riode de la pr\u00e9histoire. On situe le n\u00e9olithique entre 5 600 av. J.-C. et 2 100 av. J.-C. pour le sud-ouest de la France. Il correspond \u00e0 la s\u00e9dentarisation des soci\u00e9t\u00e9s et au d\u00e9veloppement de l\u2019agriculture ; on passe d\u2019une soci\u00e9t\u00e9 nomade de chasseurs-cueilleurs \u00e0 une soci\u00e9t\u00e9 d\u2019agriculteurs et d\u2019\u00e9leveurs organis\u00e9s dans des villages.<\/p>\n\n\n\n<p><strong>Chalcolithique :<\/strong> le terme provient du grec <em>chalcos <\/em>(cuivre) et <em>lithos <\/em>(pierre). C\u2019est une p\u00e9riode de transition entre l\u2019\u00e2ge de pierre et l\u2019\u00e2ge du cuivre. Pour le sud-ouest de la France, on le situe entre 3 500 av. J.-C. et 2 100 av. J.-C. Aussi connu sous le nom de n\u00e9olithique final, il pr\u00e9sente une p\u00e9riode durant laquelle les hommes ont commenc\u00e9 \u00e0 utiliser les m\u00e9taux.<\/p>\n\n\n\n<p><strong>CNRS : <\/strong>le Centre National de la Recherche Scientifique est une institution publique menant des recherches dans tous les domaines scientifiques y compris les sciences humaines.<\/p>\n\n\n\n<p><strong><a rel=\"noreferrer noopener\" href=\"https:\/\/www.culture.gouv.fr\/Regions\/Drac-Occitanie\/Patrimoines-et-architecture\/Archeologie\" target=\"_blank\">DRAC :<\/a><\/strong> les Directions R\u00e9gionales des Affaires Culturelles sont des extensions du minist\u00e8re de la culture au niveau r\u00e9gional. Fond\u00e9es en 1977, elles aident \u00e0 d\u00e9velopper localement des projets et r\u00e9alisent des missions dans le domaine culturel : interventions, contr\u00f4les, animations, etc.<\/p>\n\n\n\n<p><strong>Datation au radiocarbone<\/strong> <strong>:<\/strong> g\u00e9n\u00e9ralement connu sous le nom de carbone 14, le radiocarbone est une technique de datation. Elle consiste \u00e0 dater l\u2019\u00e2ge absolu d\u2019une mati\u00e8re organique (v\u00e9g\u00e9tale, animale) gr\u00e2ce aux r\u00e9sidus de carbone qu\u2019elle contient.<\/p>\n\n\n\n<p><strong>Grotte s\u00e9pulcrale : <\/strong>grotte recueillant des s\u00e9pultures humaines et parfois des offrandes (restes de viande, poteries, outils, etc.). On peut aussi nommer cela une n\u00e9cropole.<\/p>\n\n\n\n<p><strong>S\u00e9pulture :<\/strong> comprend \u00e0 la fois le lieu d\u2019inhumation et l\u2019aspect c\u00e9r\u00e9moniel accompagnant le d\u00e9p\u00f4t du corps du d\u00e9funt. Dans le cas de la grotte de Foissac les corps ne sont pas enterr\u00e9s mais d\u00e9pos\u00e9s sur une surface d\u2019argile dans des positions d\u00e9finies lors des inhumations.&nbsp;<\/p>\n\n\n\n<p><strong>Couteau de moissonneur : <\/strong>faucille en pierre (silex) qui sert \u00e0 couper pied par pied les \u00e9pis de bl\u00e9.<\/p>\n\n\n\n<div class=\"wp-block-image\"><figure class=\"aligncenter size-large is-resized\"><img loading=\"lazy\" src=\"http:\/\/blogs.univ-jfc.fr\/vphn\/wp-content\/uploads\/sites\/65\/2021\/02\/couteau-1024x657.jpg\" alt=\"\" class=\"wp-image-8780\" width=\"512\" height=\"329\" srcset=\"https:\/\/blogs.univ-jfc.fr\/vphn\/wp-content\/uploads\/sites\/65\/2021\/02\/couteau-1024x657.jpg 1024w, https:\/\/blogs.univ-jfc.fr\/vphn\/wp-content\/uploads\/sites\/65\/2021\/02\/couteau-300x192.jpg 300w, https:\/\/blogs.univ-jfc.fr\/vphn\/wp-content\/uploads\/sites\/65\/2021\/02\/couteau-768x492.jpg 768w, https:\/\/blogs.univ-jfc.fr\/vphn\/wp-content\/uploads\/sites\/65\/2021\/02\/couteau.jpg 1388w\" sizes=\"(max-width: 512px) 100vw, 512px\" \/><figcaption><span class=\"has-inline-color has-white-color\">Le couteau de moissonneur. Dessins r\u00e9alis\u00e9s par M.A. Garcia, F. Le Brun et F. Rouzaud en 1992.<\/span><\/figcaption><\/figure><\/div>\n\n\n\n<p><strong>Meule en granite :<\/strong> support en granite sur lequel on \u00e9crase diff\u00e9rentes c\u00e9r\u00e9ales pour pouvoir en obtenir de tout petits grains ou de la poudre.<\/p>\n\n\n\n<p><strong>Dolmen :<\/strong> construction de la p\u00e9riode du n\u00e9olithique. Compos\u00e9 de deux grandes pierres lat\u00e9rales et d\u2019une sur le dessus, le dolmen servait de lieu de s\u00e9pulture (traditionnellement collective).<\/p>\n\n\n\n<div class=\"wp-block-image\"><figure class=\"aligncenter size-large is-resized\"><img loading=\"lazy\" src=\"http:\/\/blogs.univ-jfc.fr\/vphn\/wp-content\/uploads\/sites\/65\/2021\/02\/GROTTE2FOISSACDOLMEN.jpg\" alt=\"\" class=\"wp-image-8779\" width=\"270\" height=\"360\" srcset=\"https:\/\/blogs.univ-jfc.fr\/vphn\/wp-content\/uploads\/sites\/65\/2021\/02\/GROTTE2FOISSACDOLMEN.jpg 540w, https:\/\/blogs.univ-jfc.fr\/vphn\/wp-content\/uploads\/sites\/65\/2021\/02\/GROTTE2FOISSACDOLMEN-225x300.jpg 225w\" sizes=\"(max-width: 270px) 100vw, 270px\" \/><figcaption><span class=\"has-inline-color has-white-color\">Dolmen reconstitu\u00e9 proche de la grotte de Foissac. Photographie r\u00e9alis\u00e9e par A\u00eblia Abad en 2021.<\/span><\/figcaption><\/figure><\/div>\n\n\n\n<p><\/p>\n","protected":false},"excerpt":{"rendered":"<p>N\u00e9olithique : c\u2019est la derni\u00e8re grande p\u00e9riode de la pr\u00e9histoire. On situe le n\u00e9olithique entre 5 600 av. J.-C. et 2 100 av. J.-C. pour le sud-ouest de la France. Il correspond \u00e0 la s\u00e9dentarisation des soci\u00e9t\u00e9s et au d\u00e9veloppement de l\u2019agriculture ; on passe d\u2019une soci\u00e9t\u00e9 nomade de chasseurs-cueilleurs \u00e0 une soci\u00e9t\u00e9 d\u2019agriculteurs et &hellip; <\/p>\n<p class=\"link-more\"><a href=\"https:\/\/blogs.univ-jfc.fr\/vphn\/patrimoine-et-sites-remarquables\/la-grotte-de-foissac-2021\/lexique-la-grotte-de-foissac\/\" class=\"more-link\">Continuer la lecture<span class=\"screen-reader-text\"> de &laquo;&nbsp;Lexique &#8211; La grotte de Foissac&nbsp;&raquo;<\/span><\/a><\/p>\n","protected":false},"author":759,"featured_media":0,"parent":8572,"menu_order":0,"comment_status":"closed","ping_status":"closed","template":"","meta":[],"_links":{"self":[{"href":"https:\/\/blogs.univ-jfc.fr\/vphn\/wp-json\/wp\/v2\/pages\/8615"}],"collection":[{"href":"https:\/\/blogs.univ-jfc.fr\/vphn\/wp-json\/wp\/v2\/pages"}],"about":[{"href":"https:\/\/blogs.univ-jfc.fr\/vphn\/wp-json\/wp\/v2\/types\/page"}],"author":[{"embeddable":true,"href":"https:\/\/blogs.univ-jfc.fr\/vphn\/wp-json\/wp\/v2\/users\/759"}],"replies":[{"embeddable":true,"href":"https:\/\/blogs.univ-jfc.fr\/vphn\/wp-json\/wp\/v2\/comments?post=8615"}],"version-history":[{"count":11,"href":"https:\/\/blogs.univ-jfc.fr\/vphn\/wp-json\/wp\/v2\/pages\/8615\/revisions"}],"predecessor-version":[{"id":8826,"href":"https:\/\/blogs.univ-jfc.fr\/vphn\/wp-json\/wp\/v2\/pages\/8615\/revisions\/8826"}],"up":[{"embeddable":true,"href":"https:\/\/blogs.univ-jfc.fr\/vphn\/wp-json\/wp\/v2\/pages\/8572"}],"wp:attachment":[{"href":"https:\/\/blogs.univ-jfc.fr\/vphn\/wp-json\/wp\/v2\/media?parent=8615"}],"curies":[{"name":"wp","href":"https:\/\/api.w.org\/{rel}","templated":true}]}}